{"id":13550,"date":"2020-10-03T08:10:45","date_gmt":"2020-10-03T08:10:45","guid":{"rendered":"http:\/\/www.unavets.com\/sanfrancisco\/our-team\/"},"modified":"2026-02-13T09:26:37","modified_gmt":"2026-02-13T09:26:37","slug":"nuestro-equipo","status":"publish","type":"page","link":"https:\/\/www.unavets.com\/sanfrancisco\/es\/nuestro-equipo\/","title":{"rendered":"Nuestro equipo"},"content":{"rendered":"\t\t<div data-elementor-type=\"wp-page\" data-elementor-id=\"13550\" class=\"elementor elementor-13550 elementor-282\" data-elementor-post-type=\"page\">\n\t\t\t\t\t\t<section class=\"elementor-section elementor-top-section elementor-element elementor-element-2315038 pad-bot-0 elementor-section-boxed elementor-section-height-default elementor-section-height-default\" data-id=\"2315038\" data-element_type=\"section\" data-e-type=\"section\" id=\"main-sec\" data-settings=\"{&quot;background_background&quot;:&quot;classic&quot;}\">\n\t\t\t\t\t\t<div class=\"elementor-container elementor-column-gap-default\">\n\t\t\t\t\t<div class=\"elementor-column elementor-col-100 elementor-top-column elementor-element elementor-element-35c75b2\" data-id=\"35c75b2\" data-element_type=\"column\" data-e-type=\"column\">\n\t\t\t<div class=\"elementor-widget-wrap elementor-element-populated\">\n\t\t\t\t\t\t<div class=\"elementor-element elementor-element-28b1762 elementor-widget elementor-widget-text-editor\" data-id=\"28b1762\" data-element_type=\"widget\" data-e-type=\"widget\" data-widget_type=\"text-editor.default\">\n\t\t\t\t<div class=\"elementor-widget-container\">\n\t\t\t\t\t\t\t\t\t<p>Todo el equipo de la Cl\u00ednica Veterinaria San Francisco de As\u00eds une sus esfuerzos para que tanto las mascotas como sus familiares se sientan como en casa.<\/p><p>El buen ambiente en el que trabajamos se traslada a nuestros clientes, con quienes estamos orgullosos de mantener una estupenda relaci\u00f3n de cordialidad y confianza. Para nosotros es imprescindible que los propietarios tengan libertad de expresarnos sus dudas y puedan ayudarnos a corregir nuestros defectos.<\/p><p>Desde la recepci\u00f3n hasta los veterinarios pasando por nuestros auxiliares, todos trabajamos con el objetivo com\u00fan de ofrecerle la mejor experiencia en nuestro centro y las mejores opciones m\u00e9dico-quir\u00fargicas para su mascota.<\/p>\t\t\t\t\t\t\t\t<\/div>\n\t\t\t\t<\/div>\n\t\t\t\t\t<\/div>\n\t\t<\/div>\n\t\t\t\t\t<\/div>\n\t\t<\/section>\n\t\t\t\t<section class=\"elementor-section elementor-top-section elementor-element elementor-element-e31a7cf team-member elementor-section-boxed elementor-section-height-default elementor-section-height-default\" data-id=\"e31a7cf\" data-element_type=\"section\" data-e-type=\"section\">\n\t\t\t\t\t\t<div class=\"elementor-container elementor-column-gap-default\">\n\t\t\t\t\t<div class=\"elementor-column elementor-col-100 elementor-top-column elementor-element elementor-element-74bc16f\" data-id=\"74bc16f\" data-element_type=\"column\" data-e-type=\"column\">\n\t\t\t<div class=\"elementor-widget-wrap elementor-element-populated\">\n\t\t\t\t\t\t<div class=\"elementor-element elementor-element-26c3b90 elementor-hidden-tablet elementor-hidden-phone elementor-widget elementor-widget-section_titleleft\" data-id=\"26c3b90\" data-element_type=\"widget\" data-e-type=\"widget\" data-widget_type=\"section_titleleft.default\">\n\t\t\t\t<div class=\"elementor-widget-container\">\n\t\t\t\t\t        <div class=\"ab_text-title fl-wrap\">\n            <h3>Veterinarios <\/h3><span class=\"section-separator fl-sec-sep\"><\/span>        <\/div>\n        \t\t\t\t<\/div>\n\t\t\t\t<\/div>\n\t\t\t\t<section class=\"elementor-section elementor-inner-section elementor-element elementor-element-3669b34 elementor-section-boxed elementor-section-height-default elementor-section-height-default\" data-id=\"3669b34\" data-element_type=\"section\" data-e-type=\"section\">\n\t\t\t\t\t\t<div class=\"elementor-container elementor-column-gap-default\">\n\t\t\t\t\t<div class=\"elementor-column elementor-col-25 elementor-inner-column elementor-element elementor-element-09885dd\" data-id=\"09885dd\" data-element_type=\"column\" data-e-type=\"column\">\n\t\t\t<div class=\"elementor-widget-wrap elementor-element-populated\">\n\t\t\t\t\t\t<div class=\"elementor-element elementor-element-f81e62d elementor-widget elementor-widget-team_box\" data-id=\"f81e62d\" data-element_type=\"widget\" data-e-type=\"widget\" data-widget_type=\"team_box.default\">\n\t\t\t\t<div class=\"elementor-widget-container\">\n\t\t\t\t\t            <div class=\"team-holder section-team fl-wrap\">\n                <div class=\"team-box-image\">\n                    <div class=\"team-photo\">\n                        <img decoding=\"async\" src=\"http:\/\/www.unavets.com\/sanfrancisco\/wp-content\/uploads\/sites\/20\/2022\/09\/Santiago-scaled.jpg\" class=\"respimg\">                                    \n                    <\/div>\n                    <div class=\"team-info\">\n                        <h3><a href=\"\">Santiago Dur\u00e1n<\/a><\/h3><h4>Veterinario<\/h4>LV, CEAV M\u00e9decine Interne, VEaMISpec. Santiago es Licenciado en 2002 por la Universidad de C\u00f3rdoba.                    <\/div>\n                <\/div>\n            <\/div>\n        \t\t\t\t<\/div>\n\t\t\t\t<\/div>\n\t\t\t\t<div class=\"elementor-element elementor-element-ae6522b readmoretoggle elementor-widget elementor-widget-toggle\" data-id=\"ae6522b\" data-element_type=\"widget\" data-e-type=\"widget\" data-widget_type=\"toggle.default\">\n\t\t\t\t<div class=\"elementor-widget-container\">\n\t\t\t\t\t\t\t<div class=\"elementor-toggle\">\n\t\t\t\t\t\t\t<div class=\"elementor-toggle-item\">\n\t\t\t\t\t<div id=\"elementor-tab-title-1821\" class=\"elementor-tab-title\" data-tab=\"1\" role=\"button\" aria-controls=\"elementor-tab-content-1821\" aria-expanded=\"false\">\n\t\t\t\t\t\t\t\t\t\t\t\t<a class=\"elementor-toggle-title\" tabindex=\"0\">Leer m\u00e1s<\/a>\n\t\t\t\t\t<\/div>\n\n\t\t\t\t\t<div id=\"elementor-tab-content-1821\" class=\"elementor-tab-content elementor-clearfix\" data-tab=\"1\" role=\"region\" aria-labelledby=\"elementor-tab-title-1821\"><p>Desde entonces ha ejercido de modo exclusivo en cl\u00ednica de peque\u00f1os animales. Despu\u00e9s de compaginar trabajo y formaci\u00f3n en Francia durante tres a\u00f1os, volvi\u00f3 a Espa\u00f1a en 2004 para trabajar en hospitales de referencia de la Costa del Sol siendo responsable de sus servicios de endoscopia y cirug\u00eda de m\u00ednima invasi\u00f3n. Es Certificado en Estudios Avanzados en Medicina Interna (CEAV-MI) por la \u00c9cole Nationale V\u00e9t\u00e9rinaire de Nantes (Francia) y Especialista Universitario en Endoscopia y Cirug\u00eda de M\u00ednima Invasi\u00f3n por la Universidad de Extremadura (Spec. VeaMIS). Santiago ha realizado estancias en centros de referencia en Francia, Austria y Espa\u00f1a y publicado como primer autor a nivel nacional y escrito como co-autor en libros, art\u00edculos y presentaciones de congreso a nivel nacional. Su \u00e1rea de mayor inter\u00e9s es la gastroenterolog\u00eda, \u00e1rea en la que puede aplicar sus conocimientos en medicina interna, m\u00ednima invasi\u00f3n y cirug\u00eda de tejidos blandos. Se incorpor\u00f3 a nuestra cl\u00ednica en 2019 y puso en marcha nuestro propio servicio de Endoscopia y Cirug\u00eda de M\u00ednima Invasi\u00f3n. Pasa consulta en espa\u00f1ol, franc\u00e9s e ingl\u00e9s.<\/p><\/div>\n\t\t\t\t<\/div>\n\t\t\t\t\t\t\t\t<\/div>\n\t\t\t\t\t\t<\/div>\n\t\t\t\t<\/div>\n\t\t\t\t\t<\/div>\n\t\t<\/div>\n\t\t\t\t<div class=\"elementor-column elementor-col-25 elementor-inner-column elementor-element elementor-element-51bb055\" data-id=\"51bb055\" data-element_type=\"column\" data-e-type=\"column\">\n\t\t\t<div class=\"elementor-widget-wrap elementor-element-populated\">\n\t\t\t\t\t\t<div class=\"elementor-element elementor-element-dd328de elementor-widget elementor-widget-team_box\" data-id=\"dd328de\" data-element_type=\"widget\" data-e-type=\"widget\" data-widget_type=\"team_box.default\">\n\t\t\t\t<div class=\"elementor-widget-container\">\n\t\t\t\t\t            <div class=\"team-holder section-team fl-wrap\">\n                <div class=\"team-box-image\">\n                    <div class=\"team-photo\">\n                        <img decoding=\"async\" src=\"https:\/\/www.unavets.com\/sanfrancisco\/wp-content\/uploads\/sites\/20\/2025\/11\/Empleados-Pagina-web-2-scaled.jpg\" class=\"respimg\">                                    \n                    <\/div>\n                    <div class=\"team-info\">\n                        <h3><a href=\"\">Laura Lazcano<\/a><\/h3><h4>Veterinaria<\/h4>Laura es veterinaria por la Universidad Complutense de Madrid (2016). Durante su formaci\u00f3n, colabor\u00f3 con el Centro de Recuperaci\u00f3n de Animales Silvestres, donde aprendi\u00f3 a manejar especies poco convencionales y entendi\u00f3 lo importante que es la calma y el respeto en cada intervenci\u00f3n.                    <\/div>\n                <\/div>\n            <\/div>\n        \t\t\t\t<\/div>\n\t\t\t\t<\/div>\n\t\t\t\t<div class=\"elementor-element elementor-element-2895ed4 readmoretoggle elementor-widget elementor-widget-toggle\" data-id=\"2895ed4\" data-element_type=\"widget\" data-e-type=\"widget\" data-widget_type=\"toggle.default\">\n\t\t\t\t<div class=\"elementor-widget-container\">\n\t\t\t\t\t\t\t<div class=\"elementor-toggle\">\n\t\t\t\t\t\t\t<div class=\"elementor-toggle-item\">\n\t\t\t\t\t<div id=\"elementor-tab-title-4251\" class=\"elementor-tab-title\" data-tab=\"1\" role=\"button\" aria-controls=\"elementor-tab-content-4251\" aria-expanded=\"false\">\n\t\t\t\t\t\t\t\t\t\t\t\t<a class=\"elementor-toggle-title\" tabindex=\"0\">Leer m\u00e1s<\/a>\n\t\t\t\t\t<\/div>\n\n\t\t\t\t\t<div id=\"elementor-tab-content-4251\" class=\"elementor-tab-content elementor-clearfix\" data-tab=\"1\" role=\"region\" aria-labelledby=\"elementor-tab-title-4251\"><p>Ha trabajado en hospitales de urgencias en Madrid y M\u00e1laga, lo que le dio mucha soltura en situaciones complejas y din\u00e1micas. Sus \u00e1reas favoritas son la medicina interna, la medicina felina y el cuidado de animales ex\u00f3ticos, porque le encanta observar c\u00f3mo cada especie expresa, a su manera, que algo no va bien. Adem\u00e1s, colabora con protectoras, porque para ella el bienestar animal empieza desde lo comunitario.<\/p><\/div>\n\t\t\t\t<\/div>\n\t\t\t\t\t\t\t\t<\/div>\n\t\t\t\t\t\t<\/div>\n\t\t\t\t<\/div>\n\t\t\t\t\t<\/div>\n\t\t<\/div>\n\t\t\t\t<div class=\"elementor-column elementor-col-25 elementor-inner-column elementor-element elementor-element-cb9e757\" data-id=\"cb9e757\" data-element_type=\"column\" data-e-type=\"column\">\n\t\t\t<div class=\"elementor-widget-wrap elementor-element-populated\">\n\t\t\t\t\t\t<div class=\"elementor-element elementor-element-22d2553 elementor-widget elementor-widget-team_box\" data-id=\"22d2553\" data-element_type=\"widget\" data-e-type=\"widget\" data-widget_type=\"team_box.default\">\n\t\t\t\t<div class=\"elementor-widget-container\">\n\t\t\t\t\t            <div class=\"team-holder section-team fl-wrap\">\n                <div class=\"team-box-image\">\n                    <div class=\"team-photo\">\n                        <img decoding=\"async\" src=\"http:\/\/www.unavets.com\/sanfrancisco\/wp-content\/uploads\/sites\/20\/2022\/09\/Patricia-Linan-scaled.jpg\" class=\"respimg\">                                    \n                    <\/div>\n                    <div class=\"team-info\">\n                        <h3><a href=\"\">Patricia Li\u00f1\u00e1n<\/a><\/h3><h4>Veterinaria<\/h4>Patricia es Licenciada en Veterinaria por la Facultad de C\u00f3rdoba en 2015 cumpliendo su sue\u00f1o y vocaci\u00f3n desde peque\u00f1a.                    <\/div>\n                <\/div>\n            <\/div>\n        \t\t\t\t<\/div>\n\t\t\t\t<\/div>\n\t\t\t\t<div class=\"elementor-element elementor-element-69eda90 readmoretoggle elementor-widget elementor-widget-toggle\" data-id=\"69eda90\" data-element_type=\"widget\" data-e-type=\"widget\" data-widget_type=\"toggle.default\">\n\t\t\t\t<div class=\"elementor-widget-container\">\n\t\t\t\t\t\t\t<div class=\"elementor-toggle\">\n\t\t\t\t\t\t\t<div class=\"elementor-toggle-item\">\n\t\t\t\t\t<div id=\"elementor-tab-title-1111\" class=\"elementor-tab-title\" data-tab=\"1\" role=\"button\" aria-controls=\"elementor-tab-content-1111\" aria-expanded=\"false\">\n\t\t\t\t\t\t\t\t\t\t\t\t<a class=\"elementor-toggle-title\" tabindex=\"0\">Leer m\u00e1s<\/a>\n\t\t\t\t\t<\/div>\n\n\t\t\t\t\t<div id=\"elementor-tab-content-1111\" class=\"elementor-tab-content elementor-clearfix\" data-tab=\"1\" role=\"region\" aria-labelledby=\"elementor-tab-title-1111\"><p>Durante sus estudios, colabor\u00f3 con el departamento de nutrici\u00f3n animal y realiz\u00f3 pr\u00e1cticas en numerosas cl\u00ednicas veterinarias, afianzando su deseo de dedicarse a este oficio. Una vez licenciada, comenz\u00f3 a colaborar como veterinaria en una protectora de animales de Marbella y a trabajar en cl\u00ednica de peque\u00f1os animales. Posteriormente su esp\u00edritu inquieto y su pasi\u00f3n por las cabras le llev\u00f3 a interesarse en el \u00e1mbito de la sanidad y cr\u00eda de ganado caprino, llegando a ejercer como veterinaria responsable de una Asociaci\u00f3n caprina durante varios a\u00f1os. En su af\u00e1n por mantenerse actualizada, realiza continuamente cursos de formaci\u00f3n en diagn\u00f3stico laboratorial, ecograf\u00eda, medicina y cirug\u00eda, enfermedades infecciosas felinas, dermatolog\u00eda, etc. A finales del 2018 se incorpor\u00f3 al equipo de la Cl\u00ednica Veterinaria San Francisco de As\u00eds. Su \u00e1rea de trabajo es la medicina interna, con especial inter\u00e9s en la cl\u00ednica felina y el diagn\u00f3stico por imagen con ecograf\u00eda abdominal. Es biling\u00fce en espa\u00f1ol-ingl\u00e9s, con nociones b\u00e1sicas de alem\u00e1n.<\/p><\/div>\n\t\t\t\t<\/div>\n\t\t\t\t\t\t\t\t<\/div>\n\t\t\t\t\t\t<\/div>\n\t\t\t\t<\/div>\n\t\t\t\t\t<\/div>\n\t\t<\/div>\n\t\t\t\t<div class=\"elementor-column elementor-col-25 elementor-inner-column elementor-element elementor-element-b35ff7b\" data-id=\"b35ff7b\" data-element_type=\"column\" data-e-type=\"column\">\n\t\t\t<div class=\"elementor-widget-wrap elementor-element-populated\">\n\t\t\t\t\t\t<div class=\"elementor-element elementor-element-88f62ff elementor-widget elementor-widget-team_box\" data-id=\"88f62ff\" data-element_type=\"widget\" data-e-type=\"widget\" data-widget_type=\"team_box.default\">\n\t\t\t\t<div class=\"elementor-widget-container\">\n\t\t\t\t\t            <div class=\"team-holder section-team fl-wrap\">\n                <div class=\"team-box-image\">\n                    <div class=\"team-photo\">\n                        <img decoding=\"async\" src=\"http:\/\/www.unavets.com\/sanfrancisco\/wp-content\/uploads\/sites\/20\/2022\/09\/Valerie-scaled.jpg\" class=\"respimg\">                                    \n                    <\/div>\n                    <div class=\"team-info\">\n                        <h3><a href=\"\">Val\u00e9rie Boulanger<\/a><\/h3><h4>Veterinaria<\/h4>DVM, CEAV Med. Int., Certificate SAVP- DERMATOLOGY (ESAVS). Val\u00e9rie curs\u00f3 sus estudios en la Escuela Nacional de Veterinaria de Alfort, en la regi\u00f3n parisina y obtuvo el t\u00edtulo de Doctor en Veterinaria por la Universidad Paris XII en 2003.                    <\/div>\n                <\/div>\n            <\/div>\n        \t\t\t\t<\/div>\n\t\t\t\t<\/div>\n\t\t\t\t<div class=\"elementor-element elementor-element-ae3ab92 readmoretoggle elementor-widget elementor-widget-toggle\" data-id=\"ae3ab92\" data-element_type=\"widget\" data-e-type=\"widget\" data-widget_type=\"toggle.default\">\n\t\t\t\t<div class=\"elementor-widget-container\">\n\t\t\t\t\t\t\t<div class=\"elementor-toggle\">\n\t\t\t\t\t\t\t<div class=\"elementor-toggle-item\">\n\t\t\t\t\t<div id=\"elementor-tab-title-1821\" class=\"elementor-tab-title\" data-tab=\"1\" role=\"button\" aria-controls=\"elementor-tab-content-1821\" aria-expanded=\"false\">\n\t\t\t\t\t\t\t\t\t\t\t\t<a class=\"elementor-toggle-title\" tabindex=\"0\">Leer m\u00e1s<\/a>\n\t\t\t\t\t<\/div>\n\n\t\t\t\t\t<div id=\"elementor-tab-content-1821\" class=\"elementor-tab-content elementor-clearfix\" data-tab=\"1\" role=\"region\" aria-labelledby=\"elementor-tab-title-1821\"><p>Durante su formaci\u00f3n universitaria realiz\u00f3 numerosas estancias en centros de referencia de la regi\u00f3n parisina, de Lyon y Berl\u00edn, as\u00ed como en la \u00c9cole Nationale V\u00e9t\u00e9rinaire de Lyon y en la Cambridge Veterinary School. Despu\u00e9s de ejercer durante otro a\u00f1o m\u00e1s en Francia y obtener el Certificado en Estudios Avanzados en Medicina Interna (CEAV-MI) por la \u00c9cole Nationale V\u00e9t\u00e9rinaire de Nantes, lleg\u00f3 a Espa\u00f1a en 2004 para trabajar en un centro de referencia de la Costa del Sol. Desde entonces comenz\u00f3 su formaci\u00f3n en dermatolog\u00eda realizando numerosos cursos en Espa\u00f1a y Viena, hasta poder examinarse y obtener el prestigioso Certificate of Small Animal Veterinary Practice \/ Dermatology ESAVS (CSAVP in Dermatology (ESAVS)), por la Universidad de Luxemburgo. En enero de 2021 se incorpor\u00f3 a nuestra cl\u00ednica creando y siendo responsable del Servicio de Dermatolog\u00eda. Sus \u00e1reas de mayor inter\u00e9s m\u00e9dico son la dermatolog\u00eda, la endocrinolog\u00eda y la medicina interna. Desarrolla sus consultas en espa\u00f1ol, ingl\u00e9s, franc\u00e9s y alem\u00e1n.<\/p><\/div>\n\t\t\t\t<\/div>\n\t\t\t\t\t\t\t\t<\/div>\n\t\t\t\t\t\t<\/div>\n\t\t\t\t<\/div>\n\t\t\t\t\t<\/div>\n\t\t<\/div>\n\t\t\t\t\t<\/div>\n\t\t<\/section>\n\t\t\t\t<section class=\"elementor-section elementor-inner-section elementor-element elementor-element-0236e66 elementor-section-boxed elementor-section-height-default elementor-section-height-default\" data-id=\"0236e66\" data-element_type=\"section\" data-e-type=\"section\">\n\t\t\t\t\t\t<div class=\"elementor-container elementor-column-gap-default\">\n\t\t\t\t\t<div class=\"elementor-column elementor-col-25 elementor-inner-column elementor-element elementor-element-b349e57\" data-id=\"b349e57\" data-element_type=\"column\" data-e-type=\"column\">\n\t\t\t<div class=\"elementor-widget-wrap elementor-element-populated\">\n\t\t\t\t\t\t<div class=\"elementor-element elementor-element-e9a7e11 elementor-widget elementor-widget-team_box\" data-id=\"e9a7e11\" data-element_type=\"widget\" data-e-type=\"widget\" data-widget_type=\"team_box.default\">\n\t\t\t\t<div class=\"elementor-widget-container\">\n\t\t\t\t\t            <div class=\"team-holder section-team fl-wrap\">\n                <div class=\"team-box-image\">\n                    <div class=\"team-photo\">\n                        <img decoding=\"async\" src=\"https:\/\/www.unavets.com\/sanfrancisco\/wp-content\/uploads\/sites\/20\/2025\/11\/Empleados-Pagina-web-7-scaled.jpg\" class=\"respimg\">                                    \n                    <\/div>\n                    <div class=\"team-info\">\n                        <h3><a href=\"\">Kira Nelson<\/a><\/h3><h4>Veterinaria<\/h4>Kira es licenciada de la Universidad Alfonso X El Sabio del a\u00f1o 2021. Desde que tiene memoria siente pasi\u00f3n por los animales y su cuidado, cumpliendo as\u00ed finalmente su sue\u00f1o. \nAntes y durante la carrera realiz\u00f3 pr\u00e1cticas en el \u00e1rea de peque\u00f1os y grandes animales. Al licenciarse tom\u00f3 la decisi\u00f3n de formarse en el \u00e1rea de medicina de urgencias, trabajando durante cuatro a\u00f1os en un servicio de urgencias y cuidados intensivos.                     <\/div>\n                <\/div>\n            <\/div>\n        \t\t\t\t<\/div>\n\t\t\t\t<\/div>\n\t\t\t\t<div class=\"elementor-element elementor-element-c2e48f3 readmoretoggle elementor-widget elementor-widget-toggle\" data-id=\"c2e48f3\" data-element_type=\"widget\" data-e-type=\"widget\" data-widget_type=\"toggle.default\">\n\t\t\t\t<div class=\"elementor-widget-container\">\n\t\t\t\t\t\t\t<div class=\"elementor-toggle\">\n\t\t\t\t\t\t\t<div class=\"elementor-toggle-item\">\n\t\t\t\t\t<div id=\"elementor-tab-title-2041\" class=\"elementor-tab-title\" data-tab=\"1\" role=\"button\" aria-controls=\"elementor-tab-content-2041\" aria-expanded=\"false\">\n\t\t\t\t\t\t\t\t\t\t\t\t<a class=\"elementor-toggle-title\" tabindex=\"0\">Leer m\u00e1s<\/a>\n\t\t\t\t\t<\/div>\n\n\t\t\t\t\t<div id=\"elementor-tab-content-2041\" class=\"elementor-tab-content elementor-clearfix\" data-tab=\"1\" role=\"region\" aria-labelledby=\"elementor-tab-title-2041\"><p>En este tiempo obtuvo su diplomatura GPCert en medicina y cirug\u00eda de urgencias por IVSPS. Adem\u00e1s tiene un inter\u00e9s profundo en las \u00e1reas de ecograf\u00eda y medicina interna.<\/p><\/div>\n\t\t\t\t<\/div>\n\t\t\t\t\t\t\t\t<\/div>\n\t\t\t\t\t\t<\/div>\n\t\t\t\t<\/div>\n\t\t\t\t\t<\/div>\n\t\t<\/div>\n\t\t\t\t<div class=\"elementor-column elementor-col-25 elementor-inner-column elementor-element elementor-element-b520d17\" data-id=\"b520d17\" data-element_type=\"column\" data-e-type=\"column\">\n\t\t\t<div class=\"elementor-widget-wrap elementor-element-populated\">\n\t\t\t\t\t\t<div class=\"elementor-element elementor-element-6876de7 elementor-widget elementor-widget-team_box\" data-id=\"6876de7\" data-element_type=\"widget\" data-e-type=\"widget\" data-widget_type=\"team_box.default\">\n\t\t\t\t<div class=\"elementor-widget-container\">\n\t\t\t\t\t            <div class=\"team-holder section-team fl-wrap\">\n                <div class=\"team-box-image\">\n                    <div class=\"team-photo\">\n                        <img decoding=\"async\" src=\"https:\/\/www.unavets.com\/sanfrancisco\/wp-content\/uploads\/sites\/20\/2026\/02\/Pedro-Guitierrez-scaled.jpg\" class=\"respimg\">                                    \n                    <\/div>\n                    <div class=\"team-info\">\n                        <h3><a href=\"\">Pedro Guti\u00e9rrez<\/a><\/h3><h4>Veterinario<\/h4>Pedro es licenciado en veterinaria (LV) por la Universidad de C\u00f3rdoba y tiene un certificado en diagn\u00f3stico por imagen (GPCertDI) por la International School of Veterinary Postgraduate Studies.                     <\/div>\n                <\/div>\n            <\/div>\n        \t\t\t\t<\/div>\n\t\t\t\t<\/div>\n\t\t\t\t<div class=\"elementor-element elementor-element-7480757 readmoretoggle elementor-widget elementor-widget-toggle\" data-id=\"7480757\" data-element_type=\"widget\" data-e-type=\"widget\" data-widget_type=\"toggle.default\">\n\t\t\t\t<div class=\"elementor-widget-container\">\n\t\t\t\t\t\t\t<div class=\"elementor-toggle\">\n\t\t\t\t\t\t\t<div class=\"elementor-toggle-item\">\n\t\t\t\t\t<div id=\"elementor-tab-title-1221\" class=\"elementor-tab-title\" data-tab=\"1\" role=\"button\" aria-controls=\"elementor-tab-content-1221\" aria-expanded=\"false\">\n\t\t\t\t\t\t\t\t\t\t\t\t<a class=\"elementor-toggle-title\" tabindex=\"0\">Leer m\u00e1s<\/a>\n\t\t\t\t\t<\/div>\n\n\t\t\t\t\t<div id=\"elementor-tab-content-1221\" class=\"elementor-tab-content elementor-clearfix\" data-tab=\"1\" role=\"region\" aria-labelledby=\"elementor-tab-title-1221\"><p>Durante su estancia en la facultad fue colaborador del Departamento de Medicina y Cirug\u00eda Animal donde realiz\u00f3 su tesina de licenciatura sobre la atopia canina. Ha asistido a cursos de cirug\u00eda y anestesia de la Universidad Aut\u00f3noma de Barcelona.<\/p><p>\u00a0<\/p><p>Sus \u00e1reas de inter\u00e9s principal son la cirug\u00eda de tejidos blandos, la anestesia y la medicina interna.<\/p><p>\u00a0<\/p><p>Propietario de una cl\u00ednica veterinaria en durante veinte a\u00f1os, se traslad\u00f3 a Marbella en 2021 y se incorpor\u00f3 al equipo de la Cl\u00ednica Unavets San Francisco de As\u00eds a finales de 2025.<\/p><p>\u00a0<\/p><p>Pasa consulta en espa\u00f1ol e ingl\u00e9s.<\/p><\/div>\n\t\t\t\t<\/div>\n\t\t\t\t\t\t\t\t<\/div>\n\t\t\t\t\t\t<\/div>\n\t\t\t\t<\/div>\n\t\t\t\t\t<\/div>\n\t\t<\/div>\n\t\t\t\t<div class=\"elementor-column elementor-col-25 elementor-inner-column elementor-element elementor-element-ba1a550 nodata_bor\" data-id=\"ba1a550\" data-element_type=\"column\" data-e-type=\"column\">\n\t\t\t<div class=\"elementor-widget-wrap\">\n\t\t\t\t\t\t\t<\/div>\n\t\t<\/div>\n\t\t\t\t<div class=\"elementor-column elementor-col-25 elementor-inner-column elementor-element elementor-element-a81cab9 nodata_bor\" data-id=\"a81cab9\" data-element_type=\"column\" data-e-type=\"column\">\n\t\t\t<div class=\"elementor-widget-wrap\">\n\t\t\t\t\t\t\t<\/div>\n\t\t<\/div>\n\t\t\t\t\t<\/div>\n\t\t<\/section>\n\t\t\t\t\t<\/div>\n\t\t<\/div>\n\t\t\t\t\t<\/div>\n\t\t<\/section>\n\t\t\t\t<section class=\"elementor-section elementor-top-section elementor-element elementor-element-bd3ff8b team-member elementor-section-boxed elementor-section-height-default elementor-section-height-default\" data-id=\"bd3ff8b\" data-element_type=\"section\" data-e-type=\"section\">\n\t\t\t\t\t\t<div class=\"elementor-container elementor-column-gap-default\">\n\t\t\t\t\t<div class=\"elementor-column elementor-col-100 elementor-top-column elementor-element elementor-element-bf13140\" data-id=\"bf13140\" data-element_type=\"column\" data-e-type=\"column\">\n\t\t\t<div class=\"elementor-widget-wrap elementor-element-populated\">\n\t\t\t\t\t\t<div class=\"elementor-element elementor-element-a256994 elementor-hidden-tablet elementor-hidden-phone elementor-widget elementor-widget-section_titleleft\" data-id=\"a256994\" data-element_type=\"widget\" data-e-type=\"widget\" data-widget_type=\"section_titleleft.default\">\n\t\t\t\t<div class=\"elementor-widget-container\">\n\t\t\t\t\t        <div class=\"ab_text-title fl-wrap\">\n            <h3>T\u00e9cnicos y Auxiliares<\/h3><span class=\"section-separator fl-sec-sep\"><\/span>        <\/div>\n        \t\t\t\t<\/div>\n\t\t\t\t<\/div>\n\t\t\t\t<section class=\"elementor-section elementor-inner-section elementor-element elementor-element-d7090f1 elementor-section-boxed elementor-section-height-default elementor-section-height-default\" data-id=\"d7090f1\" data-element_type=\"section\" data-e-type=\"section\">\n\t\t\t\t\t\t<div class=\"elementor-container elementor-column-gap-default\">\n\t\t\t\t\t<div class=\"elementor-column elementor-col-25 elementor-inner-column elementor-element elementor-element-1177a8d\" data-id=\"1177a8d\" data-element_type=\"column\" data-e-type=\"column\">\n\t\t\t<div class=\"elementor-widget-wrap elementor-element-populated\">\n\t\t\t\t\t\t<div class=\"elementor-element elementor-element-e6be27f elementor-widget elementor-widget-team_box\" data-id=\"e6be27f\" data-element_type=\"widget\" data-e-type=\"widget\" data-widget_type=\"team_box.default\">\n\t\t\t\t<div class=\"elementor-widget-container\">\n\t\t\t\t\t            <div class=\"team-holder section-team fl-wrap\">\n                <div class=\"team-box-image\">\n                    <div class=\"team-photo\">\n                        <img decoding=\"async\" src=\"http:\/\/www.unavets.com\/sanfrancisco\/wp-content\/uploads\/sites\/20\/2022\/09\/Eduardo-scaled.jpg\" class=\"respimg\">                                    \n                    <\/div>\n                    <div class=\"team-info\">\n                        <h3><a href=\"\">Eduardo Ulzurrun de Asanza<\/a><\/h3><h4>Auxiliar Veterinario<\/h4>Eduardo es amante de los animales vocacional, realiz\u00f3 estudios en Ciencias Biol\u00f3gicas en la Universidad de Granada (1994-1999) y ha realizado varios cursos de bot\u00e1nica, herpetolog\u00eda, ornitolog\u00eda, entomolog\u00eda, etc.                    <\/div>\n                <\/div>\n            <\/div>\n        \t\t\t\t<\/div>\n\t\t\t\t<\/div>\n\t\t\t\t<div class=\"elementor-element elementor-element-409a158 readmoretoggle elementor-widget elementor-widget-toggle\" data-id=\"409a158\" data-element_type=\"widget\" data-e-type=\"widget\" data-widget_type=\"toggle.default\">\n\t\t\t\t<div class=\"elementor-widget-container\">\n\t\t\t\t\t\t\t<div class=\"elementor-toggle\">\n\t\t\t\t\t\t\t<div class=\"elementor-toggle-item\">\n\t\t\t\t\t<div id=\"elementor-tab-title-6771\" class=\"elementor-tab-title\" data-tab=\"1\" role=\"button\" aria-controls=\"elementor-tab-content-6771\" aria-expanded=\"false\">\n\t\t\t\t\t\t\t\t\t\t\t\t<a class=\"elementor-toggle-title\" tabindex=\"0\">Leer m\u00e1s<\/a>\n\t\t\t\t\t<\/div>\n\n\t\t\t\t\t<div id=\"elementor-tab-content-6771\" class=\"elementor-tab-content elementor-clearfix\" data-tab=\"1\" role=\"region\" aria-labelledby=\"elementor-tab-title-6771\"><p>Gu\u00eda medioambiental durante una larga<br \/>temporada en la provincia de Granada. En el a\u00f1o 2003 se orient\u00f3 hacia el sector del animal de compa\u00f1\u00eda, realizando cursos de peluquer\u00eda y est\u00e9tica canina y felina, a lo que estuvo dedicado hasta el a\u00f1o 2006, cuando empez\u00f3 a trabajar en la Cl\u00ednica Veterinaria San Francisco de As\u00eds. Desde entonces ha trabajado en diferentes \u00e1reas de la cl\u00ednica y actualmente est\u00e1 centrado en labores de recepci\u00f3n y atenci\u00f3n al p\u00fablico.<\/p><\/div>\n\t\t\t\t<\/div>\n\t\t\t\t\t\t\t\t<\/div>\n\t\t\t\t\t\t<\/div>\n\t\t\t\t<\/div>\n\t\t\t\t\t<\/div>\n\t\t<\/div>\n\t\t\t\t<div class=\"elementor-column elementor-col-25 elementor-inner-column elementor-element elementor-element-ec812f2\" data-id=\"ec812f2\" data-element_type=\"column\" data-e-type=\"column\">\n\t\t\t<div class=\"elementor-widget-wrap elementor-element-populated\">\n\t\t\t\t\t\t<div class=\"elementor-element elementor-element-f1d9e9d elementor-widget elementor-widget-team_box\" data-id=\"f1d9e9d\" data-element_type=\"widget\" data-e-type=\"widget\" data-widget_type=\"team_box.default\">\n\t\t\t\t<div class=\"elementor-widget-container\">\n\t\t\t\t\t            <div class=\"team-holder section-team fl-wrap\">\n                <div class=\"team-box-image\">\n                    <div class=\"team-photo\">\n                        <img decoding=\"async\" src=\"http:\/\/www.unavets.com\/sanfrancisco\/wp-content\/uploads\/sites\/20\/2022\/09\/Andres-scaled.jpg\" class=\"respimg\">                                    \n                    <\/div>\n                    <div class=\"team-info\">\n                        <h3><a href=\"\">Andr\u00e9s Garc\u00eda<\/a><\/h3><h4>Auxiliar Veterinario<\/h4>Andr\u00e9s es Diplomado en Relaciones Laborales por la Universidad de M\u00e1laga, tras 20\na\u00f1os trabajando en una Gestor\u00eda Fiscal y Contable, decidi\u00f3 que era el momento de hacer lo que realmente le apasionaba desde que era peque\u00f1o, el cuidado de los animales.                    <\/div>\n                <\/div>\n            <\/div>\n        \t\t\t\t<\/div>\n\t\t\t\t<\/div>\n\t\t\t\t<div class=\"elementor-element elementor-element-b486935 readmoretoggle elementor-widget elementor-widget-toggle\" data-id=\"b486935\" data-element_type=\"widget\" data-e-type=\"widget\" data-widget_type=\"toggle.default\">\n\t\t\t\t<div class=\"elementor-widget-container\">\n\t\t\t\t\t\t\t<div class=\"elementor-toggle\">\n\t\t\t\t\t\t\t<div class=\"elementor-toggle-item\">\n\t\t\t\t\t<div id=\"elementor-tab-title-1891\" class=\"elementor-tab-title\" data-tab=\"1\" role=\"button\" aria-controls=\"elementor-tab-content-1891\" aria-expanded=\"false\">\n\t\t\t\t\t\t\t\t\t\t\t\t<a class=\"elementor-toggle-title\" tabindex=\"0\">Leer m\u00e1s<\/a>\n\t\t\t\t\t<\/div>\n\n\t\t\t\t\t<div id=\"elementor-tab-content-1891\" class=\"elementor-tab-content elementor-clearfix\" data-tab=\"1\" role=\"region\" aria-labelledby=\"elementor-tab-title-1891\"><p>Obtuvo el t\u00edtulo de Asistencia a la atenci\u00f3n cl\u00ednica en Centros Veterinarios con la m\u00e1xima puntuaci\u00f3n y<br \/>empez\u00f3 a trabajar en la Cl\u00ednica Veterinaria San Francisco de As\u00eds, donde se siente como<br \/>en familia y est\u00e1 orgulloso de cada uno de sus compa\u00f1eros. Aqu\u00ed esta agradecido, no solo de poder ayudar a los animales, sino tambi\u00e9n a sus familiares, conocedor de las preocupaciones e ilusiones que tienen hacia ellos. Su tiempo de ocio lo dedica al deporte, al cine cl\u00e1sico y a hacer rutas con su podenquita Arya.<\/p><\/div>\n\t\t\t\t<\/div>\n\t\t\t\t\t\t\t\t<\/div>\n\t\t\t\t\t\t<\/div>\n\t\t\t\t<\/div>\n\t\t\t\t\t<\/div>\n\t\t<\/div>\n\t\t\t\t<div class=\"elementor-column elementor-col-25 elementor-inner-column elementor-element elementor-element-c9bc866\" data-id=\"c9bc866\" data-element_type=\"column\" data-e-type=\"column\">\n\t\t\t<div class=\"elementor-widget-wrap elementor-element-populated\">\n\t\t\t\t\t\t<div class=\"elementor-element elementor-element-e134558 elementor-widget elementor-widget-team_box\" data-id=\"e134558\" data-element_type=\"widget\" data-e-type=\"widget\" data-widget_type=\"team_box.default\">\n\t\t\t\t<div class=\"elementor-widget-container\">\n\t\t\t\t\t            <div class=\"team-holder section-team fl-wrap\">\n                <div class=\"team-box-image\">\n                    <div class=\"team-photo\">\n                        <img decoding=\"async\" src=\"http:\/\/www.unavets.com\/sanfrancisco\/wp-content\/uploads\/sites\/20\/2022\/09\/Patricia-Campos-scaled.jpg\" class=\"respimg\">                                    \n                    <\/div>\n                    <div class=\"team-info\">\n                        <h3><a href=\"\">Patricia Campos<\/a><\/h3><h4>Auxiliar Veterinaria<\/h4>Patricia siente pasi\u00f3n hacia los animales y en especial hacia los perros. lo que le llev\u00f3 a enfocar su vida en torno al mundo canino en sus diversos campos.                    <\/div>\n                <\/div>\n            <\/div>\n        \t\t\t\t<\/div>\n\t\t\t\t<\/div>\n\t\t\t\t<div class=\"elementor-element elementor-element-ab93963 readmoretoggle elementor-widget elementor-widget-toggle\" data-id=\"ab93963\" data-element_type=\"widget\" data-e-type=\"widget\" data-widget_type=\"toggle.default\">\n\t\t\t\t<div class=\"elementor-widget-container\">\n\t\t\t\t\t\t\t<div class=\"elementor-toggle\">\n\t\t\t\t\t\t\t<div class=\"elementor-toggle-item\">\n\t\t\t\t\t<div id=\"elementor-tab-title-1791\" class=\"elementor-tab-title\" data-tab=\"1\" role=\"button\" aria-controls=\"elementor-tab-content-1791\" aria-expanded=\"false\">\n\t\t\t\t\t\t\t\t\t\t\t\t<a class=\"elementor-toggle-title\" tabindex=\"0\">Leer m\u00e1s<\/a>\n\t\t\t\t\t<\/div>\n\n\t\t\t\t\t<div id=\"elementor-tab-content-1791\" class=\"elementor-tab-content elementor-clearfix\" data-tab=\"1\" role=\"region\" aria-labelledby=\"elementor-tab-title-1791\"><p>Trabaj\u00f3 en la Sociedad Canina de Le\u00f3n organizando diversos concursos y exposiciones caninas, tramitando papeles y colaborando en la divulgaci\u00f3n y fomento de las razas aut\u00f3ctonas como el Mast\u00edn o el Carea. Organiz\u00f3 cursos de adiestramiento, etolog\u00eda y canicultura para la Facultad de veterinaria de Le\u00f3n. Tuvo la gran suerte de ser disc\u00edpula de Rafael Casado de Lucas y de F\u00e9lix Garc\u00eda Rodr\u00edguez aprendiendo de adiestramiento, manejo, etolog\u00eda canina, cultura y etnolog\u00eda canina en el centro canino Pradohondo en la Sierra de Guadarrama y en la Facultad de Veterinaria de Le\u00f3n y SOCALE. Particip\u00f3 como ponente en diversos cursos cin\u00f3filos de la Facultad de Veterinaria, asociaciones de ni\u00f1os autistas, residencias de ancianos, etc. Ha colaborado con protectoras de animales como Melampo, Spag o la Asociaci\u00f3n de Animales y Plantas de Le\u00f3n y colabora como voluntaria para SOD Vencejos con la aprobaci\u00f3n y permiso de la Junta de Andaluc\u00eda alimentando y criando para su posterior suelta en libertad de aviones golondrinas y vencejos. Aunque trabaj\u00f3 en otras cl\u00ednicas veterinarias, es en la Cl\u00ednica Veterinaria San Francisco de As\u00eds donde ha encontrado su hueco para compaginar la aplicaci\u00f3n de conocimientos, formaci\u00f3n y pasi\u00f3n desde 2018. Biling\u00fce espa\u00f1ol\/ingl\u00e9s tambi\u00e9n tiene nociones de alem\u00e1n de atenci\u00f3n al p\u00fablico y ruso.<\/p><\/div>\n\t\t\t\t<\/div>\n\t\t\t\t\t\t\t\t<\/div>\n\t\t\t\t\t\t<\/div>\n\t\t\t\t<\/div>\n\t\t\t\t\t<\/div>\n\t\t<\/div>\n\t\t\t\t<div class=\"elementor-column elementor-col-25 elementor-inner-column elementor-element elementor-element-6c664bb\" data-id=\"6c664bb\" data-element_type=\"column\" data-e-type=\"column\">\n\t\t\t<div class=\"elementor-widget-wrap elementor-element-populated\">\n\t\t\t\t\t\t<div class=\"elementor-element elementor-element-8b99c16 elementor-widget elementor-widget-team_box\" data-id=\"8b99c16\" data-element_type=\"widget\" data-e-type=\"widget\" data-widget_type=\"team_box.default\">\n\t\t\t\t<div class=\"elementor-widget-container\">\n\t\t\t\t\t            <div class=\"team-holder section-team fl-wrap\">\n                <div class=\"team-box-image\">\n                    <div class=\"team-photo\">\n                        <img decoding=\"async\" src=\"http:\/\/www.unavets.com\/sanfrancisco\/wp-content\/uploads\/sites\/20\/2022\/09\/Diana-scaled.jpg\" class=\"respimg\">                                    \n                    <\/div>\n                    <div class=\"team-info\">\n                        <h3><a href=\"\">Diana Rodr\u00edguez<\/a><\/h3><h4>Auxiliar Veterinaria<\/h4>Diana se incorpor\u00f3 en nuestra cl\u00ednica veterinaria en 2019. Debido a su inter\u00e9s a la medicina veterinaria y a los animales realiz\u00f3 un a\u00f1o pr\u00e1ctico de adiestramiento canino con APCA en 2017.                    <\/div>\n                <\/div>\n            <\/div>\n        \t\t\t\t<\/div>\n\t\t\t\t<\/div>\n\t\t\t\t<div class=\"elementor-element elementor-element-83ccd2c readmoretoggle elementor-widget elementor-widget-toggle\" data-id=\"83ccd2c\" data-element_type=\"widget\" data-e-type=\"widget\" data-widget_type=\"toggle.default\">\n\t\t\t\t<div class=\"elementor-widget-container\">\n\t\t\t\t\t\t\t<div class=\"elementor-toggle\">\n\t\t\t\t\t\t\t<div class=\"elementor-toggle-item\">\n\t\t\t\t\t<div id=\"elementor-tab-title-1381\" class=\"elementor-tab-title\" data-tab=\"1\" role=\"button\" aria-controls=\"elementor-tab-content-1381\" aria-expanded=\"false\">\n\t\t\t\t\t\t\t\t\t\t\t\t<a class=\"elementor-toggle-title\" tabindex=\"0\">Leer m\u00e1s<\/a>\n\t\t\t\t\t<\/div>\n\n\t\t\t\t\t<div id=\"elementor-tab-content-1381\" class=\"elementor-tab-content elementor-clearfix\" data-tab=\"1\" role=\"region\" aria-labelledby=\"elementor-tab-title-1381\"><p>Seguidamente curs\u00f3 ayudante t\u00e9cnico veterinario en Campus Training finaliz\u00e1ndolo en 2019. Su mayor inter\u00e9s es el \u00e1rea de quir\u00f3fano, hospital y anestesia. Obteniendo formaci\u00f3n sobre ello. Dentro de sus ambiciones est\u00e1 el seguir form\u00e1ndose y posiblemente realizar el grado de veterinaria.<\/p><\/div>\n\t\t\t\t<\/div>\n\t\t\t\t\t\t\t\t<\/div>\n\t\t\t\t\t\t<\/div>\n\t\t\t\t<\/div>\n\t\t\t\t\t<\/div>\n\t\t<\/div>\n\t\t\t\t\t<\/div>\n\t\t<\/section>\n\t\t\t\t<section class=\"elementor-section elementor-inner-section elementor-element elementor-element-86897f5 elementor-section-boxed elementor-section-height-default elementor-section-height-default\" data-id=\"86897f5\" data-element_type=\"section\" data-e-type=\"section\">\n\t\t\t\t\t\t<div class=\"elementor-container elementor-column-gap-default\">\n\t\t\t\t\t<div class=\"elementor-column elementor-col-25 elementor-inner-column elementor-element elementor-element-48f9229\" data-id=\"48f9229\" data-element_type=\"column\" data-e-type=\"column\">\n\t\t\t<div class=\"elementor-widget-wrap elementor-element-populated\">\n\t\t\t\t\t\t<div class=\"elementor-element elementor-element-8b7d728 elementor-widget elementor-widget-team_box\" data-id=\"8b7d728\" data-element_type=\"widget\" data-e-type=\"widget\" data-widget_type=\"team_box.default\">\n\t\t\t\t<div class=\"elementor-widget-container\">\n\t\t\t\t\t            <div class=\"team-holder section-team fl-wrap\">\n                <div class=\"team-box-image\">\n                    <div class=\"team-photo\">\n                        <img decoding=\"async\" src=\"http:\/\/www.unavets.com\/sanfrancisco\/wp-content\/uploads\/sites\/20\/2022\/09\/Maria-del-Amor-scaled.jpg\" class=\"respimg\">                                    \n                    <\/div>\n                    <div class=\"team-info\">\n                        <h3><a href=\"\">Mar\u00eda del Amor Mart\u00ednez<\/a><\/h3><h4>Auxiliar Veterinaria<\/h4>Mar\u00eda del Amor forma parte del equipo de la Cl\u00ednica Veterinaria San Francisco de As\u00eds desde 2021.                    <\/div>\n                <\/div>\n            <\/div>\n        \t\t\t\t<\/div>\n\t\t\t\t<\/div>\n\t\t\t\t<div class=\"elementor-element elementor-element-d819c63 readmoretoggle elementor-widget elementor-widget-toggle\" data-id=\"d819c63\" data-element_type=\"widget\" data-e-type=\"widget\" data-widget_type=\"toggle.default\">\n\t\t\t\t<div class=\"elementor-widget-container\">\n\t\t\t\t\t\t\t<div class=\"elementor-toggle\">\n\t\t\t\t\t\t\t<div class=\"elementor-toggle-item\">\n\t\t\t\t\t<div id=\"elementor-tab-title-2261\" class=\"elementor-tab-title\" data-tab=\"1\" role=\"button\" aria-controls=\"elementor-tab-content-2261\" aria-expanded=\"false\">\n\t\t\t\t\t\t\t\t\t\t\t\t<a class=\"elementor-toggle-title\" tabindex=\"0\">Leer m\u00e1s<\/a>\n\t\t\t\t\t<\/div>\n\n\t\t\t\t\t<div id=\"elementor-tab-content-2261\" class=\"elementor-tab-content elementor-clearfix\" data-tab=\"1\" role=\"region\" aria-labelledby=\"elementor-tab-title-2261\"><p>Realiz\u00f3 el curso de Auxiliar T\u00e9cnico Veterinario en 2015 en la escuela de formaci\u00f3n internacional veterinaria EFIVE. Desde peque\u00f1a ten\u00eda claro que quer\u00eda trabajar rodeada de animales, le apasiona su trabajo y quiere continuar form\u00e1ndose para poder seguir ayudando a todos los pacientes de la cl\u00ednica. Tiene 7 perros y una gatita en su familia y le encanta pasear con sus dos perritas Luli y Maguie. En su tiempo libre le gusta pasar tiempo con su familia, su pareja y sus mascotas.<\/p><\/div>\n\t\t\t\t<\/div>\n\t\t\t\t\t\t\t\t<\/div>\n\t\t\t\t\t\t<\/div>\n\t\t\t\t<\/div>\n\t\t\t\t\t<\/div>\n\t\t<\/div>\n\t\t\t\t<div class=\"elementor-column elementor-col-25 elementor-inner-column elementor-element elementor-element-5406940\" data-id=\"5406940\" data-element_type=\"column\" data-e-type=\"column\">\n\t\t\t<div class=\"elementor-widget-wrap elementor-element-populated\">\n\t\t\t\t\t\t<div class=\"elementor-element elementor-element-c8fbb08 elementor-widget elementor-widget-team_box\" data-id=\"c8fbb08\" data-element_type=\"widget\" data-e-type=\"widget\" data-widget_type=\"team_box.default\">\n\t\t\t\t<div class=\"elementor-widget-container\">\n\t\t\t\t\t            <div class=\"team-holder section-team fl-wrap\">\n                <div class=\"team-box-image\">\n                    <div class=\"team-photo\">\n                        <img decoding=\"async\" src=\"http:\/\/www.unavets.com\/sanfrancisco\/wp-content\/uploads\/sites\/20\/2022\/09\/Laura-scaled.jpg\" class=\"respimg\">                                    \n                    <\/div>\n                    <div class=\"team-info\">\n                        <h3><a href=\"\">Laura Huertas<\/a><\/h3><h4>Auxiliar Veterinaria<\/h4>La gran pasi\u00f3n de Laura son los animales. Desde su infancia ha sido clienta de la Cl\u00ednica Veterinaria San Francisco de As\u00eds, acompa\u00f1ada de sus padres y mascotas.                     <\/div>\n                <\/div>\n            <\/div>\n        \t\t\t\t<\/div>\n\t\t\t\t<\/div>\n\t\t\t\t<div class=\"elementor-element elementor-element-4ff083a readmoretoggle elementor-widget elementor-widget-toggle\" data-id=\"4ff083a\" data-element_type=\"widget\" data-e-type=\"widget\" data-widget_type=\"toggle.default\">\n\t\t\t\t<div class=\"elementor-widget-container\">\n\t\t\t\t\t\t\t<div class=\"elementor-toggle\">\n\t\t\t\t\t\t\t<div class=\"elementor-toggle-item\">\n\t\t\t\t\t<div id=\"elementor-tab-title-8381\" class=\"elementor-tab-title\" data-tab=\"1\" role=\"button\" aria-controls=\"elementor-tab-content-8381\" aria-expanded=\"false\">\n\t\t\t\t\t\t\t\t\t\t\t\t<a class=\"elementor-toggle-title\" tabindex=\"0\">Leer m\u00e1s<\/a>\n\t\t\t\t\t<\/div>\n\n\t\t\t\t\t<div id=\"elementor-tab-content-8381\" class=\"elementor-tab-content elementor-clearfix\" data-tab=\"1\" role=\"region\" aria-labelledby=\"elementor-tab-title-8381\"><p>Su amor hacia los animales la impuls\u00f3 a estudiar y formarse en auxiliar veterinaria, ejerciendo sus pr\u00e1cticas con nosotros en 2021 e incorpor\u00e1ndose definitivamente a nuestro equipo en 2022.<\/p><\/div>\n\t\t\t\t<\/div>\n\t\t\t\t\t\t\t\t<\/div>\n\t\t\t\t\t\t<\/div>\n\t\t\t\t<\/div>\n\t\t\t\t\t<\/div>\n\t\t<\/div>\n\t\t\t\t<div class=\"elementor-column elementor-col-25 elementor-inner-column elementor-element elementor-element-d9ed38c\" data-id=\"d9ed38c\" data-element_type=\"column\" data-e-type=\"column\">\n\t\t\t<div class=\"elementor-widget-wrap elementor-element-populated\">\n\t\t\t\t\t\t<div class=\"elementor-element elementor-element-e2c8dd0 elementor-widget elementor-widget-team_box\" data-id=\"e2c8dd0\" data-element_type=\"widget\" data-e-type=\"widget\" data-widget_type=\"team_box.default\">\n\t\t\t\t<div class=\"elementor-widget-container\">\n\t\t\t\t\t            <div class=\"team-holder section-team fl-wrap\">\n                <div class=\"team-box-image\">\n                    <div class=\"team-photo\">\n                        <img decoding=\"async\" src=\"https:\/\/www.unavets.com\/sanfrancisco\/wp-content\/uploads\/sites\/20\/2024\/06\/Empleados-Pagina-web-scaled.jpg\" class=\"respimg\">                                    \n                    <\/div>\n                    <div class=\"team-info\">\n                        <h3><a href=\"\">Desiree Mart\u00ednez<\/a><\/h3><h4>Auxiliar Veterinaria<\/h4>Desir\u00e9e se incorpor\u00f3 al equipo a finales del a\u00f1o 2023. Despu\u00e9s de a\u00f1os trabajando en otro sector, se decidi\u00f3 a estudiar lo que m\u00e1s le gustaba. Hizo el curso de Auxiliar T\u00e9cnico Veterinario y ahora se dedica a trabajar rodeada de animales, lo cual era su sue\u00f1o desde que era muy peque\u00f1a.                     <\/div>\n                <\/div>\n            <\/div>\n        \t\t\t\t<\/div>\n\t\t\t\t<\/div>\n\t\t\t\t<div class=\"elementor-element elementor-element-a2dae93 readmoretoggle elementor-widget elementor-widget-toggle\" data-id=\"a2dae93\" data-element_type=\"widget\" data-e-type=\"widget\" data-widget_type=\"toggle.default\">\n\t\t\t\t<div class=\"elementor-widget-container\">\n\t\t\t\t\t\t\t<div class=\"elementor-toggle\">\n\t\t\t\t\t\t\t<div class=\"elementor-toggle-item\">\n\t\t\t\t\t<div id=\"elementor-tab-title-1701\" class=\"elementor-tab-title\" data-tab=\"1\" role=\"button\" aria-controls=\"elementor-tab-content-1701\" aria-expanded=\"false\">\n\t\t\t\t\t\t\t\t\t\t\t\t<a class=\"elementor-toggle-title\" tabindex=\"0\">Leer m\u00e1s<\/a>\n\t\t\t\t\t<\/div>\n\n\t\t\t\t\t<div id=\"elementor-tab-content-1701\" class=\"elementor-tab-content elementor-clearfix\" data-tab=\"1\" role=\"region\" aria-labelledby=\"elementor-tab-title-1701\"><p><span style=\"font-size: 13pt;\">Le encanta la vida en el campo rodeada de los animales que tiene y en casa con su perrito Leo.<\/span><\/p><p><span style=\"font-size: 13.0pt; mso-fareast-font-family: 'Times New Roman';\">Quiere seguir form\u00e1ndose en esta preciosa profesi\u00f3n y le entusiasma en especial el \u00e1rea de laboratorio.<\/span><\/p><\/div>\n\t\t\t\t<\/div>\n\t\t\t\t\t\t\t\t<\/div>\n\t\t\t\t\t\t<\/div>\n\t\t\t\t<\/div>\n\t\t\t\t\t<\/div>\n\t\t<\/div>\n\t\t\t\t<div class=\"elementor-column elementor-col-25 elementor-inner-column elementor-element elementor-element-0a51060\" data-id=\"0a51060\" data-element_type=\"column\" data-e-type=\"column\">\n\t\t\t<div class=\"elementor-widget-wrap elementor-element-populated\">\n\t\t\t\t\t\t<div class=\"elementor-element elementor-element-a7fd146 elementor-widget elementor-widget-team_box\" data-id=\"a7fd146\" data-element_type=\"widget\" data-e-type=\"widget\" data-widget_type=\"team_box.default\">\n\t\t\t\t<div class=\"elementor-widget-container\">\n\t\t\t\t\t            <div class=\"team-holder section-team fl-wrap\">\n                <div class=\"team-box-image\">\n                    <div class=\"team-photo\">\n                        <img decoding=\"async\" src=\"https:\/\/www.unavets.com\/sanfrancisco\/wp-content\/uploads\/sites\/20\/2026\/02\/Jesica-Machuca-scaled.jpg\" class=\"respimg\">                                    \n                    <\/div>\n                    <div class=\"team-info\">\n                        <h3><a href=\"\">Jesica Fernandez <\/a><\/h3><h4>Auxiliar Veterinaria<\/h4>Jessica es auxiliar t\u00e9cnico veterinario con m\u00e1s de 10 a\u00f1os de experiencia en el cuidado de animales. A lo largo de su trayectoria ha trabajado en consulta, hospitalizaci\u00f3n y, especialmente, en urgencias veterinarias, donde destaca por su rapidez, precisi\u00f3n y capacidad para mantener la calma en situaciones cr\u00edticas.                    <\/div>\n                <\/div>\n            <\/div>\n        \t\t\t\t<\/div>\n\t\t\t\t<\/div>\n\t\t\t\t<div class=\"elementor-element elementor-element-4276d13 readmoretoggle elementor-widget elementor-widget-toggle\" data-id=\"4276d13\" data-element_type=\"widget\" data-e-type=\"widget\" data-widget_type=\"toggle.default\">\n\t\t\t\t<div class=\"elementor-widget-container\">\n\t\t\t\t\t\t\t<div class=\"elementor-toggle\">\n\t\t\t\t\t\t\t<div class=\"elementor-toggle-item\">\n\t\t\t\t\t<div id=\"elementor-tab-title-6961\" class=\"elementor-tab-title\" data-tab=\"1\" role=\"button\" aria-controls=\"elementor-tab-content-6961\" aria-expanded=\"false\">\n\t\t\t\t\t\t\t\t\t\t\t\t<a class=\"elementor-toggle-title\" tabindex=\"0\">Leer m\u00e1s<\/a>\n\t\t\t\t\t<\/div>\n\n\t\t\t\t\t<div id=\"elementor-tab-content-6961\" class=\"elementor-tab-content elementor-clearfix\" data-tab=\"1\" role=\"region\" aria-labelledby=\"elementor-tab-title-6961\"><p>Adem\u00e1s, es t\u00e9cnico de laboratorio, lo que le permite aportar una visi\u00f3n m\u00e1s completa en el manejo de muestras y apoyo diagn\u00f3stico, contribuyendo a una atenci\u00f3n m\u00e1s \u00e1gil y precisa para cada paciente.<\/p><p><br><\/p><p>Su trato cercano, su atenci\u00f3n al detalle y su compromiso con el bienestar animal hacen que tanto las mascotas como sus familias se sientan acompa\u00f1adas y en buenas manos. Tiene una conexi\u00f3n especial con los gatos y cuida cada detalle para que sus visitas sean lo menos estresantes posible.<\/p><\/div>\n\t\t\t\t<\/div>\n\t\t\t\t\t\t\t\t<\/div>\n\t\t\t\t\t\t<\/div>\n\t\t\t\t<\/div>\n\t\t\t\t\t<\/div>\n\t\t<\/div>\n\t\t\t\t\t<\/div>\n\t\t<\/section>\n\t\t\t\t\t<\/div>\n\t\t<\/div>\n\t\t\t\t\t<\/div>\n\t\t<\/section>\n\t\t\t\t<\/div>\n\t\t","protected":false},"excerpt":{"rendered":"<p>Todo el equipo de la Cl\u00ednica Veterinaria San Francisco de As\u00eds une sus esfuerzos para que tanto las mascotas como sus familiares se sientan como en casa. El buen ambiente en el que trabajamos se traslada a nuestros clientes, con quienes estamos orgullosos de mantener una estupenda relaci\u00f3n de cordialidad y confianza. Para nosotros es &hellip; <\/p>\n","protected":false},"author":1,"featured_media":0,"parent":0,"menu_order":0,"comment_status":"closed","ping_status":"closed","template":"page-fullwidth.php","meta":{"_acf_changed":false,"content-type":"","footnotes":""},"class_list":["post-13550","page","type-page","status-publish","hentry"],"acf":[],"_links":{"self":[{"href":"https:\/\/www.unavets.com\/sanfrancisco\/es\/wp-json\/wp\/v2\/pages\/13550","targetHints":{"allow":["GET"]}}],"collection":[{"href":"https:\/\/www.unavets.com\/sanfrancisco\/es\/wp-json\/wp\/v2\/pages"}],"about":[{"href":"https:\/\/www.unavets.com\/sanfrancisco\/es\/wp-json\/wp\/v2\/types\/page"}],"author":[{"embeddable":true,"href":"https:\/\/www.unavets.com\/sanfrancisco\/es\/wp-json\/wp\/v2\/users\/1"}],"replies":[{"embeddable":true,"href":"https:\/\/www.unavets.com\/sanfrancisco\/es\/wp-json\/wp\/v2\/comments?post=13550"}],"version-history":[{"count":24,"href":"https:\/\/www.unavets.com\/sanfrancisco\/es\/wp-json\/wp\/v2\/pages\/13550\/revisions"}],"predecessor-version":[{"id":18571,"href":"https:\/\/www.unavets.com\/sanfrancisco\/es\/wp-json\/wp\/v2\/pages\/13550\/revisions\/18571"}],"wp:attachment":[{"href":"https:\/\/www.unavets.com\/sanfrancisco\/es\/wp-json\/wp\/v2\/media?parent=13550"}],"curies":[{"name":"wp","href":"https:\/\/api.w.org\/{rel}","templated":true}]}}