{"id":22018,"date":"2022-03-21T16:09:44","date_gmt":"2022-03-21T16:09:44","guid":{"rendered":"https:\/\/www.unavets.com\/a-nossa-equipa\/"},"modified":"2026-01-14T08:47:07","modified_gmt":"2026-01-14T08:47:07","slug":"a-nossa-equipa","status":"publish","type":"page","link":"https:\/\/www.unavets.com\/pt-pt\/a-nossa-equipa\/","title":{"rendered":"A Nossa Equipa"},"content":{"rendered":"\t\t<div data-elementor-type=\"wp-page\" data-elementor-id=\"22018\" class=\"elementor elementor-22018 elementor-12557\" data-elementor-post-type=\"page\">\n\t\t\t\t\t\t<section class=\"elementor-section elementor-top-section elementor-element elementor-element-4a281c92 elementor-section-boxed elementor-section-height-default elementor-section-height-default\" data-id=\"4a281c92\" data-element_type=\"section\" data-e-type=\"section\" id=\"main-sec\">\n\t\t\t\t\t\t<div class=\"elementor-container elementor-column-gap-default\">\n\t\t\t\t\t<div class=\"elementor-column elementor-col-100 elementor-top-column elementor-element elementor-element-5b693741\" data-id=\"5b693741\" data-element_type=\"column\" data-e-type=\"column\">\n\t\t\t<div class=\"elementor-widget-wrap elementor-element-populated\">\n\t\t\t\t\t\t<div class=\"elementor-element elementor-element-202e5c42 elementor-widget elementor-widget-text-editor\" data-id=\"202e5c42\" data-element_type=\"widget\" data-e-type=\"widget\" data-widget_type=\"text-editor.default\">\n\t\t\t\t<div class=\"elementor-widget-container\">\n\t\t\t\t\t\t\t\t\t<p>Para al\u00e9m dos 1.500 elementos das equipas dos nossos 161 centros, a equipa de servi\u00e7os partilhados UNAVETS tem uma vasta experi\u00eancia nos setores da medicina veterin\u00e1ria e da gest\u00e3o. Assumimos o trabalho administrativo nas \u00e1reas de Finan\u00e7a e Contabilidade, Marketing, Tecnologia, RH, e Opera\u00e7\u00f5es, para que os nossos veterin\u00e1rios se possam concentrar no que \u00e9 verdadeiramente importante: cuidar da sa\u00fade e do bem-estar dos animais de estima\u00e7\u00e3o que tanto amamos.\u00a0<\/p><p><div id=\"our_team_wrapper\"><div id=\"our_team_inner\" class=\"our_team_inner\"><div class=\"our_team_category team_cat_gestao-executiva\"><div class=\"team_cat_title\">Gest\u00e3o Executiva<\/div><div class=\"team_block_wrapper\"><div class=\"team_block team_block1 team_member25655\"><div class=\"team_block_inner\"><div class=\"member_img\"><img decoding=\"async\" src=\"https:\/\/www.unavets.com\/wp-content\/uploads\/2025\/02\/105.png\" alt=\"\" \/><\/div><div class=\"team_block_details\"><h3 class=\"member_name\">Enrique Cardona<\/h3><h4 class=\"member_role\">CEO<\/h4><p class=\"member_content\">Enrique teve uma longa carreira nos cuidados de sa\u00fade humanos e veterin\u00e1rios durante os \u00faltimos 25 anos. Antes de entrar no setor veterin\u00e1rio, Enrique ocupou cargos de gest\u00e3o de topo no setor hospitalar de sa\u00fade humana, nomeadamente no desenvolvimento do neg\u00f3cio dos lares ou enquanto chefe dos mercados internacionais de uma multinacional americana de cuidados de sa\u00fade de segunda opini\u00e3o e telemedicina. A sua vasta experi\u00eancia no setor da sa\u00fade humana tamb\u00e9m lhe permitiu trazer essa experi\u00eancia para o setor veterin\u00e1rio.<\/p><div class=\"toggle_wrapper\"><a class=\"member_toggle toggle_more\">Ler Mais<\/a><a class=\"member_toggle toggle_less\">Ler Menos<\/a><\/div><\/div><\/div><\/div><div class=\"team_block team_block2 team_member23055\"><div class=\"team_block_inner\"><div class=\"member_img\"><img decoding=\"async\" src=\"https:\/\/www.unavets.com\/wp-content\/uploads\/2021\/03\/Fotos-Unavets-Pagina-web-5-scaled.jpg\" alt=\"\" \/><\/div><div class=\"team_block_details\"><h3 class=\"member_name\">Guilherme Assis<\/h3><h4 class=\"member_role\">CEO Adjunto e CFO<\/h4><p class=\"member_content\">Guilherme tem mais de 25 anos de experi\u00eancia em finan\u00e7as e cargos executivos, em diversos setores de atividade. Trabalhou por todo o mundo, em pa\u00edses como a \u00cdndia, Singapura e Brasil para empresas multinacionais como a Consoveyo e o Grupo Efacec. Tem uma vasta experi\u00eancia, nomeadamente na otimiza\u00e7\u00e3o de equipas globais de finan\u00e7as e tesouraria, sistemas de gest\u00e3o e tecnologia, melhoria da efici\u00eancia e tamb\u00e9m opera\u00e7\u00f5es, reestrutura\u00e7\u00e3o e reengenharia de neg\u00f3cios. Atualmente \u00e9 <strong>Administrador Executivo<\/strong>\u00a0da Onevet.\r\n\r\n<span style=\"color: #0000ff;\"><a href=\"https:\/\/www.linkedin.com\/in\/guilherme-assis-739954a\/\" target=\"_blank\" rel=\"noopener noreferrer\"><img decoding=\"async\" class=\"alignnone wp-image-16128 aligncenter\" style=\"color: #333333;\" src=\"https:\/\/www.unavets.com\/wp-content\/uploads\/2021\/03\/LinkedIn-Logo.png\" alt=\"\" width=\"102\" height=\"57\" \/><\/a><\/span><\/p><div class=\"toggle_wrapper\"><a class=\"member_toggle toggle_more\">Ler Mais<\/a><a class=\"member_toggle toggle_less\">Ler Menos<\/a><\/div><\/div><\/div><\/div><div class=\"team_block team_block3 team_member23059\"><div class=\"team_block_inner\"><div class=\"member_img\"><img decoding=\"async\" src=\"https:\/\/www.unavets.com\/wp-content\/uploads\/2020\/12\/Ignacio-Gonzalez-scaled.jpg\" alt=\"\" \/><\/div><div class=\"team_block_details\"><h3 class=\"member_name\">Ignacio Gonz\u00e1lez<\/h3><h4 class=\"member_role\">Diretor de Fus\u00f5es e Aquisi\u00e7\u00f5es<\/h4><p class=\"member_content\">Ignacio \u00e9 licenciado em Economia pela Universidade Complutense de Madrid. Trabalhou durante 25 anos como Gestor Banc\u00e1rio no departamento financeiro, gerindo multinacionais de consumo e comunica\u00e7\u00e3o.\n\nFoi tamb\u00e9m consultor financeiro em patrim\u00f3nio para clientes e investidores, e s\u00f3cio-gerente da \u00e1rea de desenvolvimento de neg\u00f3cios da Unom\u00e1sdos, uma empresa de consultoria para empresas e grupos de investimento. \u00c9 assessor de empres\u00e1rios, grupos de investimento e neg\u00f3cios de fam\u00edlia na gest\u00e3o de patrim\u00f3nio.<\/p><div class=\"toggle_wrapper\"><a class=\"member_toggle toggle_more\">Ler Mais<\/a><a class=\"member_toggle toggle_less\">Ler Menos<\/a><\/div><\/div><\/div><\/div><div class=\"team_block team_block4 team_member23056\"><div class=\"team_block_inner\"><div class=\"member_img\"><img decoding=\"async\" src=\"https:\/\/www.unavets.com\/wp-content\/uploads\/2020\/12\/84.png\" alt=\"\" \/><\/div><div class=\"team_block_details\"><h3 class=\"member_name\">Aar\u00f3n Filiberto Sisternes<\/h3><h4 class=\"member_role\">Consultor Financeiro<\/h4><p class=\"member_content\">Aar\u00f3n \u00e9 um economista com mais de 20 anos de experi\u00eancia, obtida na multinacional Eastman Kodak, com responsabilidades de gest\u00e3o na \u00e1rea de Finan\u00e7as &amp; Auditoria. \u00c9 membro dos conselhos de administra\u00e7\u00e3o de v\u00e1rias empresas em Espanha, Portugal, EUA, B\u00e9lgica, It\u00e1lia e Israel. \u00c9 especialista em gest\u00e3o econ\u00f3mico-financeira, gest\u00e3o de processos de outsourcing, reestrutura\u00e7\u00e3o de entidades jur\u00eddicas, M&amp;A, implementa\u00e7\u00e3o de novos modelos de neg\u00f3cio e em gest\u00e3o de empresas.\r\n\r\n<a href=\"https:\/\/www.linkedin.com\/in\/aaronfilibertosisternes\/\" target=\"_blank\" rel=\"noopener noreferrer\"><img decoding=\"async\" class=\"wp-image-16128 aligncenter\" src=\"https:\/\/www.unavets.com\/wp-content\/uploads\/2021\/03\/LinkedIn-Logo.png\" alt=\"\" width=\"102\" height=\"57\" \/><\/a><\/p><div class=\"toggle_wrapper\"><a class=\"member_toggle toggle_more\">Ler Mais<\/a><a class=\"member_toggle toggle_less\">Ler Menos<\/a><\/div><\/div><\/div><\/div><\/div><\/div><div class=\"our_team_category team_cat_network-development-3\"><div class=\"team_cat_title\">Network Development<\/div><div class=\"team_block_wrapper\"><div class=\"team_block team_block1 team_member23060\"><div class=\"team_block_inner\"><div class=\"member_img\"><img decoding=\"async\" src=\"https:\/\/www.unavets.com\/wp-content\/uploads\/2020\/12\/93.png\" alt=\"\" \/><\/div><div class=\"team_block_details\"><h3 class=\"member_name\">Miguel Casado<\/h3><h4 class=\"member_role\">Diretor Network Development<\/h4><p class=\"member_content\">Miguel tem mais de 20 anos de experi\u00eancia de vendas no setor da sa\u00fade animal. Foi Diretor de Vendas e Diretor de Distribui\u00e7\u00e3o na 3M, Royal Canin, Vetzona online, e tem sido o Diretor de Marketing da Scil Iberia.\r\n\r\n<a href=\"https:\/\/www.linkedin.com\/in\/macnistal\/\" target=\"_blank\" rel=\"noopener noreferrer\"><img decoding=\"async\" class=\"wp-image-16128 aligncenter\" src=\"https:\/\/www.unavets.com\/wp-content\/uploads\/2021\/03\/LinkedIn-Logo.png\" alt=\"\" width=\"102\" height=\"57\" \/><\/a><\/p><div class=\"toggle_wrapper\"><a class=\"member_toggle toggle_more\">Ler Mais<\/a><a class=\"member_toggle toggle_less\">Ler Menos<\/a><\/div><\/div><\/div><\/div><div class=\"team_block team_block2 team_member26835\"><div class=\"team_block_inner\"><div class=\"member_img\"><img decoding=\"async\" src=\"https:\/\/www.unavets.com\/wp-content\/uploads\/2025\/02\/104.png\" alt=\"\" \/><\/div><div class=\"team_block_details\"><h3 class=\"member_name\">Gaia Lafortezza<\/h3><h4 class=\"member_role\">Area Manager<\/h4><p class=\"member_content\">Gaia licenciou-se em Medicina Veterin\u00e1ria na Universidade de Bari (It\u00e1lia) em 2011 e fez um mestrado em Reprodu\u00e7\u00e3o Animal na Universidade de M\u00farcia em 2015. TTem trabalhado no sector dos pequenos animais e cavalos em diferentes centros em It\u00e1lia, Fran\u00e7a e Espanha. A partir de 2020, teve a oportunidade de se dedicar \u00e0 gest\u00e3o dos centros veterin\u00e1rios Clinicanimal e Kivet na regi\u00e3o da Catalunha e Arag\u00e3o, at\u00e9 se juntar ao Grupo UNAVETS no final de Abril de 2023.\r\n\r\n<a href=\"http:\/\/linkedin.com\/in\/gaia-lafortezza-7a808483\" target=\"_blank\" rel=\"noopener\"><img decoding=\"async\" class=\"aligncenter wp-image-16128\" src=\"https:\/\/www.unavets.com\/wp-content\/uploads\/2021\/03\/LinkedIn-Logo.png\" alt=\"\" width=\"102\" height=\"57\" \/><\/a><\/p><div class=\"toggle_wrapper\"><a class=\"member_toggle toggle_more\">Ler Mais<\/a><a class=\"member_toggle toggle_less\">Ler Menos<\/a><\/div><\/div><\/div><\/div><div class=\"team_block team_block3 team_member26332\"><div class=\"team_block_inner\"><div class=\"member_img\"><img decoding=\"async\" src=\"https:\/\/www.unavets.com\/wp-content\/uploads\/2025\/02\/107.png\" alt=\"\" \/><\/div><div class=\"team_block_details\"><h3 class=\"member_name\">El\u00edxabet Aguirre<\/h3><h4 class=\"member_role\">Area Manager<\/h4><p class=\"member_content\">El\u00edxabet licenciou-se em Medicina Veterin\u00e1ria pela Universidade de Santiago de Compostela em 2004. Ap\u00f3s os seus estudos, trabalhou durante um ano numa cl\u00ednica veterin\u00e1ria em Londres, antes de regressar \u00e0 Galiza para continuar a desenvolver a sua carreira profissional. Em 2015 teve a oportunidade de come\u00e7ar com a gest\u00e3o de algumas cl\u00ednicas na Galiza para mais tarde se ocupar da \u00e1rea Norte e Can\u00e1rias das cl\u00ednicas Kivet e Clinicanimal at\u00e9 Fevereiro de 2023, quando passou a fazer parte do Grupo Unavets.\r\n\r\n<a href=\"www.linkedin.com\/in\/elixabetaguirre\"><img decoding=\"async\" class=\"aligncenter wp-image-16128\" src=\"https:\/\/www.unavets.com\/wp-content\/uploads\/2021\/03\/LinkedIn-Logo.png\" alt=\"\" width=\"102\" height=\"57\" \/><\/a><\/p><div class=\"toggle_wrapper\"><a class=\"member_toggle toggle_more\">Ler Mais<\/a><a class=\"member_toggle toggle_less\">Ler Menos<\/a><\/div><\/div><\/div><\/div><div class=\"team_block team_block4 team_member26340\"><div class=\"team_block_inner\"><div class=\"member_img\"><img decoding=\"async\" src=\"https:\/\/www.unavets.com\/wp-content\/uploads\/2023\/03\/Fotos-Unavets-Pagina-web-1-scaled.jpg\" alt=\"\" \/><\/div><div class=\"team_block_details\"><h3 class=\"member_name\">Jos\u00e9 Fern\u00e1ndez<\/h3><h4 class=\"member_role\">Area Manager<\/h4><p class=\"member_content\">Jose tem mais de 25 anos de experi\u00eancia no sector veterin\u00e1rio. Ele \u00e9 respons\u00e1vel pela coordena\u00e7\u00e3o e gest\u00e3o dos centros veterin\u00e1rios UNAVETS na Andaluzia e Madrid. Trabalhou em empresas do sector veterin\u00e1rio tais como Hills e Purina e foi Gestor de 5 dos seus pr\u00f3prios centros e de um hospital veterin\u00e1rio at\u00e9 \u00e0 sua venda.\r\n\r\n<a href=\"https:\/\/www.linkedin.com\/in\/jose-fern%C3%A1ndez-ord%C3%B3%C3%B1ez-95083b18b\/\" target=\"_blank\" rel=\"noopener\"><img decoding=\"async\" class=\"aligncenter wp-image-16128\" src=\"https:\/\/www.unavets.com\/wp-content\/uploads\/2021\/03\/LinkedIn-Logo.png\" alt=\"\" width=\"102\" height=\"57\" \/><\/a><\/p><div class=\"toggle_wrapper\"><a class=\"member_toggle toggle_more\">Ler Mais<\/a><a class=\"member_toggle toggle_less\">Ler Menos<\/a><\/div><\/div><\/div><\/div><div class=\"team_block team_block5 team_member33300\"><div class=\"team_block_inner\"><div class=\"member_img\"><img decoding=\"async\" src=\"https:\/\/www.unavets.com\/wp-content\/uploads\/2025\/08\/Sandra-Suarez-1-scaled.jpg\" alt=\"\" \/><\/div><div class=\"team_block_details\"><h3 class=\"member_name\">Sandra Su\u00e1rez<\/h3><h4 class=\"member_role\">Area Manager<\/h4><p class=\"member_content\">Sandra \u00e9 licenciada em Medicina Veterin\u00e1ria pela Universidade de Le\u00e3o e trabalhou em diversas cl\u00ednicas e hospitais em Espanha, com especial enfoque em etologia e nutri\u00e7\u00e3o. Em 2018, iniciou a sua trajet\u00f3ria na gest\u00e3o de centros veterin\u00e1rios, assumindo a coordena\u00e7\u00e3o nacional da Clinicanimal. Em 2020, juntou-se \u00e0 Kivet, gerindo a zona de Levante e das Ilhas Baleares, e em 2025 come\u00e7ou a fazer parte do grupo UNAVETS.<\/p><div class=\"toggle_wrapper\"><a class=\"member_toggle toggle_more\">Ler Mais<\/a><a class=\"member_toggle toggle_less\">Ler Menos<\/a><\/div><\/div><\/div><\/div><div class=\"team_block team_block6 team_member23062\"><div class=\"team_block_inner\"><div class=\"member_img\"><img decoding=\"async\" src=\"https:\/\/www.unavets.com\/wp-content\/uploads\/2025\/02\/100.png\" alt=\"\" \/><\/div><div class=\"team_block_details\"><h3 class=\"member_name\">Joaqu\u00edn Guzm\u00e1n<\/h3><h4 class=\"member_role\">Analista Financeiro<\/h4><p class=\"member_content\">Joaqu\u00edn \u00e9 licenciado em Administra\u00e7\u00e3o e Gest\u00e3o de Empresas pelo ICADE, especializado em finan\u00e7as, e permaneceu numa faculdade de neg\u00f3cios em Fran\u00e7a (Bordeaux). Tem 6 anos de experi\u00eancia profissional em \u00e1reas como consultoria e servi\u00e7os financeiros em empresas multinacionais (EADS, EY, BNP Paribas), para clientes em m\u00faltiplos setores, tanto a n\u00edvel nacional como internacional.\r\n\r\n<a href=\"https:\/\/www.linkedin.com\/in\/joaquinguzman7\/\" target=\"_blank\" rel=\"noopener noreferrer\"><img decoding=\"async\" class=\"wp-image-16128 aligncenter\" src=\"https:\/\/www.unavets.com\/wp-content\/uploads\/2021\/03\/LinkedIn-Logo.png\" alt=\"\" width=\"102\" height=\"57\" \/><\/a><\/p><div class=\"toggle_wrapper\"><a class=\"member_toggle toggle_more\">Ler Mais<\/a><a class=\"member_toggle toggle_less\">Ler Menos<\/a><\/div><\/div><\/div><\/div><div class=\"team_block team_block7 team_member33289\"><div class=\"team_block_inner\"><div class=\"member_img\"><img decoding=\"async\" src=\"https:\/\/www.unavets.com\/wp-content\/uploads\/2025\/08\/Miguel-Maldonado-2-scaled.jpg\" alt=\"\" \/><\/div><div class=\"team_block_details\"><h3 class=\"member_name\">Miguel Maldonado<\/h3><h4 class=\"member_role\">Analista Financeiro<\/h4><p class=\"member_content\">Miguel \u00e9 licenciado em Direito e Administra\u00e7\u00e3o de Empresas pela UAM.\nEspecializou-se primeiramente em Contabilidade e Finan\u00e7as e, posteriormente, em\nFus\u00f5es e Aquisi\u00e7\u00f5es. Ap\u00f3s a sua passagem pelas multinacionais Grant Thornton e\nDeloitte, Miguel adquiriu experi\u00eancia financeira atrav\u00e9s da auditoria de clientes de\ndiversos setores e da consultoria financeira em processos de M&amp;A para clientes de\ngrande relev\u00e2ncia a n\u00edvel nacional e internacional.<\/p><div class=\"toggle_wrapper\"><a class=\"member_toggle toggle_more\">Ler Mais<\/a><a class=\"member_toggle toggle_less\">Ler Menos<\/a><\/div><\/div><\/div><\/div><\/div><\/div><div class=\"our_team_category team_cat_operacoes\"><div class=\"team_cat_title\">Opera\u00e7\u00f5es, Post Merger Integration e TI<\/div><div class=\"team_block_wrapper\"><div class=\"team_block team_block1 team_member23065\"><div class=\"team_block_inner\"><div class=\"member_img\"><img decoding=\"async\" src=\"https:\/\/www.unavets.com\/wp-content\/uploads\/2021\/03\/Fotos-Unavets-Pagina-web-8-scaled.jpg\" alt=\"\" \/><\/div><div class=\"team_block_details\"><h3 class=\"member_name\">Paulo Pimenta<\/h3><h4 class=\"member_role\">Diretor de Opera\u00e7\u00f5es, Portugal<\/h4><p class=\"member_content\">Paulo terminou a sua forma\u00e7\u00e3o como veterin\u00e1rio em 1998 e estudou para um mestrado em Medicina Veterin\u00e1ria em 2011 na UTAD, Portugal. Em 2002, concluiu a sua p\u00f3s-gradua\u00e7\u00e3o em Oftalmologia Veterin\u00e1ria pela UAB, Espanha. Fez tamb\u00e9m um Programa Avan\u00e7ado de Gest\u00e3o para Empresas de Sa\u00fade Animal lecionado pela Faculdade de Gest\u00e3o e Economia da Universidade Cat\u00f3lica de Lisboa, Portugal, em 2012. Atualmente \u00e9 o Diretor de Opera\u00e7\u00f5es da Onevet e tem sido o diretor cl\u00ednico da HVTM desde 2002.\r\n\r\n<a href=\"https:\/\/www.linkedin.com\/in\/paulo-pimenta-07b048189\/\" target=\"_blank\" rel=\"noopener noreferrer\"><img decoding=\"async\" class=\"wp-image-16128 aligncenter\" src=\"https:\/\/www.unavets.com\/wp-content\/uploads\/2021\/03\/LinkedIn-Logo.png\" alt=\"\" width=\"102\" height=\"57\" \/><\/a><\/p><div class=\"toggle_wrapper\"><a class=\"member_toggle toggle_more\">Ler Mais<\/a><a class=\"member_toggle toggle_less\">Ler Menos<\/a><\/div><\/div><\/div><\/div><div class=\"team_block team_block2 team_member23066\"><div class=\"team_block_inner\"><div class=\"member_img\"><img decoding=\"async\" src=\"https:\/\/www.unavets.com\/wp-content\/uploads\/2020\/12\/Irene-Marco-scaled.jpg\" alt=\"\" \/><\/div><div class=\"team_block_details\"><h3 class=\"member_name\">Irene Marco<\/h3><h4 class=\"member_role\">Gestor de Opera\u00e7\u00f5es Cl\u00ednicas<\/h4><p class=\"member_content\">Irene \u00e9 licenciada em Medicina Veterin\u00e1ria pela UAB. Tem mais de 10 anos de experi\u00eancia no setor da sa\u00fade animal e experi\u00eancia cl\u00ednica em v\u00e1rios hospitais em Barcelona. A sua experi\u00eancia anterior inclui ainda a posi\u00e7\u00e3o de chefe de vendas e marketing na VetNova e a gest\u00e3o dos centros veterin\u00e1rios do Kivet.\r\n\r\n<a href=\"https:\/\/www.linkedin.com\/in\/irene-marco-alsina-35b19260\/\" target=\"_blank\" rel=\"noopener noreferrer\"><img decoding=\"async\" class=\"wp-image-16128 aligncenter\" src=\"https:\/\/www.unavets.com\/wp-content\/uploads\/2021\/03\/LinkedIn-Logo.png\" alt=\"\" width=\"102\" height=\"57\" \/><\/a><\/p><div class=\"toggle_wrapper\"><a class=\"member_toggle toggle_more\">Ler Mais<\/a><a class=\"member_toggle toggle_less\">Ler Menos<\/a><\/div><\/div><\/div><\/div><div class=\"team_block team_block3 team_member23069\"><div class=\"team_block_inner\"><div class=\"member_img\"><img decoding=\"async\" src=\"https:\/\/www.unavets.com\/wp-content\/uploads\/2021\/06\/80.png\" alt=\"\" \/><\/div><div class=\"team_block_details\"><h3 class=\"member_name\">Ana Sumastre<\/h3><h4 class=\"member_role\">Propriedade e Instala\u00e7\u00f5es<\/h4><p class=\"member_content\">Ana tem um diploma de arquitetura da Universidad Politecnica de Madrid. Tem 25 anos de experi\u00eancia como diretora em diferentes empresas multinacionais, concentrando-se na expans\u00e3o, obras e manuten\u00e7\u00e3o. Tamb\u00e9m trabalhou como gestora de projetos, realizando projetos de arquitetura, coordenando e executando novas obras de constru\u00e7\u00e3o e remodela\u00e7\u00e3o de instala\u00e7\u00f5es para diferentes empresas retalhistas em setores como a restaura\u00e7\u00e3o, a banca e o com\u00e9rcio.\r\n\r\n<a href=\"https:\/\/www.linkedin.com\/in\/ana-sumastre-trevi%C3%B1o-b2912643\/\" target=\"_blank\" rel=\"noopener noreferrer\"><img decoding=\"async\" class=\"aligncenter wp-image-16128\" src=\"https:\/\/www.unavets.com\/wp-content\/uploads\/2021\/03\/LinkedIn-Logo.png\" alt=\"\" width=\"102\" height=\"57\" \/><\/a><\/p><div class=\"toggle_wrapper\"><a class=\"member_toggle toggle_more\">Ler Mais<\/a><a class=\"member_toggle toggle_less\">Ler Menos<\/a><\/div><\/div><\/div><\/div><div class=\"team_block team_block4 team_member31703\"><div class=\"team_block_inner\"><div class=\"member_img\"><img decoding=\"async\" src=\"https:\/\/www.unavets.com\/wp-content\/uploads\/2025\/02\/109.png\" alt=\"\" \/><\/div><div class=\"team_block_details\"><h3 class=\"member_name\">Carolina Torrado<\/h3><h4 class=\"member_role\">Analista de Integra\u00e7\u00e3o P\u00f3s-Fus\u00e3o<\/h4><p class=\"member_content\">Carolina tem mais de 15 anos de experi\u00eancia em gest\u00e3o empresarial e otimiza\u00e7\u00e3o de processos financeiros. Atualmente, trabalha na <strong>UNAVETS<\/strong>, onde desempenhou fun\u00e7\u00f5es na integra\u00e7\u00e3o p\u00f3s-fus\u00e3o e an\u00e1lise financeira.\n\nAo longo de sua carreira, ocupou cargos estrat\u00e9gicos em empresas de diversos setores, como Venair e KONET GROUP, com foco na gest\u00e3o de contas, otimiza\u00e7\u00e3o de processos e coordena\u00e7\u00e3o administrativa.\n\nCarolina possui forma\u00e7\u00e3o em Administra\u00e7\u00e3o de Empresas e Educa\u00e7\u00e3o Infantil pela Universidade Aut\u00f4noma de Madrid.<\/p><div class=\"toggle_wrapper\"><a class=\"member_toggle toggle_more\">Ler Mais<\/a><a class=\"member_toggle toggle_less\">Ler Menos<\/a><\/div><\/div><\/div><\/div><div class=\"team_block team_block5 team_member34067\"><div class=\"team_block_inner\"><div class=\"member_img\"><img decoding=\"async\" src=\"https:\/\/www.unavets.com\/wp-content\/uploads\/2026\/03\/Cruz-Bosch-scaled.jpg\" alt=\"\" \/><\/div><div class=\"team_block_details\"><h3 class=\"member_name\">Cruz Bosch<\/h3><h4 class=\"member_role\">Analista de Integra\u00e7\u00e3o P\u00f3s-Fus\u00e3o<\/h4><p class=\"member_content\">Cruz \u00e9 graduada em Direito e Filosofia pela Universidade de Buenos Aires e possui um Mestrado em Direito das Empresas pela Universidade de Navarra. Iniciou a sua trajet\u00f3ria profissional na \u00e1rea mercantil na Argentina antes de se mudar para Madrid em 2020. Det\u00e9m experi\u00eancia especializada em arbitragem comercial e, mais recentemente, no setor de servi\u00e7os corporativos numa firma global. No \u00e2mbito pessoal, \u00e9 apaixonada pela leitura, pelo desporto ao ar livre e por escapadelas no campo.<\/p><div class=\"toggle_wrapper\"><a class=\"member_toggle toggle_more\">Ler Mais<\/a><a class=\"member_toggle toggle_less\">Ler Menos<\/a><\/div><\/div><\/div><\/div><div class=\"team_block team_block6 team_member32598\"><div class=\"team_block_inner\"><div class=\"member_img\"><img decoding=\"async\" src=\"https:\/\/www.unavets.com\/wp-content\/uploads\/2025\/05\/Fotos-Unavets-Pagina-web-scaled.jpg\" alt=\"\" \/><\/div><div class=\"team_block_details\"><h3 class=\"member_name\">Nerea Gata<\/h3><h4 class=\"member_role\">Apoio Opera\u00e7\u00f5es<\/h4><p class=\"member_content\">Ap\u00f3s finalizar os seus estudos de ATV em 2017, iniciou o seu percurso com mais de 6 anos de experi\u00eancia em atendimento ao cliente e tarefas administrativas em hospitais veterin\u00e1rios de refer\u00eancia com atendimento permanente. Define-se como uma pessoa organizada, decidida e pr\u00f3xima. Atualmente, estuda Administra\u00e7\u00e3o e Finan\u00e7as \u00e0 dist\u00e2ncia, com o objetivo de continuar a crescer na \u00e1rea administrativa. Entre os seus hobbies destaca o snorkel.<\/p><div class=\"toggle_wrapper\"><a class=\"member_toggle toggle_more\">Ler Mais<\/a><a class=\"member_toggle toggle_less\">Ler Menos<\/a><\/div><\/div><\/div><\/div><div class=\"team_block team_block7 team_member32077\"><div class=\"team_block_inner\"><div class=\"member_img\"><img decoding=\"async\" src=\"https:\/\/www.unavets.com\/wp-content\/uploads\/2025\/02\/99.png\" alt=\"\" \/><\/div><div class=\"team_block_details\"><h3 class=\"member_name\">Javier Mayoral<\/h3><h4 class=\"member_role\">Apoio Software<\/h4><p class=\"member_content\">Javier tem forma\u00e7\u00e3o em Inform\u00e1tica e como assistente veterin\u00e1rio com especializa\u00e7\u00e3o em reabilita\u00e7\u00e3o. Desenvolveu uma experi\u00eancia valiosa de mais de tr\u00eas anos num hospital veterin\u00e1rio de refer\u00eancia, incluindo gerir plataformas de gest\u00e3o. O seu empenho na forma\u00e7\u00e3o cont\u00ednua e a sua paix\u00e3o pelos animais s\u00e3o os pilares da sua carreira.<\/p><div class=\"toggle_wrapper\"><a class=\"member_toggle toggle_more\">Ler Mais<\/a><a class=\"member_toggle toggle_less\">Ler Menos<\/a><\/div><\/div><\/div><\/div><div class=\"team_block team_block8 team_member25337\"><div class=\"team_block_inner\"><div class=\"member_img\"><img decoding=\"async\" src=\"https:\/\/www.unavets.com\/wp-content\/uploads\/2025\/02\/111.png\" alt=\"\" \/><\/div><div class=\"team_block_details\"><h3 class=\"member_name\">Bel\u00e9n D\u00edaz<\/h3><h4 class=\"member_role\">Apoio Software<\/h4><p class=\"member_content\">Bel\u00e9n \u00e9 uma profissional com uma vasta experi\u00eancia no sector veterin\u00e1rio. Estudou o curso de assistente veterin\u00e1ria e trabalhou durante v\u00e1rios anos como assistente cl\u00ednica num hospital de refer\u00eancia como o ATV, onde teve a oportunidade de trabalhar com v\u00e1rios programas de gest\u00e3o. \u00c9 uma pessoa organizada, trabalhadora e entusiasta. Os seus passatempos incluem a fotografia e a natureza.\r\n\r\n<a href=\"https:\/\/www.linkedin.com\/in\/bel%C3%A9n-d%C3%ADaz-gonz%C3%A1lez-a369b0134\/\" target=\"_blank\" rel=\"noopener\"><img decoding=\"async\" class=\"aligncenter wp-image-16128\" src=\"https:\/\/www.unavets.com\/wp-content\/uploads\/2021\/03\/LinkedIn-Logo.png\" alt=\"\" width=\"102\" height=\"57\" \/><\/a>\r\n\r\n&nbsp;<\/p><div class=\"toggle_wrapper\"><a class=\"member_toggle toggle_more\">Ler Mais<\/a><a class=\"member_toggle toggle_less\">Ler Menos<\/a><\/div><\/div><\/div><\/div><div class=\"team_block team_block9 team_member33234\"><div class=\"team_block_inner\"><div class=\"member_img\"><img decoding=\"async\" src=\"https:\/\/www.unavets.com\/wp-content\/uploads\/2025\/07\/Jose-Labrador-scaled.jpg\" alt=\"\" \/><\/div><div class=\"team_block_details\"><h3 class=\"member_name\">Jose Labrador<\/h3><h4 class=\"member_role\">Apoio IT<\/h4><p class=\"member_content\">Jos\u00e9 \u00e9 engenheiro de sistemas inform\u00e1ticos. Apaixonado por oferecer solu\u00e7\u00f5es tecnol\u00f3gicas eficazes, mantendo a ordem, o controlo de equipamentos e infraestruturas. Tem experi\u00eancia em gest\u00e3o de incidentes, apoio a utilizadores e administra\u00e7\u00e3o de infraestruturas. Destaca-se pela implementa\u00e7\u00e3o de solu\u00e7\u00f5es altamente eficazes, orientadas para otimizar processos e reduzir falhas. Na UNAVETS, o seu objetivo \u00e9 contribuir para que a tecnologia seja uma aliada fi\u00e1vel, alinhada com as novas tend\u00eancias e com um funcionamento est\u00e1vel para todos.<\/p><div class=\"toggle_wrapper\"><a class=\"member_toggle toggle_more\">Ler Mais<\/a><a class=\"member_toggle toggle_less\">Ler Menos<\/a><\/div><\/div><\/div><\/div><div class=\"team_block team_block10 team_member33291\"><div class=\"team_block_inner\"><div class=\"member_img\"><img decoding=\"async\" src=\"https:\/\/www.unavets.com\/wp-content\/uploads\/2025\/08\/Elena-Escapa-scaled.jpg\" alt=\"\" \/><\/div><div class=\"team_block_details\"><h3 class=\"member_name\">Elena Escapa<\/h3><h4 class=\"member_role\">Analista de Compras e Sinergia<\/h4><p class=\"member_content\">Elena \u00e9 licenciada em Gest\u00e3o de Empresas pela Universidade de Santiago de\nCompostela e tem uma p\u00f3s-gradua\u00e7\u00e3o em Gest\u00e3o de Com\u00e9rcio Internacional pela\nC\u00e2mara de Com\u00e9rcio de Madrid. Tem 13 anos de experi\u00eancia no setor de retalho,\ndesempenhando fun\u00e7\u00f5es de compras, Product Manager e importa\u00e7\u00e3o em\nimportantes empresas de grande distribui\u00e7\u00e3o e moda.<\/p><div class=\"toggle_wrapper\"><a class=\"member_toggle toggle_more\">Ler Mais<\/a><a class=\"member_toggle toggle_less\">Ler Menos<\/a><\/div><\/div><\/div><\/div><div class=\"team_block team_block11 team_member33292\"><div class=\"team_block_inner\"><div class=\"member_img\"><img decoding=\"async\" src=\"https:\/\/www.unavets.com\/wp-content\/uploads\/2025\/08\/Manuel-Gordillo-scaled.jpg\" alt=\"\" \/><\/div><div class=\"team_block_details\"><h3 class=\"member_name\">Manuel Gordillo<\/h3><h4 class=\"member_role\">Apoio IT<\/h4><p class=\"member_content\">Manuel \u00e9 um t\u00e9cnico de TI com paix\u00e3o por inform\u00e1tica e tecnologia. Estudou\nSistemas Microinform\u00e1ticos e Redes e est\u00e1 sempre a aprender para dar o seu\nmelhor. No seu tempo livre, gosta de ler e de investigar no computador. Ajuda os\nutilizadores a resolverem problemas t\u00e9cnicos e garante que os seus sistemas\nfuncionem corretamente. Considera-se uma pessoa comprometida, curiosa e com\nvontade de continuar a aprender todos os dias no mundo da tecnologia.<\/p><div class=\"toggle_wrapper\"><a class=\"member_toggle toggle_more\">Ler Mais<\/a><a class=\"member_toggle toggle_less\">Ler Menos<\/a><\/div><\/div><\/div><\/div><\/div><\/div><div class=\"our_team_category team_cat_rh\"><div class=\"team_cat_title\">Recursos Humanos<\/div><div class=\"team_block_wrapper\"><div class=\"team_block team_block1 team_member25314\"><div class=\"team_block_inner\"><div class=\"member_img\"><img decoding=\"async\" src=\"https:\/\/www.unavets.com\/wp-content\/uploads\/2022\/08\/83.png\" alt=\"\" \/><\/div><div class=\"team_block_details\"><h3 class=\"member_name\">Alberto Alonso<\/h3><h4 class=\"member_role\">Chefe de Recursos Humanos<\/h4><p class=\"member_content\">Alberto \u00e9 licenciado em Rela\u00e7\u00f5es Laborais com um mestrado em Gest\u00e3o de Recursos Humanos e um triplo mestrado em Preven\u00e7\u00e3o de Riscos Laborais. Tem mais de 15 anos de experi\u00eancia em RH no sector do Retalho. Trabalhou durante os \u00faltimos 13 anos como HRBP e Diretor de RH em grandes empresas como Primark, Salsa Jeans e Worten. Com um perfil generalista, assumiu responsabilidades em todas as \u00e1reas de RH, com especial enfoque na Gest\u00e3o de Pessoal e Processos de Folha de Pagamento.<\/p><div class=\"toggle_wrapper\"><a class=\"member_toggle toggle_more\">Ler Mais<\/a><a class=\"member_toggle toggle_less\">Ler Menos<\/a><\/div><\/div><\/div><\/div><div class=\"team_block team_block2 team_member23078\"><div class=\"team_block_inner\"><div class=\"member_img\"><img decoding=\"async\" src=\"https:\/\/www.unavets.com\/wp-content\/uploads\/2021\/11\/91.png\" alt=\"\" \/><\/div><div class=\"team_block_details\"><h3 class=\"member_name\">Pilar Rodr\u00edguez<\/h3><h4 class=\"member_role\">Respons\u00e1vel pelo Desenvolvimento de Talentos<\/h4><p class=\"member_content\">Pilar \u00e9 licenciada em Psicologia Industrial pela UCM e tem um mestrado em PRL pela Universidade Francisco de Vitoria. A sua carreira profissional esteve sempre ligada aos recursos humanos e tem mais de 10 anos de experi\u00eancia em Recursos Humanos em todas as \u00e1reas (recrutamento, administra\u00e7\u00e3o de pessoal, forma\u00e7\u00e3o, desenvolvimento e preven\u00e7\u00e3o de riscos), tendo trabalhado em diferentes setores, tais como o retalho, os cuidados de sa\u00fade e educa\u00e7\u00e3o. Trabalhou em empresas como a Tiger Flying Copenhagen e como consultora para a Italf\u00e1rmaco e a Sanofi.\r\n\r\n<a href=\"https:\/\/www.linkedin.com\/in\/pilar-r-22862426\" target=\"_blank\" rel=\"noopener\"><img decoding=\"async\" class=\"aligncenter wp-image-16128\" src=\"https:\/\/www.unavets.com\/wp-content\/uploads\/2021\/03\/LinkedIn-Logo.png\" alt=\"\" width=\"102\" height=\"57\" \/><\/a><\/p><div class=\"toggle_wrapper\"><a class=\"member_toggle toggle_more\">Ler Mais<\/a><a class=\"member_toggle toggle_less\">Ler Menos<\/a><\/div><\/div><\/div><\/div><div class=\"team_block team_block3 team_member31678\"><div class=\"team_block_inner\"><div class=\"member_img\"><img decoding=\"async\" src=\"https:\/\/www.unavets.com\/wp-content\/uploads\/2025\/02\/112.png\" alt=\"\" \/><\/div><div class=\"team_block_details\"><h3 class=\"member_name\">Beatriz Fern\u00e1ndez<\/h3><h4 class=\"member_role\">T\u00e9cnico de Recursos Humanos<\/h4><p class=\"member_content\">Beatriz \u00e9 licenciada em Ci\u00eancias do Trabalho pela Universidade Complutense e tem uma s\u00f3lida trajet\u00f3ria na \u00e1rea de Recursos Humanos, especializada em sele\u00e7\u00e3o de pessoal.\n\nCom mais de oito anos de experi\u00eancia no setor da sa\u00fade, trabalhou em empresas de refer\u00eancia como a Quir\u00f3nsalud.<\/p><div class=\"toggle_wrapper\"><a class=\"member_toggle toggle_more\">Ler Mais<\/a><a class=\"member_toggle toggle_less\">Ler Menos<\/a><\/div><\/div><\/div><\/div><div class=\"team_block team_block4 team_member33288\"><div class=\"team_block_inner\"><div class=\"member_img\"><img decoding=\"async\" src=\"https:\/\/www.unavets.com\/wp-content\/uploads\/2025\/08\/Esperanza-Garcia-scaled.jpg\" alt=\"\" \/><\/div><div class=\"team_block_details\"><h3 class=\"member_name\">Esperanza Garc\u00eda<\/h3><h4 class=\"member_role\">Preven\u00e7\u00e3o de Riscos Laborais<\/h4><p class=\"member_content\">Com uma s\u00f3lida forma\u00e7\u00e3o num mestrado em Preven\u00e7\u00e3o de Riscos Laborais, a sua\ncarreira profissional foca-se no apoio e na melhoria cont\u00ednua. O seu trabalho di\u00e1rio\nenvolve responder a perguntas, sugerir melhorias e prestar assist\u00eancia constante para\ncriar um ambiente onde todos se sintam seguros, valorizados e cuidados. A sua\nexperi\u00eancia centra-se em apoiar as equipas para que o bem-estar no trabalho seja\numa prioridade, contribuindo para a otimiza\u00e7\u00e3o do desempenho do grupo e para a\nqualidade geral do trabalho.<\/p><div class=\"toggle_wrapper\"><a class=\"member_toggle toggle_more\">Ler Mais<\/a><a class=\"member_toggle toggle_less\">Ler Menos<\/a><\/div><\/div><\/div><\/div><div class=\"team_block team_block5 team_member25863\"><div class=\"team_block_inner\"><div class=\"member_img\"><img decoding=\"async\" src=\"https:\/\/www.unavets.com\/wp-content\/uploads\/2025\/02\/110.png\" alt=\"\" \/><\/div><div class=\"team_block_details\"><h3 class=\"member_name\">Celia Ricote<\/h3><h4 class=\"member_role\">T\u00e9cnico de Recursos Humanos e Processamento Salarial<\/h4><p class=\"member_content\">Celia \u00e9 Diplomada em Rela\u00e7\u00f5es Laborais pela Universidade Rei Juan Carlos e conta com mais de 25 anos de experi\u00eancia em Departamentos de Recursos Humanos, especialmente na \u00e1rea de Administra\u00e7\u00e3o de Pessoal.\n\nAo longo da sua trajet\u00f3ria, trabalhou em empresas de diversos setores, incluindo seguran\u00e7a, servi\u00e7os e limpeza, al\u00e9m de ter iniciado a sua carreira em consultorias.\n\nNa sua \u00faltima etapa profissional, foi Respons\u00e1vel pela Administra\u00e7\u00e3o de Pessoal na GLA Cleaners, uma empresa de nova cria\u00e7\u00e3o no setor da limpeza, onde estruturou e desenvolveu o Departamento de Pessoal desde o in\u00edcio.<\/p><div class=\"toggle_wrapper\"><a class=\"member_toggle toggle_more\">Ler Mais<\/a><a class=\"member_toggle toggle_less\">Ler Menos<\/a><\/div><\/div><\/div><\/div><div class=\"team_block team_block6 team_member32596\"><div class=\"team_block_inner\"><div class=\"member_img\"><img decoding=\"async\" src=\"https:\/\/www.unavets.com\/wp-content\/uploads\/2025\/05\/lucia.png\" alt=\"\" \/><\/div><div class=\"team_block_details\"><h3 class=\"member_name\">Luc\u00eda Segovia<\/h3><h4 class=\"member_role\">T\u00e9cnico de Recursos Humanos e Processamento Salarial<\/h4><p class=\"member_content\">Licenciada em Psicologia pela Universidad Complutense de Madrid, possui um MBA em Gest\u00e3o e Dire\u00e7\u00e3o de Recursos Humanos. Ao longo do seu percurso profissional, adquiriu experi\u00eancia em diversas \u00e1reas no \u00e2mbito dos Recursos Humanos, trabalhando tanto no setor universit\u00e1rio como em empresas de trabalho tempor\u00e1rio e do setor imobili\u00e1rio. Considera-se uma pessoa empenhada, apaixonada pela sua profiss\u00e3o e com uma forte voca\u00e7\u00e3o pelo desenvolvimento humano. Nos seus tempos livres, gosta de fazer caminhadas na natureza, acompanhada pelas suas duas cadelas de terapia, a Lima e a Kala.<\/p><div class=\"toggle_wrapper\"><a class=\"member_toggle toggle_more\">Ler Mais<\/a><a class=\"member_toggle toggle_less\">Ler Menos<\/a><\/div><\/div><\/div><\/div><div class=\"team_block team_block7 team_member33290\"><div class=\"team_block_inner\"><div class=\"member_img\"><img decoding=\"async\" src=\"https:\/\/www.unavets.com\/wp-content\/uploads\/2025\/08\/Sandra-Serrano-scaled.jpg\" alt=\"\" \/><\/div><div class=\"team_block_details\"><h3 class=\"member_name\">Sandra Serrrano<\/h3><h4 class=\"member_role\">T\u00e9cnico de Recursos Humanos e Processamento Salarial<\/h4><p class=\"member_content\">Sandra \u00e9 licenciada em Rela\u00e7\u00f5es Laborais e Recursos Humanos pela Universidade\nde C\u00f3rdova. Tem mais de oito anos de experi\u00eancia, a maior parte dos quais no setor\nde retalho, e est\u00e1 habituada a trabalhar com um grande volume de funcion\u00e1rios.\nTrabalhou em empresas como Sopra Steria, The Phone House e TCR Ib\u00e9rica.<\/p><div class=\"toggle_wrapper\"><a class=\"member_toggle toggle_more\">Ler Mais<\/a><a class=\"member_toggle toggle_less\">Ler Menos<\/a><\/div><\/div><\/div><\/div><div class=\"team_block team_block8 team_member33923\"><div class=\"team_block_inner\"><div class=\"member_img\"><img decoding=\"async\" src=\"https:\/\/www.unavets.com\/wp-content\/uploads\/2026\/02\/Sandra-Diaz.jpg\" alt=\"\" \/><\/div><div class=\"team_block_details\"><h3 class=\"member_name\">Sandra D\u00edaz<\/h3><h4 class=\"member_role\">T\u00e9cnico de Recursos Humanos<\/h4><p class=\"member_content\">Sandra \u00e9 licenciada em Psicologia e possui um duplo mestrado em Recursos Humanos e em Psicologia Geral Sanit\u00e1ria. Conta com uma s\u00f3lida trajet\u00f3ria profissional como t\u00e9cnica de recrutamento e sele\u00e7\u00e3o, tendo desenvolvido a sua experi\u00eancia em empresas de refer\u00eancia como a Securitas, no \u00e2mbito dos Centros Especiais de Emprego, e a Iman Temporing. A sua abordagem profissional destaca-se pela motiva\u00e7\u00e3o no trato direto com as pessoas e pelo impulso do desenvolvimento do talento.<\/p><div class=\"toggle_wrapper\"><a class=\"member_toggle toggle_more\">Ler Mais<\/a><a class=\"member_toggle toggle_less\">Ler Menos<\/a><\/div><\/div><\/div><\/div><\/div><\/div><div class=\"our_team_category team_cat_marketing-digital-2\"><div class=\"team_cat_title\">Marketing &amp; Digital<\/div><div class=\"team_block_wrapper\"><div class=\"team_block team_block1 team_member23082\"><div class=\"team_block_inner\"><div class=\"member_img\"><img decoding=\"async\" src=\"https:\/\/www.unavets.com\/wp-content\/uploads\/2020\/12\/85.png\" alt=\"\" \/><\/div><div class=\"team_block_details\"><h3 class=\"member_name\">Jaime D\u00edaz<\/h3><h4 class=\"member_role\">Diretor Comercial<\/h4><p class=\"member_content\">Jaime tem mais de 30 anos de experi\u00eancia no setor da sa\u00fade animal veterin\u00e1ria. Trabalhou em empresas como a Zoetis, fazendo o seu marketing, forma\u00e7\u00e3o e consultoria empresarial, na Pfizer como Gestor de Marketing, na Illusiona Consultor\u00eda Veterinaria como seu Consultor Empresarial, e como Gestor na AMVAC (Associa\u00e7\u00e3o de Veterin\u00e1rios de Acompanhamento de Animais de Madrid).\r\n\r\n<a href=\"https:\/\/www.linkedin.com\/in\/jaime-d%C3%ADaz-sacrist%C3%A1n-29821a3\/\" target=\"_blank\" rel=\"noopener noreferrer\"><img decoding=\"async\" class=\"wp-image-16128 aligncenter\" src=\"https:\/\/www.unavets.com\/wp-content\/uploads\/2021\/03\/LinkedIn-Logo.png\" alt=\"\" width=\"102\" height=\"57\" \/><\/a><\/p><div class=\"toggle_wrapper\"><a class=\"member_toggle toggle_more\">Ler Mais<\/a><a class=\"member_toggle toggle_less\">Ler Menos<\/a><\/div><\/div><\/div><\/div><div class=\"team_block team_block2 team_member23083\"><div class=\"team_block_inner\"><div class=\"member_img\"><img decoding=\"async\" src=\"https:\/\/www.unavets.com\/wp-content\/uploads\/2021\/02\/79.png\" alt=\"\" \/><\/div><div class=\"team_block_details\"><h3 class=\"member_name\">Ariadna Figueroa<\/h3><h4 class=\"member_role\">Diretora de Marketing<\/h4><p class=\"member_content\">Ariadna \u00e9 licenciada em Administra\u00e7\u00e3o e Gest\u00e3o de Empresas e Marketing e Gest\u00e3o Comercial pela Universidade San Pablo CEU de Madrid e tem um mestrado em Marketing Digital pela ESIC Business &amp; Marketing School. Tem 5 anos de experi\u00eancia profissional no setor do Marketing, trabalhando para grandes empresas como LaLiga, Sanitas ou Luckia, e tem tamb\u00e9m quase 2 anos de experi\u00eancia profissional em Ag\u00eancia de Publicidade, servindo clientes como BERING, Ahorram\u00e1s ou SOLDOUT.\r\n\r\n<a href=\"https:\/\/www.linkedin.com\/in\/ariadnafigueroahernandez\/\" target=\"_blank\" rel=\"noopener noreferrer\"><img decoding=\"async\" class=\"wp-image-16128 aligncenter\" src=\"https:\/\/www.unavets.com\/wp-content\/uploads\/2021\/03\/LinkedIn-Logo.png\" alt=\"\" width=\"102\" height=\"57\" \/><\/a><\/p><div class=\"toggle_wrapper\"><a class=\"member_toggle toggle_more\">Ler Mais<\/a><a class=\"member_toggle toggle_less\">Ler Menos<\/a><\/div><\/div><\/div><\/div><div class=\"team_block team_block3 team_member32049\"><div class=\"team_block_inner\"><div class=\"member_img\"><img decoding=\"async\" src=\"https:\/\/www.unavets.com\/wp-content\/uploads\/2024\/07\/92.png\" alt=\"\" \/><\/div><div class=\"team_block_details\"><h3 class=\"member_name\">Nicole Hidalgo<\/h3><h4 class=\"member_role\">T\u00e9cnico em Marketing Digital <\/h4><p class=\"member_content\">Nicole \u00e9 licenciada em Publicidade e Rela\u00e7\u00f5es P\u00fablicas pela Universidade Complutense de Madrid e mestre em Marketing Digital pela Escuela de Dise\u00f1o y Marketing CEI. Trabalhou como t\u00e9cnica de marketing e gestora de comunidades para clientes como a Yoigo, Havaianas, IFEMA e Kids&amp;Us.<\/p><div class=\"toggle_wrapper\"><a class=\"member_toggle toggle_more\">Ler Mais<\/a><a class=\"member_toggle toggle_less\">Ler Menos<\/a><\/div><\/div><\/div><\/div><\/div><\/div><div class=\"our_team_category team_cat_financas-e-contabilidade\"><div class=\"team_cat_title\">Finan\u00e7as e Contabilidade<\/div><div class=\"team_block_wrapper\"><div class=\"team_block team_block1 team_member32073\"><div class=\"team_block_inner\"><div class=\"member_img\"><img decoding=\"async\" src=\"https:\/\/www.unavets.com\/wp-content\/uploads\/2025\/02\/98.png\" alt=\"\" \/><\/div><div class=\"team_block_details\"><h3 class=\"member_name\">Jos\u00e9 Mar\u00eda Portillo<\/h3><h4 class=\"member_role\">Gestor Financeiro<\/h4><p class=\"member_content\">Jos\u00e9 Mar\u00eda \u00e9 licenciado em Administra\u00e7\u00e3o e Gest\u00e3o de Empresas e diplomado em Ci\u00eancias Empresariais pela Universidade da Estremadura. Tem tamb\u00e9m um mestrado em Revis\u00e3o Oficial de Contas e v\u00e1rios cursos de especializa\u00e7\u00e3o em Contabilidade.\nTem mais de 6 anos de experi\u00eancia como auditor externo na KPMG. Al\u00e9m disso, foi respons\u00e1vel pela consolida\u00e7\u00e3o e informa\u00e7\u00e3o financeira em v\u00e1rias empresas de diferentes setores.<\/p><div class=\"toggle_wrapper\"><a class=\"member_toggle toggle_more\">Ler Mais<\/a><a class=\"member_toggle toggle_less\">Ler Menos<\/a><\/div><\/div><\/div><\/div><div class=\"team_block team_block2 team_member33452\"><div class=\"team_block_inner\"><div class=\"member_img\"><img decoding=\"async\" src=\"https:\/\/www.unavets.com\/wp-content\/uploads\/2025\/10\/Arturo-Garcia-scaled.jpg\" alt=\"\" \/><\/div><div class=\"team_block_details\"><h3 class=\"member_name\">Arturo Garc\u00eda<\/h3><h4 class=\"member_role\">Respons\u00e1vel pela Contabilidade<\/h4><p class=\"member_content\">Arturo conta com uma s\u00f3lida experi\u00eancia em contabilidade, finan\u00e7as e an\u00e1lise empresarial. Licenciado em Gest\u00e3o de Empresas pela Universidade de Granada, desenvolveu a sua carreira em setores como o imobili\u00e1rio, o tabaco e o setor autom\u00f3vel, onde trabalhou mais de tr\u00eas anos na Volvo. A sua experi\u00eancia combina a precis\u00e3o contabil\u00edstica com uma forte orienta\u00e7\u00e3o para a automatiza\u00e7\u00e3o e a otimiza\u00e7\u00e3o atrav\u00e9s de ferramentas tecnol\u00f3gicas.<\/p><div class=\"toggle_wrapper\"><a class=\"member_toggle toggle_more\">Ler Mais<\/a><a class=\"member_toggle toggle_less\">Ler Menos<\/a><\/div><\/div><\/div><\/div><div class=\"team_block team_block3 team_member23116\"><div class=\"team_block_inner\"><div class=\"member_img\"><img decoding=\"async\" src=\"https:\/\/www.unavets.com\/wp-content\/uploads\/2021\/02\/86.png\" alt=\"\" \/><\/div><div class=\"team_block_details\"><h3 class=\"member_name\">Ver\u00f3nica Carball\u00e9s<\/h3><h4 class=\"member_role\">Respons\u00e1vel pela Contabilidade<\/h4><p class=\"member_content\">Veronica \u00e9 licenciada em Administra\u00e7\u00e3o de Empresas pela UVA e tem um Mestrado em Com\u00e9rcio Internacional, realizado na faculdade de neg\u00f3cios ESIC. Tem mais de 5 anos de experi\u00eancia em contabilidade e consultoria fiscal.\n\n<a href=\"https:\/\/www.linkedin.com\/in\/ver%C3%B3nica-carball%C3%A9s-1a1a7278\/j\" target=\"_blank\" rel=\"noopener noreferrer\"><img decoding=\"async\" class=\"wp-image-16128 aligncenter\" src=\"https:\/\/www.unavets.com\/wp-content\/uploads\/2021\/03\/LinkedIn-Logo.png\" alt=\"\" width=\"102\" height=\"57\" \/><\/a><\/p><div class=\"toggle_wrapper\"><a class=\"member_toggle toggle_more\">Ler Mais<\/a><a class=\"member_toggle toggle_less\">Ler Menos<\/a><\/div><\/div><\/div><\/div><div class=\"team_block team_block4 team_member31685\"><div class=\"team_block_inner\"><div class=\"member_img\"><img decoding=\"async\" src=\"https:\/\/www.unavets.com\/wp-content\/uploads\/2025\/02\/78.png\" alt=\"\" \/><\/div><div class=\"team_block_details\"><h3 class=\"member_name\">Andoni Garc\u00eda<\/h3><h4 class=\"member_role\">Respons\u00e1vel pela Tesouraria<\/h4><p class=\"member_content\">Andoni \u00e9 formado em Administra\u00e7\u00e3o e Gest\u00e3o de Empresas pela Universidade de Deusto e possui um mestrado em Gest\u00e3o Estrat\u00e9gica.\n\nTem 8 anos de experi\u00eancia em Tesouraria, dos quais 5 foram desenvolvidos no Chile e no Peru.<\/p><div class=\"toggle_wrapper\"><a class=\"member_toggle toggle_more\">Ler Mais<\/a><a class=\"member_toggle toggle_less\">Ler Menos<\/a><\/div><\/div><\/div><\/div><div class=\"team_block team_block5 team_member25315\"><div class=\"team_block_inner\"><div class=\"member_img\"><img decoding=\"async\" src=\"https:\/\/www.unavets.com\/wp-content\/uploads\/2025\/02\/106.png\" alt=\"\" \/><\/div><div class=\"team_block_details\"><h3 class=\"member_name\">Esther Carretero<\/h3><h4 class=\"member_role\">Contabilidade e apoio administrativo<\/h4><p class=\"member_content\">Esther \u00e9 licenciada em Jornalismo pela Universidade Complutense de Madrid e em Administra\u00e7\u00e3o de Empresas pela UNED. Tem 5 anos de experi\u00eancia profissional em departamentos financeiros em diferentes empresas e consultoria fiscal.\r\n\r\n<a href=\"https:\/\/www.linkedin.com\/in\/esthercarreteromart%C3%ADnezdecarnero-marketingdigital\/\" target=\"_blank\" rel=\"noopener\"><img decoding=\"async\" class=\"aligncenter wp-image-16128\" src=\"https:\/\/www.unavets.com\/wp-content\/uploads\/2021\/03\/LinkedIn-Logo.png\" alt=\"\" width=\"102\" height=\"57\" \/><\/a><\/p><div class=\"toggle_wrapper\"><a class=\"member_toggle toggle_more\">Ler Mais<\/a><a class=\"member_toggle toggle_less\">Ler Menos<\/a><\/div><\/div><\/div><\/div><div class=\"team_block team_block6 team_member26199\"><div class=\"team_block_inner\"><div class=\"member_img\"><img decoding=\"async\" src=\"https:\/\/www.unavets.com\/wp-content\/uploads\/2023\/03\/89.png\" alt=\"\" \/><\/div><div class=\"team_block_details\"><h3 class=\"member_name\">Sara Fonseca<\/h3><h4 class=\"member_role\">Contabilidade e apoio administrativo<\/h4><p class=\"member_content\">Sara tem dois graus superiores, um em Administra\u00e7\u00e3o e Finan\u00e7as e o outro em Assist\u00eancia \u00e0 Gest\u00e3o, ambos do IES Moratalaz. Trabalhou como contabilista administrativa durante quase quatro anos em v\u00e1rias empresas em diferentes campos.\r\n\r\n<a href=\"https:\/\/www.linkedin.com\/in\/sara-fonseca-cirilo-851639164\" target=\"_blank\" rel=\"noopener\"><img decoding=\"async\" class=\"aligncenter wp-image-16128\" src=\"https:\/\/www.unavets.com\/wp-content\/uploads\/2021\/03\/LinkedIn-Logo.png\" alt=\"\" width=\"102\" height=\"57\" \/><\/a><\/p><div class=\"toggle_wrapper\"><a class=\"member_toggle toggle_more\">Ler Mais<\/a><a class=\"member_toggle toggle_less\">Ler Menos<\/a><\/div><\/div><\/div><\/div><div class=\"team_block team_block7 team_member32075\"><div class=\"team_block_inner\"><div class=\"member_img\"><img decoding=\"async\" src=\"https:\/\/www.unavets.com\/wp-content\/uploads\/2025\/02\/103.png\" alt=\"\" \/><\/div><div class=\"team_block_details\"><h3 class=\"member_name\">Heda Ojeda<\/h3><h4 class=\"member_role\">Contabilidade e apoio administrativo<\/h4><p class=\"member_content\">Heda \u00e9 licenciada em Contabilidade P\u00fablica pela Universidade Alejandro de Humboldt, com quase 8 anos de experi\u00eancia em v\u00e1rias empresas em Madrid, depois de ter emigrado da Venezuela. A sua capacidade de adapta\u00e7\u00e3o e vontade de aprender levaram-na a explorar o setor veterin\u00e1rio. Embora os seus hobbies se centrem em atividades familiares e na leitura, o seu entusiasmo e esp\u00edrito de equipa s\u00e3o evidentes.<\/p><div class=\"toggle_wrapper\"><a class=\"member_toggle toggle_more\">Ler Mais<\/a><a class=\"member_toggle toggle_less\">Ler Menos<\/a><\/div><\/div><\/div><\/div><div class=\"team_block team_block8 team_member34082\"><div class=\"team_block_inner\"><div class=\"member_img\"><img decoding=\"async\" src=\"https:\/\/www.unavets.com\/wp-content\/uploads\/2026\/03\/Leticia-Ruiz-scaled.jpg\" alt=\"\" \/><\/div><div class=\"team_block_details\"><h3 class=\"member_name\">Leticia Ruiz<\/h3><h4 class=\"member_role\">Administrativa de Tesouraria<\/h4><p class=\"member_content\">Leticia \u00e9 licenciada em Rela\u00e7\u00f5es Laborais e Recursos Humanos pela Universidade de C\u00f3rdoba, forma\u00e7\u00e3o que complementou com um Curso T\u00e9cnico Superior em Administra\u00e7\u00e3o e Finan\u00e7as. Conta com uma trajet\u00f3ria de 10 anos de experi\u00eancia profissional ligada \u00e0 Media Markt; iniciou a sua carreira em C\u00f3rdoba e, ap\u00f3s cinco anos de desenvolvimento, mudou-se para Madrid para integrar o seu centro operacional por mais cinco anos. No \u00e2mbito pessoal, \u00e9 uma apaixonada por m\u00fasica e gosta de passear pela cidade enquanto observa qual o melhor bar para o aperitivo.<\/p><div class=\"toggle_wrapper\"><a class=\"member_toggle toggle_more\">Ler Mais<\/a><a class=\"member_toggle toggle_less\">Ler Menos<\/a><\/div><\/div><\/div><\/div><div class=\"team_block team_block9 team_member34098\"><div class=\"team_block_inner\"><div class=\"member_img\"><img decoding=\"async\" src=\"https:\/\/www.unavets.com\/wp-content\/uploads\/2026\/04\/Sandra-Serrano-1-scaled.jpg\" alt=\"\" \/><\/div><div class=\"team_block_details\"><h3 class=\"member_name\">Luc\u00eda Eguiluz<\/h3><h4 class=\"member_role\">Contabilidade e apoio administrativo<\/h4><p class=\"member_content\">Luc\u00eda \u00e9 graduada em Contabilidade e Finan\u00e7as pela Universidade de Lima e possui um mestrado em Finan\u00e7as realizado na Espanha. Conta com uma s\u00f3lida trajet\u00f3ria de 14 anos de experi\u00eancia na \u00e1rea cont\u00e1bil e financeira, tendo desenvolvido sua carreira em empresas internacionais como a SQM Vitas, onde trabalhou durante uma d\u00e9cada, e na C&amp;A Modas SLU, no departamento de Accounting, durante os \u00faltimos 4 anos.<\/p><div class=\"toggle_wrapper\"><a class=\"member_toggle toggle_more\">Ler Mais<\/a><a class=\"member_toggle toggle_less\">Ler Menos<\/a><\/div><\/div><\/div><\/div><div class=\"team_block team_block10 team_member33463\"><div class=\"team_block_inner\"><div class=\"member_img\"><img decoding=\"async\" src=\"https:\/\/www.unavets.com\/wp-content\/uploads\/2025\/10\/Eleba-Escapa--scaled.jpg\" alt=\"\" \/><\/div><div class=\"team_block_details\"><h3 class=\"member_name\">Mishelle G\u00f3mez<\/h3><h4 class=\"member_role\">Assistente\u00a0de\u00a0Contabilidade<\/h4><p class=\"member_content\">Mishelle, formada em Contabilidade e Auditoria pela Universidade T\u00e9cnica do Norte (Ibarra), adquiriu experi\u00eancia inicial em empresas e num neg\u00f3cio familiar, desenvolvendo uma ampla vis\u00e3o da gest\u00e3o empresarial. Em 2023, mudou-se para Espanha para frequentar um Mestrado em Finan\u00e7as na EAE Business School. Desde ent\u00e3o, acumulou dois anos de experi\u00eancia em contabilidade de clientes, trabalhando em empresas como a Logista Retail.<\/p><div class=\"toggle_wrapper\"><a class=\"member_toggle toggle_more\">Ler Mais<\/a><a class=\"member_toggle toggle_less\">Ler Menos<\/a><\/div><\/div><\/div><\/div><\/div><\/div><\/div><\/div><\/p>\t\t\t\t\t\t\t\t<\/div>\n\t\t\t\t<\/div>\n\t\t\t\t\t<\/div>\n\t\t<\/div>\n\t\t\t\t\t<\/div>\n\t\t<\/section>\n\t\t\t\t<section data-dce-background-color=\"#F6F6F6\" class=\"elementor-section elementor-top-section elementor-element elementor-element-b1c9bc6 elementor-section-boxed elementor-section-height-default elementor-section-height-default\" data-id=\"b1c9bc6\" data-element_type=\"section\" data-e-type=\"section\" data-settings=\"{&quot;background_background&quot;:&quot;classic&quot;}\">\n\t\t\t\t\t\t<div class=\"elementor-container elementor-column-gap-default\">\n\t\t\t\t\t<div class=\"elementor-column elementor-col-100 elementor-top-column elementor-element elementor-element-d7d666b\" data-id=\"d7d666b\" data-element_type=\"column\" data-e-type=\"column\">\n\t\t\t<div class=\"elementor-widget-wrap elementor-element-populated\">\n\t\t\t\t\t\t<div class=\"elementor-element elementor-element-c8cc595 elementor-widget elementor-widget-section_title\" data-id=\"c8cc595\" data-element_type=\"widget\" data-e-type=\"widget\" data-widget_type=\"section_title.default\">\n\t\t\t\t<div class=\"elementor-widget-container\">\n\t\t\t\t\t        <div class=\"section-title section-title-dk-blue fl-wrap\">\n                        <h2><span>A Equipa UNAVETS em N\u00fameros<\/span><\/h2>                                        <span class=\"section-separator section-separator-dk-blue\"><\/span> \n                         \n        <\/div>\n        \t\t\t\t<\/div>\n\t\t\t\t<\/div>\n\t\t\t\t\t<\/div>\n\t\t<\/div>\n\t\t\t\t\t<\/div>\n\t\t<\/section>\n\t\t\t\t<section data-dce-background-color=\"#F6F6F6\" class=\"elementor-section elementor-top-section elementor-element elementor-element-d706571 pad-top-0 elementor-section-boxed elementor-section-height-default elementor-section-height-default\" data-id=\"d706571\" data-element_type=\"section\" data-e-type=\"section\" data-settings=\"{&quot;background_background&quot;:&quot;classic&quot;}\">\n\t\t\t\t\t\t\t<div class=\"elementor-background-overlay\"><\/div>\n\t\t\t\t\t\t\t<div class=\"elementor-container elementor-column-gap-default\">\n\t\t\t\t\t<div class=\"elementor-column elementor-col-33 elementor-top-column elementor-element elementor-element-d9bf7d3\" data-id=\"d9bf7d3\" data-element_type=\"column\" data-e-type=\"column\">\n\t\t\t<div class=\"elementor-widget-wrap elementor-element-populated\">\n\t\t\t\t\t\t<div class=\"elementor-element elementor-element-b4a13b7 elementor-widget elementor-widget-counter\" data-id=\"b4a13b7\" data-element_type=\"widget\" data-e-type=\"widget\" data-widget_type=\"counter.default\">\n\t\t\t\t<div class=\"elementor-widget-container\">\n\t\t\t\t\t        <div class=\"bold-facts hide-decor-no\">\n            <div class=\"inline-facts-wrap\">\n                <div class=\"inline-facts\">\n                                        <div class=\"milestone-counter\">\n                        <div class=\"stats animaper\">\n                            <div class=\"num\" data-content=\"0\" data-num=\"161\">161<\/div>\n                        <\/div>\n                    <\/div>\n                    <h6>Total centros UNAVETS<\/h6>                <\/div>\n            <\/div>\n        <\/div>\n        \t\t\t\t<\/div>\n\t\t\t\t<\/div>\n\t\t\t\t\t<\/div>\n\t\t<\/div>\n\t\t\t\t<div class=\"elementor-column elementor-col-33 elementor-top-column elementor-element elementor-element-937bb11\" data-id=\"937bb11\" data-element_type=\"column\" data-e-type=\"column\">\n\t\t\t<div class=\"elementor-widget-wrap elementor-element-populated\">\n\t\t\t\t\t\t<div class=\"elementor-element elementor-element-3696f59 elementor-widget elementor-widget-counter\" data-id=\"3696f59\" data-element_type=\"widget\" data-e-type=\"widget\" data-widget_type=\"counter.default\">\n\t\t\t\t<div class=\"elementor-widget-container\">\n\t\t\t\t\t        <div class=\"bold-facts hide-decor-yes\">\n            <div class=\"inline-facts-wrap\">\n                <div class=\"inline-facts\">\n                                        <div class=\"milestone-counter\">\n                        <div class=\"stats animaper\">\n                            <div class=\"num\" data-content=\"0\" data-num=\"1500\">1500<\/div>\n                        <\/div>\n                    <\/div>\n                    <h6>Elementos das equipas cl\u00ednicas e empresariais do Grupo<\/h6>                <\/div>\n            <\/div>\n        <\/div>\n        \t\t\t\t<\/div>\n\t\t\t\t<\/div>\n\t\t\t\t\t<\/div>\n\t\t<\/div>\n\t\t\t\t<div class=\"elementor-column elementor-col-33 elementor-top-column elementor-element elementor-element-9eb70be\" data-id=\"9eb70be\" data-element_type=\"column\" data-e-type=\"column\">\n\t\t\t<div class=\"elementor-widget-wrap elementor-element-populated\">\n\t\t\t\t\t\t<div class=\"elementor-element elementor-element-2c0dc60 elementor-widget elementor-widget-counter\" data-id=\"2c0dc60\" data-element_type=\"widget\" data-e-type=\"widget\" data-widget_type=\"counter.default\">\n\t\t\t\t<div class=\"elementor-widget-container\">\n\t\t\t\t\t        <div class=\"bold-facts hide-decor-no\">\n            <div class=\"inline-facts-wrap\">\n                <div class=\"inline-facts\">\n                                        <div class=\"milestone-counter\">\n                        <div class=\"stats animaper\">\n                            <div class=\"num\" data-content=\"0\" data-num=\"8\">8<\/div>\n                        <\/div>\n                    <\/div>\n                    <h6>Centros que aderem \u00e0 UNAVETS em 2025<\/h6>                <\/div>\n            <\/div>\n        <\/div>\n        \t\t\t\t<\/div>\n\t\t\t\t<\/div>\n\t\t\t\t\t<\/div>\n\t\t<\/div>\n\t\t\t\t\t<\/div>\n\t\t<\/section>\n\t\t\t\t<section class=\"elementor-section elementor-top-section elementor-element elementor-element-8c030ed elementor-section-boxed elementor-section-height-default elementor-section-height-default\" data-id=\"8c030ed\" data-element_type=\"section\" data-e-type=\"section\" id=\"partner_desktop\">\n\t\t\t\t\t\t<div class=\"elementor-container elementor-column-gap-default\">\n\t\t\t\t\t<div class=\"elementor-column elementor-col-100 elementor-top-column elementor-element elementor-element-01acaed\" data-id=\"01acaed\" data-element_type=\"column\" data-e-type=\"column\">\n\t\t\t<div class=\"elementor-widget-wrap elementor-element-populated\">\n\t\t\t\t\t\t<div class=\"elementor-element elementor-element-1c1d08b elementor-widget elementor-widget-section_title\" data-id=\"1c1d08b\" data-element_type=\"widget\" data-e-type=\"widget\" data-widget_type=\"section_title.default\">\n\t\t\t\t<div class=\"elementor-widget-container\">\n\t\t\t\t\t        <div class=\"section-title section-title-dk-blue fl-wrap\">\n                        <h2><span>Os nossos Parceiros<\/span><\/h2>                                        <span class=\"section-separator section-separator-dk-blue\"><\/span> \n                          \n        <\/div>\n        \t\t\t\t<\/div>\n\t\t\t\t<\/div>\n\t\t\t\t<div class=\"elementor-element elementor-element-58ab0ba elementor-widget elementor-widget-our_partners\" data-id=\"58ab0ba\" data-element_type=\"widget\" data-e-type=\"widget\" data-widget_type=\"our_partners.default\">\n\t\t\t\t<div class=\"elementor-widget-container\">\n\t\t\t\t\t        <div class=\"clients-carousel-wrap fl-wrap\">\n\n            <div class=\"cc-btn cc-prev\"><i class=\"fal fa-angle-left\"><\/i><\/div>\n            <div class=\"cc-btn cc-next\"><i class=\"fal fa-angle-right\"><\/i><\/div>\n            <div class=\"clients-carousel\">\n                <div class=\"swiper-container\">\n                    <div class=\"swiper-wrapper\">\n                                                    <!--client-item-->\n                            <div class=\"swiper-slide\">\n                                <a class=\"client-item\" href=\"https:\/\/www.cuatrecasas.com\/\" target=\"_blank\" rel=\"noopener\"><img loading=\"lazy\" decoding=\"async\" width=\"250\" height=\"157\" src=\"https:\/\/www.unavets.com\/wp-content\/uploads\/2021\/05\/Cuatrecasas-Vector-Logo.jpg\" class=\"attachment-partner size-partner\" alt=\"\" \/>                                <\/a>\n                            <\/div>\n                            <!--client-item end-->\n                                                    <!--client-item-->\n                            <div class=\"swiper-slide\">\n                                <a class=\"client-item\" href=\"https:\/\/www.valtecsa.com\/\" target=\"_blank\" rel=\"noopener\"><img loading=\"lazy\" decoding=\"async\" width=\"200\" height=\"161\" src=\"https:\/\/www.unavets.com\/wp-content\/uploads\/2021\/05\/112730_valtecas-5.jpg\" class=\"attachment-partner size-partner\" alt=\"\" \/>                                <\/a>\n                            <\/div>\n                            <!--client-item end-->\n                                                    <!--client-item-->\n                            <div class=\"swiper-slide\">\n                                <a class=\"client-item\" href=\"https:\/\/www.afi.es\/webAfi\/comun\/default.asp\" target=\"_blank\" rel=\"noopener\"><img loading=\"lazy\" decoding=\"async\" width=\"200\" height=\"156\" src=\"https:\/\/www.unavets.com\/wp-content\/uploads\/2021\/05\/prodware-new-logo-1.jpg\" class=\"attachment-partner size-partner\" alt=\"\" \/>                                <\/a>\n                            <\/div>\n                            <!--client-item end-->\n                                                    <!--client-item-->\n                            <div class=\"swiper-slide\">\n                                <a class=\"client-item\" href=\"https:\/\/www.prodwaregroup.com\/es-es\" target=\"_blank\" rel=\"noopener\"><img loading=\"lazy\" decoding=\"async\" width=\"2560\" height=\"1811\" src=\"https:\/\/www.unavets.com\/wp-content\/uploads\/2026\/01\/Afi_Color-scaled.png\" class=\"attachment-partner size-partner\" alt=\"\" \/>                                <\/a>\n                            <\/div>\n                            <!--client-item end-->\n                                                                                                                                                                                                                                                                \n                    <\/div>\n                <\/div>\n            <\/div>\n        <\/div>\n        \t\t\t\t<\/div>\n\t\t\t\t<\/div>\n\t\t\t\t\t<\/div>\n\t\t<\/div>\n\t\t\t\t\t<\/div>\n\t\t<\/section>\n\t\t\t\t<section class=\"elementor-section elementor-top-section elementor-element elementor-element-06363e8 elementor-section-boxed elementor-section-height-default elementor-section-height-default\" data-id=\"06363e8\" data-element_type=\"section\" data-e-type=\"section\" id=\"partner_mobile\">\n\t\t\t\t\t\t<div class=\"elementor-container elementor-column-gap-default\">\n\t\t\t\t\t<div class=\"elementor-column elementor-col-100 elementor-top-column elementor-element elementor-element-edeabb7\" data-id=\"edeabb7\" data-element_type=\"column\" data-e-type=\"column\">\n\t\t\t<div class=\"elementor-widget-wrap elementor-element-populated\">\n\t\t\t\t\t\t<div class=\"elementor-element elementor-element-8859875 elementor-widget elementor-widget-section_title\" data-id=\"8859875\" data-element_type=\"widget\" data-e-type=\"widget\" data-widget_type=\"section_title.default\">\n\t\t\t\t<div class=\"elementor-widget-container\">\n\t\t\t\t\t        <div class=\"section-title section-title-dk-blue fl-wrap\">\n                        <h2><span>Our Partners<\/span><\/h2>                                        <span class=\"section-separator section-separator-dk-blue\"><\/span> \n                          \n        <\/div>\n        \t\t\t\t<\/div>\n\t\t\t\t<\/div>\n\t\t\t\t<div class=\"elementor-element elementor-element-33ac993 elementor-widget elementor-widget-image\" data-id=\"33ac993\" data-element_type=\"widget\" data-e-type=\"widget\" data-widget_type=\"image.default\">\n\t\t\t\t<div class=\"elementor-widget-container\">\n\t\t\t\t\t\t\t\t\t\t\t\t\t\t\t<img loading=\"lazy\" decoding=\"async\" width=\"159\" height=\"95\" src=\"https:\/\/www.unavets.com\/wp-content\/uploads\/2021\/05\/AFI-logo.png\" class=\"attachment-large size-large wp-image-16340\" alt=\"\" \/>\t\t\t\t\t\t\t\t\t\t\t\t\t\t\t<\/div>\n\t\t\t\t<\/div>\n\t\t\t\t<div class=\"elementor-element elementor-element-c798069 elementor-widget elementor-widget-image\" data-id=\"c798069\" data-element_type=\"widget\" data-e-type=\"widget\" data-widget_type=\"image.default\">\n\t\t\t\t<div class=\"elementor-widget-container\">\n\t\t\t\t\t\t\t\t\t\t\t\t\t\t\t<img loading=\"lazy\" decoding=\"async\" width=\"200\" height=\"156\" src=\"https:\/\/www.unavets.com\/wp-content\/uploads\/2021\/05\/prodware-new-logo-1.jpg\" class=\"attachment-large size-large wp-image-16451\" alt=\"\" \/>\t\t\t\t\t\t\t\t\t\t\t\t\t\t\t<\/div>\n\t\t\t\t<\/div>\n\t\t\t\t<div class=\"elementor-element elementor-element-bb77cc5 elementor-widget elementor-widget-image\" data-id=\"bb77cc5\" data-element_type=\"widget\" data-e-type=\"widget\" data-widget_type=\"image.default\">\n\t\t\t\t<div class=\"elementor-widget-container\">\n\t\t\t\t\t\t\t\t\t\t\t\t\t\t\t<img loading=\"lazy\" decoding=\"async\" width=\"369\" height=\"127\" src=\"https:\/\/www.unavets.com\/wp-content\/uploads\/2021\/09\/qsoft_logo-4-1.png\" class=\"attachment-large size-large wp-image-19494\" alt=\"\" \/>\t\t\t\t\t\t\t\t\t\t\t\t\t\t\t<\/div>\n\t\t\t\t<\/div>\n\t\t\t\t<div class=\"elementor-element elementor-element-694e322 elementor-widget elementor-widget-image\" data-id=\"694e322\" data-element_type=\"widget\" data-e-type=\"widget\" data-widget_type=\"image.default\">\n\t\t\t\t<div class=\"elementor-widget-container\">\n\t\t\t\t\t\t\t\t\t\t\t\t\t\t\t<img loading=\"lazy\" decoding=\"async\" width=\"250\" height=\"157\" src=\"https:\/\/www.unavets.com\/wp-content\/uploads\/2021\/05\/Cuatrecasas-Vector-Logo.jpg\" class=\"attachment-large size-large wp-image-16366\" alt=\"\" \/>\t\t\t\t\t\t\t\t\t\t\t\t\t\t\t<\/div>\n\t\t\t\t<\/div>\n\t\t\t\t<div class=\"elementor-element elementor-element-03e469c elementor-widget elementor-widget-image\" data-id=\"03e469c\" data-element_type=\"widget\" data-e-type=\"widget\" data-widget_type=\"image.default\">\n\t\t\t\t<div class=\"elementor-widget-container\">\n\t\t\t\t\t\t\t\t\t\t\t\t\t\t\t<img loading=\"lazy\" decoding=\"async\" width=\"200\" height=\"161\" src=\"https:\/\/www.unavets.com\/wp-content\/uploads\/2021\/05\/112730_valtecas-5.jpg\" class=\"attachment-large size-large wp-image-16412\" alt=\"\" \/>\t\t\t\t\t\t\t\t\t\t\t\t\t\t\t<\/div>\n\t\t\t\t<\/div>\n\t\t\t\t\t<\/div>\n\t\t<\/div>\n\t\t\t\t\t<\/div>\n\t\t<\/section>\n\t\t\t\t<\/div>\n\t\t","protected":false},"excerpt":{"rendered":"<p>Para al\u00e9m dos 1.500 elementos das equipas dos nossos 161 centros, a equipa de servi\u00e7os partilhados UNAVETS tem uma vasta experi\u00eancia nos setores da medicina veterin\u00e1ria e da gest\u00e3o. Assumimos o trabalho administrativo nas \u00e1reas de Finan\u00e7a e Contabilidade, Marketing, Tecnologia, RH, e Opera\u00e7\u00f5es, para que os nossos veterin\u00e1rios se possam concentrar no que \u00e9 &hellip; <\/p>\n","protected":false},"author":1,"featured_media":0,"parent":0,"menu_order":0,"comment_status":"closed","ping_status":"closed","template":"page-fullwidth.php","meta":{"_acf_changed":false,"content-type":"","footnotes":""},"class_list":["post-22018","page","type-page","status-publish","hentry"],"acf":[],"_links":{"self":[{"href":"https:\/\/www.unavets.com\/pt-pt\/wp-json\/wp\/v2\/pages\/22018","targetHints":{"allow":["GET"]}}],"collection":[{"href":"https:\/\/www.unavets.com\/pt-pt\/wp-json\/wp\/v2\/pages"}],"about":[{"href":"https:\/\/www.unavets.com\/pt-pt\/wp-json\/wp\/v2\/types\/page"}],"author":[{"embeddable":true,"href":"https:\/\/www.unavets.com\/pt-pt\/wp-json\/wp\/v2\/users\/1"}],"replies":[{"embeddable":true,"href":"https:\/\/www.unavets.com\/pt-pt\/wp-json\/wp\/v2\/comments?post=22018"}],"version-history":[{"count":19,"href":"https:\/\/www.unavets.com\/pt-pt\/wp-json\/wp\/v2\/pages\/22018\/revisions"}],"predecessor-version":[{"id":33809,"href":"https:\/\/www.unavets.com\/pt-pt\/wp-json\/wp\/v2\/pages\/22018\/revisions\/33809"}],"wp:attachment":[{"href":"https:\/\/www.unavets.com\/pt-pt\/wp-json\/wp\/v2\/media?parent=22018"}],"curies":[{"name":"wp","href":"https:\/\/api.w.org\/{rel}","templated":true}]}}