{"id":14412,"date":"2021-06-03T07:06:26","date_gmt":"2021-06-03T07:06:26","guid":{"rendered":"http:\/\/www.unavets.com\/lleida\/?page_id=14412"},"modified":"2026-04-29T14:20:26","modified_gmt":"2026-04-29T14:20:26","slug":"nostre-equip","status":"publish","type":"page","link":"https:\/\/www.unavets.com\/lleida\/ca\/nostre-equip\/","title":{"rendered":"Equip"},"content":{"rendered":"\t\t<div data-elementor-type=\"wp-page\" data-elementor-id=\"14412\" class=\"elementor elementor-14412 elementor-282\" data-elementor-post-type=\"page\">\n\t\t\t\t\t\t<section class=\"elementor-section elementor-top-section elementor-element elementor-element-2315038 pad-bot-0 elementor-section-boxed elementor-section-height-default elementor-section-height-default\" data-id=\"2315038\" data-element_type=\"section\" data-e-type=\"section\" id=\"main-sec\" data-settings=\"{&quot;background_background&quot;:&quot;classic&quot;}\">\n\t\t\t\t\t\t<div class=\"elementor-container elementor-column-gap-default\">\n\t\t\t\t\t<div class=\"elementor-column elementor-col-100 elementor-top-column elementor-element elementor-element-35c75b2\" data-id=\"35c75b2\" data-element_type=\"column\" data-e-type=\"column\">\n\t\t\t<div class=\"elementor-widget-wrap elementor-element-populated\">\n\t\t\t\t\t\t<div class=\"elementor-element elementor-element-28b1762 elementor-widget elementor-widget-text-editor\" data-id=\"28b1762\" data-element_type=\"widget\" data-e-type=\"widget\" data-widget_type=\"text-editor.default\">\n\t\t\t\t<div class=\"elementor-widget-container\">\n\t\t\t\t\t\t\t\t\tLes persones que integren l\u2019equip de l\u2019Hospital Veterinari de Lleida s\u00f3n professionals de les diferents disciplines veterin\u00e0ries, preparats per a donar resposta a les necessitats dels nostres pacients, les 24 hores del dia, durant els 365 dies de l\u2019any.\nUn equip multidisciplinar, din\u00e0mic, en constant creixement i progr\u00e9s, amb el comprom\u00eds d\u2019oferir als nostres pacients, mitjan\u00e7ant una atenci\u00f3 personalitzada, un servei integral de qualitat.\t\t\t\t\t\t\t\t<\/div>\n\t\t\t\t<\/div>\n\t\t\t\t\t<\/div>\n\t\t<\/div>\n\t\t\t\t\t<\/div>\n\t\t<\/section>\n\t\t\t\t<section class=\"elementor-section elementor-top-section elementor-element elementor-element-cf4bd8f team-member elementor-section-boxed elementor-section-height-default elementor-section-height-default\" data-id=\"cf4bd8f\" data-element_type=\"section\" data-e-type=\"section\">\n\t\t\t\t\t\t<div class=\"elementor-container elementor-column-gap-default\">\n\t\t\t\t\t<div class=\"elementor-column elementor-col-100 elementor-top-column elementor-element elementor-element-943c17e\" data-id=\"943c17e\" data-element_type=\"column\" data-e-type=\"column\">\n\t\t\t<div class=\"elementor-widget-wrap elementor-element-populated\">\n\t\t\t\t\t\t<div class=\"elementor-element elementor-element-47b2ec3 elementor-hidden-tablet elementor-hidden-phone elementor-widget elementor-widget-section_titleleft\" data-id=\"47b2ec3\" data-element_type=\"widget\" data-e-type=\"widget\" data-widget_type=\"section_titleleft.default\">\n\t\t\t\t<div class=\"elementor-widget-container\">\n\t\t\t\t\t        <div class=\"ab_text-title fl-wrap\">\n            <h3>Veterinaris<\/h3><span class=\"section-separator fl-sec-sep\"><\/span>        <\/div>\n        \t\t\t\t<\/div>\n\t\t\t\t<\/div>\n\t\t\t\t<section class=\"elementor-section elementor-inner-section elementor-element elementor-element-8149aaa elementor-section-boxed elementor-section-height-default elementor-section-height-default\" data-id=\"8149aaa\" data-element_type=\"section\" data-e-type=\"section\">\n\t\t\t\t\t\t<div class=\"elementor-container elementor-column-gap-default\">\n\t\t\t\t\t<div class=\"elementor-column elementor-col-25 elementor-inner-column elementor-element elementor-element-bb1a16f\" data-id=\"bb1a16f\" data-element_type=\"column\" data-e-type=\"column\">\n\t\t\t<div class=\"elementor-widget-wrap elementor-element-populated\">\n\t\t\t\t\t\t<div class=\"elementor-element elementor-element-1b3ebe4 elementor-widget elementor-widget-team_box\" data-id=\"1b3ebe4\" data-element_type=\"widget\" data-e-type=\"widget\" data-widget_type=\"team_box.default\">\n\t\t\t\t<div class=\"elementor-widget-container\">\n\t\t\t\t\t            <div class=\"team-holder section-team fl-wrap\">\n                <div class=\"team-box-image\">\n                    <div class=\"team-photo\">\n                        <img decoding=\"async\" src=\"http:\/\/www.unavets.com\/lleida\/wp-content\/uploads\/sites\/5\/2021\/07\/Team-Alberto.png\" class=\"respimg\">                                    \n                    <\/div>\n                    <div class=\"team-info\">\n                        <h3><a href=\"\">Alberto Compaired<\/a><\/h3><h4>Director Veterinari<\/h4>L\u2019any 2003 es va llicenciar en Veterin\u00e0ria per la Universitat de Zaragoza, realitzant durant l\u2019\u00faltim curs, un Erasmus a la Universitat de Nantes (Fran\u00e7a).                    <\/div>\n                <\/div>\n            <\/div>\n        \t\t\t\t<\/div>\n\t\t\t\t<\/div>\n\t\t\t\t<div class=\"elementor-element elementor-element-b76be82 readmoretoggle elementor-widget elementor-widget-toggle\" data-id=\"b76be82\" data-element_type=\"widget\" data-e-type=\"widget\" data-widget_type=\"toggle.default\">\n\t\t\t\t<div class=\"elementor-widget-container\">\n\t\t\t\t\t\t\t<div class=\"elementor-toggle\">\n\t\t\t\t\t\t\t<div class=\"elementor-toggle-item\">\n\t\t\t\t\t<div id=\"elementor-tab-title-1921\" class=\"elementor-tab-title\" data-tab=\"1\" role=\"button\" aria-controls=\"elementor-tab-content-1921\" aria-expanded=\"false\">\n\t\t\t\t\t\t\t\t\t\t\t\t<a class=\"elementor-toggle-title\" tabindex=\"0\"> Llegir m\u00e9s<\/a>\n\t\t\t\t\t<\/div>\n\n\t\t\t\t\t<div id=\"elementor-tab-content-1921\" class=\"elementor-tab-content elementor-clearfix\" data-tab=\"1\" role=\"region\" aria-labelledby=\"elementor-tab-title-1921\"><p>Va ser a Fran\u00e7a, durant un per\u00edode de 6 anys, quan es va iniciar en el camp de la Neurologia, Traumatologia, Endocrinologia i Reproducci\u00f3. Des del 2008, forma part de l\u2019equip de l\u2019Hospital Veterinari de Lleida, on desenvolupa la seva tasca com a expert cirurgi\u00e0, aix\u00ed com altres \u00e0mbits de la Veterin\u00e0ria, com s\u00f3n l\u2019Ecografia Abdominal, Cures Intensives, Medicina Interna i Dermatologia.<\/p><\/div>\n\t\t\t\t<\/div>\n\t\t\t\t\t\t\t\t<\/div>\n\t\t\t\t\t\t<\/div>\n\t\t\t\t<\/div>\n\t\t\t\t\t<\/div>\n\t\t<\/div>\n\t\t\t\t<div class=\"elementor-column elementor-col-25 elementor-inner-column elementor-element elementor-element-98174e4\" data-id=\"98174e4\" data-element_type=\"column\" data-e-type=\"column\">\n\t\t\t<div class=\"elementor-widget-wrap elementor-element-populated\">\n\t\t\t\t\t\t<div class=\"elementor-element elementor-element-5a383b7 elementor-widget elementor-widget-team_box\" data-id=\"5a383b7\" data-element_type=\"widget\" data-e-type=\"widget\" data-widget_type=\"team_box.default\">\n\t\t\t\t<div class=\"elementor-widget-container\">\n\t\t\t\t\t            <div class=\"team-holder section-team fl-wrap\">\n                <div class=\"team-box-image\">\n                    <div class=\"team-photo\">\n                        <img decoding=\"async\" src=\"http:\/\/www.unavets.com\/lleida\/wp-content\/uploads\/sites\/5\/2021\/07\/Team-Olga.png\" class=\"respimg\">                                    \n                    <\/div>\n                    <div class=\"team-info\">\n                        <h3><a href=\"\">Olga Romera<\/a><\/h3><h4>Directora Veterin\u00e0ria<\/h4>Olga \u00e9s llicenciada en Veterin\u00e0ria per la Universitat de Saragossa en 2003 i seguidament va realitzar un internat de 2 anys a l'hospital veterinari de la mateixa universitat.                    <\/div>\n                <\/div>\n            <\/div>\n        \t\t\t\t<\/div>\n\t\t\t\t<\/div>\n\t\t\t\t<div class=\"elementor-element elementor-element-a4056ac readmoretoggle elementor-widget elementor-widget-toggle\" data-id=\"a4056ac\" data-element_type=\"widget\" data-e-type=\"widget\" data-widget_type=\"toggle.default\">\n\t\t\t\t<div class=\"elementor-widget-container\">\n\t\t\t\t\t\t\t<div class=\"elementor-toggle\">\n\t\t\t\t\t\t\t<div class=\"elementor-toggle-item\">\n\t\t\t\t\t<div id=\"elementor-tab-title-1711\" class=\"elementor-tab-title\" data-tab=\"1\" role=\"button\" aria-controls=\"elementor-tab-content-1711\" aria-expanded=\"false\">\n\t\t\t\t\t\t\t\t\t\t\t\t<a class=\"elementor-toggle-title\" tabindex=\"0\"> Llegir m\u00e9s<\/a>\n\t\t\t\t\t<\/div>\n\n\t\t\t\t\t<div id=\"elementor-tab-content-1711\" class=\"elementor-tab-content elementor-clearfix\" data-tab=\"1\" role=\"region\" aria-labelledby=\"elementor-tab-title-1711\"><p>\u00c9s membre de l&#8217;Associaci\u00f3 de Veterinaris Espanyols Especialistes en Petits Animals (AVEPA). Es va incorporar a l&#8217;equip de l&#8217;Hospital Veterinari de Lleida l&#8217;any 2005. Va realitzar un postgrau d&#8217;oftalmologia en la UAB. Encarregada del servei de cirurgia i oftalmologia, sent aquesta \u00faltima la seva gran passi\u00f3 i a la qual dedica bona part de la seva formaci\u00f3. &#8220;Ella \u00e9s&#8230; els ulls de la cl\u00ednica&#8221;. En el seu temps lliure li encanta ballar i passejar amb les seves 2 gossetes.<\/p><\/div>\n\t\t\t\t<\/div>\n\t\t\t\t\t\t\t\t<\/div>\n\t\t\t\t\t\t<\/div>\n\t\t\t\t<\/div>\n\t\t\t\t\t<\/div>\n\t\t<\/div>\n\t\t\t\t<div class=\"elementor-column elementor-col-25 elementor-inner-column elementor-element elementor-element-1e8dc5c\" data-id=\"1e8dc5c\" data-element_type=\"column\" data-e-type=\"column\">\n\t\t\t<div class=\"elementor-widget-wrap elementor-element-populated\">\n\t\t\t\t\t\t<div class=\"elementor-element elementor-element-c667ccf elementor-widget elementor-widget-team_box\" data-id=\"c667ccf\" data-element_type=\"widget\" data-e-type=\"widget\" data-widget_type=\"team_box.default\">\n\t\t\t\t<div class=\"elementor-widget-container\">\n\t\t\t\t\t            <div class=\"team-holder section-team fl-wrap\">\n                <div class=\"team-box-image\">\n                    <div class=\"team-photo\">\n                        <img decoding=\"async\" src=\"http:\/\/www.unavets.com\/lleida\/wp-content\/uploads\/sites\/5\/2021\/07\/Team-Donitzi.png\" class=\"respimg\">                                    \n                    <\/div>\n                    <div class=\"team-info\">\n                        <h3><a href=\"\">Donitzi V\u00e1squez<\/a><\/h3><h4>Veterin\u00e0ria<\/h4>Llicenciada en Veterin\u00e0ria per la Universitat del Zulia l\u2019any 2005 a Vene\u00e7uela. La seva formaci\u00f3 est\u00e0 orientada al camp de la Dermatologia en petits                    <\/div>\n                <\/div>\n            <\/div>\n        \t\t\t\t<\/div>\n\t\t\t\t<\/div>\n\t\t\t\t<div class=\"elementor-element elementor-element-d278961 readmoretoggle elementor-widget elementor-widget-toggle\" data-id=\"d278961\" data-element_type=\"widget\" data-e-type=\"widget\" data-widget_type=\"toggle.default\">\n\t\t\t\t<div class=\"elementor-widget-container\">\n\t\t\t\t\t\t\t<div class=\"elementor-toggle\">\n\t\t\t\t\t\t\t<div class=\"elementor-toggle-item\">\n\t\t\t\t\t<div id=\"elementor-tab-title-2201\" class=\"elementor-tab-title\" data-tab=\"1\" role=\"button\" aria-controls=\"elementor-tab-content-2201\" aria-expanded=\"false\">\n\t\t\t\t\t\t\t\t\t\t\t\t<a class=\"elementor-toggle-title\" tabindex=\"0\"> Llegir m\u00e9s<\/a>\n\t\t\t\t\t<\/div>\n\n\t\t\t\t\t<div id=\"elementor-tab-content-2201\" class=\"elementor-tab-content elementor-clearfix\" data-tab=\"1\" role=\"region\" aria-labelledby=\"elementor-tab-title-2201\"><p>animals aix\u00ed com la Medicina Interna, Cirurgia General , tant de petits com de grans animals. I ha cursat el m\u00e0ster en l\u00ednia en dermatologia de la UAB.<em> \u201cPer a mi, la Veterin\u00e0ria \u00e9s una tradici\u00f3 familiar\u201d.<\/em><\/p><\/div>\n\t\t\t\t<\/div>\n\t\t\t\t\t\t\t\t<\/div>\n\t\t\t\t\t\t<\/div>\n\t\t\t\t<\/div>\n\t\t\t\t\t<\/div>\n\t\t<\/div>\n\t\t\t\t<div class=\"elementor-column elementor-col-25 elementor-inner-column elementor-element elementor-element-31182fc\" data-id=\"31182fc\" data-element_type=\"column\" data-e-type=\"column\">\n\t\t\t<div class=\"elementor-widget-wrap elementor-element-populated\">\n\t\t\t\t\t\t<div class=\"elementor-element elementor-element-e7cc158 elementor-widget elementor-widget-team_box\" data-id=\"e7cc158\" data-element_type=\"widget\" data-e-type=\"widget\" data-widget_type=\"team_box.default\">\n\t\t\t\t<div class=\"elementor-widget-container\">\n\t\t\t\t\t            <div class=\"team-holder section-team fl-wrap\">\n                <div class=\"team-box-image\">\n                    <div class=\"team-photo\">\n                        <img decoding=\"async\" src=\"http:\/\/www.unavets.com\/lleida\/wp-content\/uploads\/sites\/5\/2021\/07\/Team-Madalina.png\" class=\"respimg\">                                    \n                    <\/div>\n                    <div class=\"team-info\">\n                        <h3><a href=\"\">Madalina Matei <\/a><\/h3><h4>Veterin\u00e0ria<\/h4>La Madalina va acabar la carrera de Medicina Veterin\u00e0ria a Bucharest, Romania, el juliol de 2018. El desembre del mateix any, es va mudar a Lleida, on espera l'homologaci\u00f3 del seu t\u00edtol                    <\/div>\n                <\/div>\n            <\/div>\n        \t\t\t\t<\/div>\n\t\t\t\t<\/div>\n\t\t\t\t<div class=\"elementor-element elementor-element-f2a4de4 readmoretoggle elementor-widget elementor-widget-toggle\" data-id=\"f2a4de4\" data-element_type=\"widget\" data-e-type=\"widget\" data-widget_type=\"toggle.default\">\n\t\t\t\t<div class=\"elementor-widget-container\">\n\t\t\t\t\t\t\t<div class=\"elementor-toggle\">\n\t\t\t\t\t\t\t<div class=\"elementor-toggle-item\">\n\t\t\t\t\t<div id=\"elementor-tab-title-2541\" class=\"elementor-tab-title\" data-tab=\"1\" role=\"button\" aria-controls=\"elementor-tab-content-2541\" aria-expanded=\"false\">\n\t\t\t\t\t\t\t\t\t\t\t\t<a class=\"elementor-toggle-title\" tabindex=\"0\"> Llegir m\u00e9s<\/a>\n\t\t\t\t\t<\/div>\n\n\t\t\t\t\t<div id=\"elementor-tab-content-2541\" class=\"elementor-tab-content elementor-clearfix\" data-tab=\"1\" role=\"region\" aria-labelledby=\"elementor-tab-title-2541\">universitari. Ha treballat com ATV en diferents cl\u00edniques veterin\u00e0ries des de 2014 i el novembre de 2020 es va incorporar a l&#8217;equip de l&#8217;Hospital Veterinari de Lleida on ha treballat com a Auxiliar Veterin\u00e0ria fins a juny de 2021, moment en el qual ha passat a treballar com a Veterin\u00e0ria de l&#8217;hospital. El seu desig \u00e9s poder ajudar als pacients i continuar evolucionant cada dia per a poder oferir el millor servei per a les mascotes. Li encanta treballar tant amb gossos com amb gats. El m\u00f3n de la medicina veterin\u00e0ria ha estat la seva passi\u00f3 des de petita.<\/div>\n\t\t\t\t<\/div>\n\t\t\t\t\t\t\t\t<\/div>\n\t\t\t\t\t\t<\/div>\n\t\t\t\t<\/div>\n\t\t\t\t\t<\/div>\n\t\t<\/div>\n\t\t\t\t\t<\/div>\n\t\t<\/section>\n\t\t\t\t<section class=\"elementor-section elementor-inner-section elementor-element elementor-element-08117a3 elementor-section-boxed elementor-section-height-default elementor-section-height-default\" data-id=\"08117a3\" data-element_type=\"section\" data-e-type=\"section\">\n\t\t\t\t\t\t<div class=\"elementor-container elementor-column-gap-default\">\n\t\t\t\t\t<div class=\"elementor-column elementor-col-25 elementor-inner-column elementor-element elementor-element-cbbc56d\" data-id=\"cbbc56d\" data-element_type=\"column\" data-e-type=\"column\">\n\t\t\t<div class=\"elementor-widget-wrap elementor-element-populated\">\n\t\t\t\t\t\t<div class=\"elementor-element elementor-element-0c3b944 elementor-widget elementor-widget-team_box\" data-id=\"0c3b944\" data-element_type=\"widget\" data-e-type=\"widget\" data-widget_type=\"team_box.default\">\n\t\t\t\t<div class=\"elementor-widget-container\">\n\t\t\t\t\t            <div class=\"team-holder section-team fl-wrap\">\n                <div class=\"team-box-image\">\n                    <div class=\"team-photo\">\n                        <img decoding=\"async\" src=\"http:\/\/www.unavets.com\/lleida\/wp-content\/uploads\/sites\/5\/2021\/07\/Team-Beatriz.png\" class=\"respimg\">                                    \n                    <\/div>\n                    <div class=\"team-info\">\n                        <h3><a href=\"\">Beatriz Urraca<\/a><\/h3><h4>Veterin\u00e0ria<\/h4>La Beatriz \u00e9s Graduada en Veterin\u00e0ria per la Universitat Complutense de Madrid l'any 2017. Va compaginar els seus estudis amb pr\u00e0ctiques a l'hospital de la universitat,                    <\/div>\n                <\/div>\n            <\/div>\n        \t\t\t\t<\/div>\n\t\t\t\t<\/div>\n\t\t\t\t<div class=\"elementor-element elementor-element-4305390 readmoretoggle elementor-widget elementor-widget-toggle\" data-id=\"4305390\" data-element_type=\"widget\" data-e-type=\"widget\" data-widget_type=\"toggle.default\">\n\t\t\t\t<div class=\"elementor-widget-container\">\n\t\t\t\t\t\t\t<div class=\"elementor-toggle\">\n\t\t\t\t\t\t\t<div class=\"elementor-toggle-item\">\n\t\t\t\t\t<div id=\"elementor-tab-title-7021\" class=\"elementor-tab-title\" data-tab=\"1\" role=\"button\" aria-controls=\"elementor-tab-content-7021\" aria-expanded=\"false\">\n\t\t\t\t\t\t\t\t\t\t\t\t<a class=\"elementor-toggle-title\" tabindex=\"0\"> Llegir m\u00e9s<\/a>\n\t\t\t\t\t<\/div>\n\n\t\t\t\t\t<div id=\"elementor-tab-content-7021\" class=\"elementor-tab-content elementor-clearfix\" data-tab=\"1\" role=\"region\" aria-labelledby=\"elementor-tab-title-7021\">en els serveis de diagn\u00f2stic per imatge i neurologia. Des de llavors ha estat treballant en la cl\u00ednica de petits animals, i dedicant part del seu temps lliure a continuar formant-se, fonamentalment en els camps de medicina interna i diagn\u00f2stic per imatge. Aficionada a la m\u00fasica i la muntanya.<\/div>\n\t\t\t\t<\/div>\n\t\t\t\t\t\t\t\t<\/div>\n\t\t\t\t\t\t<\/div>\n\t\t\t\t<\/div>\n\t\t\t\t\t<\/div>\n\t\t<\/div>\n\t\t\t\t<div class=\"elementor-column elementor-col-25 elementor-inner-column elementor-element elementor-element-8750c6e\" data-id=\"8750c6e\" data-element_type=\"column\" data-e-type=\"column\">\n\t\t\t<div class=\"elementor-widget-wrap elementor-element-populated\">\n\t\t\t\t\t\t<div class=\"elementor-element elementor-element-2e216f9 elementor-widget elementor-widget-team_box\" data-id=\"2e216f9\" data-element_type=\"widget\" data-e-type=\"widget\" data-widget_type=\"team_box.default\">\n\t\t\t\t<div class=\"elementor-widget-container\">\n\t\t\t\t\t            <div class=\"team-holder section-team fl-wrap\">\n                <div class=\"team-box-image\">\n                    <div class=\"team-photo\">\n                        <img decoding=\"async\" src=\"https:\/\/www.unavets.com\/lleida\/wp-content\/uploads\/sites\/5\/2026\/01\/Empleados-Pagina-web-36-1-scaled.jpg\" class=\"respimg\">                                    \n                    <\/div>\n                    <div class=\"team-info\">\n                        <h3><a href=\"\">Carla Catalan<\/a><\/h3><h4>Veterin\u00e0ria<\/h4>Graduada en el Doble Grau de Veterin\u00e0ria i Ci\u00e8ncia i Producci\u00f3 Animal per la Universitat de Lleida (2021).                     <\/div>\n                <\/div>\n            <\/div>\n        \t\t\t\t<\/div>\n\t\t\t\t<\/div>\n\t\t\t\t<div class=\"elementor-element elementor-element-6d4fb78 readmoretoggle elementor-widget elementor-widget-toggle\" data-id=\"6d4fb78\" data-element_type=\"widget\" data-e-type=\"widget\" data-widget_type=\"toggle.default\">\n\t\t\t\t<div class=\"elementor-widget-container\">\n\t\t\t\t\t\t\t<div class=\"elementor-toggle\">\n\t\t\t\t\t\t\t<div class=\"elementor-toggle-item\">\n\t\t\t\t\t<div id=\"elementor-tab-title-1141\" class=\"elementor-tab-title\" data-tab=\"1\" role=\"button\" aria-controls=\"elementor-tab-content-1141\" aria-expanded=\"false\">\n\t\t\t\t\t\t\t\t\t\t\t\t<a class=\"elementor-toggle-title\" tabindex=\"0\"> Llegir m\u00e9s<\/a>\n\t\t\t\t\t<\/div>\n\n\t\t\t\t\t<div id=\"elementor-tab-content-1141\" class=\"elementor-tab-content elementor-clearfix\" data-tab=\"1\" role=\"region\" aria-labelledby=\"elementor-tab-title-1141\"><p>Despr\u00e9s de completar un Postgrau en Medicina Interna el 2023, actualment estic cursant un Postgrau en Medicina d&#8217;Animals Ex\u00f2tics, la meva gran passi\u00f3. Com a aficions, gaudeixo d&#8217;un bon llibre de fantasia, dels videojocs i de sortir de ruta amb moto.<\/p><\/div>\n\t\t\t\t<\/div>\n\t\t\t\t\t\t\t\t<\/div>\n\t\t\t\t\t\t<\/div>\n\t\t\t\t<\/div>\n\t\t\t\t\t<\/div>\n\t\t<\/div>\n\t\t\t\t<div class=\"elementor-column elementor-col-25 elementor-inner-column elementor-element elementor-element-90dff93 nodata_bor\" data-id=\"90dff93\" data-element_type=\"column\" data-e-type=\"column\">\n\t\t\t<div class=\"elementor-widget-wrap\">\n\t\t\t\t\t\t\t<\/div>\n\t\t<\/div>\n\t\t\t\t<div class=\"elementor-column elementor-col-25 elementor-inner-column elementor-element elementor-element-d1e7af0 nodata_bor\" data-id=\"d1e7af0\" data-element_type=\"column\" data-e-type=\"column\">\n\t\t\t<div class=\"elementor-widget-wrap\">\n\t\t\t\t\t\t\t<\/div>\n\t\t<\/div>\n\t\t\t\t\t<\/div>\n\t\t<\/section>\n\t\t\t\t\t<\/div>\n\t\t<\/div>\n\t\t\t\t\t<\/div>\n\t\t<\/section>\n\t\t\t\t<section class=\"elementor-section elementor-top-section elementor-element elementor-element-759aebd team-member elementor-section-boxed elementor-section-height-default elementor-section-height-default\" data-id=\"759aebd\" data-element_type=\"section\" data-e-type=\"section\">\n\t\t\t\t\t\t<div class=\"elementor-container elementor-column-gap-default\">\n\t\t\t\t\t<div class=\"elementor-column elementor-col-100 elementor-top-column elementor-element elementor-element-0a2e1c1\" data-id=\"0a2e1c1\" data-element_type=\"column\" data-e-type=\"column\">\n\t\t\t<div class=\"elementor-widget-wrap elementor-element-populated\">\n\t\t\t\t\t\t<div class=\"elementor-element elementor-element-fcc1a30 elementor-hidden-tablet elementor-hidden-phone elementor-widget elementor-widget-section_titleleft\" data-id=\"fcc1a30\" data-element_type=\"widget\" data-e-type=\"widget\" data-widget_type=\"section_titleleft.default\">\n\t\t\t\t<div class=\"elementor-widget-container\">\n\t\t\t\t\t        <div class=\"ab_text-title fl-wrap\">\n            <h3>T\u00e8cnics i Auxiliars<\/h3><span class=\"section-separator fl-sec-sep\"><\/span>        <\/div>\n        \t\t\t\t<\/div>\n\t\t\t\t<\/div>\n\t\t\t\t<section class=\"elementor-section elementor-inner-section elementor-element elementor-element-5012cd4 elementor-section-boxed elementor-section-height-default elementor-section-height-default\" data-id=\"5012cd4\" data-element_type=\"section\" data-e-type=\"section\">\n\t\t\t\t\t\t<div class=\"elementor-container elementor-column-gap-default\">\n\t\t\t\t\t<div class=\"elementor-column elementor-col-25 elementor-inner-column elementor-element elementor-element-b2cace3\" data-id=\"b2cace3\" data-element_type=\"column\" data-e-type=\"column\">\n\t\t\t<div class=\"elementor-widget-wrap elementor-element-populated\">\n\t\t\t\t\t\t<div class=\"elementor-element elementor-element-bbdbd8b elementor-widget elementor-widget-team_box\" data-id=\"bbdbd8b\" data-element_type=\"widget\" data-e-type=\"widget\" data-widget_type=\"team_box.default\">\n\t\t\t\t<div class=\"elementor-widget-container\">\n\t\t\t\t\t            <div class=\"team-holder section-team fl-wrap\">\n                <div class=\"team-box-image\">\n                    <div class=\"team-photo\">\n                        <img decoding=\"async\" src=\"http:\/\/www.unavets.com\/lleida\/wp-content\/uploads\/sites\/5\/2021\/08\/Diseno-sin-titulo-10-scaled.jpg\" class=\"respimg\">                                    \n                    <\/div>\n                    <div class=\"team-info\">\n                        <h3><a href=\"\">Agus Mar\u00edn<\/a><\/h3><h4>Recepcionista\/Auxiliar<\/h4>Es va incorporar a l\u2019Hospital Veterinari de Lleida l\u2019any 1997. Va ser la primera persona que, des del seu inici, va col\u00b7laborar amb el fundador de l\u2019empresa, el Javier Gasc\u00f3n Pomar.                    <\/div>\n                <\/div>\n            <\/div>\n        \t\t\t\t<\/div>\n\t\t\t\t<\/div>\n\t\t\t\t<div class=\"elementor-element elementor-element-db80ffa readmoretoggle elementor-widget elementor-widget-toggle\" data-id=\"db80ffa\" data-element_type=\"widget\" data-e-type=\"widget\" data-widget_type=\"toggle.default\">\n\t\t\t\t<div class=\"elementor-widget-container\">\n\t\t\t\t\t\t\t<div class=\"elementor-toggle\">\n\t\t\t\t\t\t\t<div class=\"elementor-toggle-item\">\n\t\t\t\t\t<div id=\"elementor-tab-title-2301\" class=\"elementor-tab-title\" data-tab=\"1\" role=\"button\" aria-controls=\"elementor-tab-content-2301\" aria-expanded=\"false\">\n\t\t\t\t\t\t\t\t\t\t\t\t<a class=\"elementor-toggle-title\" tabindex=\"0\"> Llegir m\u00e9s<\/a>\n\t\t\t\t\t<\/div>\n\n\t\t\t\t\t<div id=\"elementor-tab-content-2301\" class=\"elementor-tab-content elementor-clearfix\" data-tab=\"1\" role=\"region\" aria-labelledby=\"elementor-tab-title-2301\"><p>\u00c9s la persona responsable de l\u2019Atenci\u00f3 al Client, venda i tasques administratives, aix\u00ed com de la gesti\u00f3 de les agendes de visites amb col\u00b7laboraci\u00f3 i coordinaci\u00f3 amb l\u2019equip veterinari. La seva llarga experi\u00e8ncia i la seva formaci\u00f3 en nutrici\u00f3, li permeten oferir al nostre client un millor servei i assessorament nutricional.<\/p><\/div>\n\t\t\t\t<\/div>\n\t\t\t\t\t\t\t\t<\/div>\n\t\t\t\t\t\t<\/div>\n\t\t\t\t<\/div>\n\t\t\t\t\t<\/div>\n\t\t<\/div>\n\t\t\t\t<div class=\"elementor-column elementor-col-25 elementor-inner-column elementor-element elementor-element-4fb17be\" data-id=\"4fb17be\" data-element_type=\"column\" data-e-type=\"column\">\n\t\t\t<div class=\"elementor-widget-wrap elementor-element-populated\">\n\t\t\t\t\t\t<div class=\"elementor-element elementor-element-52f9ec2 elementor-widget elementor-widget-team_box\" data-id=\"52f9ec2\" data-element_type=\"widget\" data-e-type=\"widget\" data-widget_type=\"team_box.default\">\n\t\t\t\t<div class=\"elementor-widget-container\">\n\t\t\t\t\t            <div class=\"team-holder section-team fl-wrap\">\n                <div class=\"team-box-image\">\n                    <div class=\"team-photo\">\n                        <img decoding=\"async\" src=\"http:\/\/www.unavets.com\/lleida\/wp-content\/uploads\/sites\/5\/2021\/07\/Team-Elena.png\" class=\"respimg\">                                    \n                    <\/div>\n                    <div class=\"team-info\">\n                        <h3><a href=\"\">Elena Moisescu<\/a><\/h3><h4>Auxiliar Veterin\u00e0ria<\/h4>L'Elena \u00e9s auxiliar veterin\u00e0ria a l'Hospital Veterinari de Lleida des de 2021. En ell s'encarrega d'ajudar als veterinaris tant en consultes com en cirurgies.                    <\/div>\n                <\/div>\n            <\/div>\n        \t\t\t\t<\/div>\n\t\t\t\t<\/div>\n\t\t\t\t<div class=\"elementor-element elementor-element-4dbc20a readmoretoggle elementor-widget elementor-widget-toggle\" data-id=\"4dbc20a\" data-element_type=\"widget\" data-e-type=\"widget\" data-widget_type=\"toggle.default\">\n\t\t\t\t<div class=\"elementor-widget-container\">\n\t\t\t\t\t\t\t<div class=\"elementor-toggle\">\n\t\t\t\t\t\t\t<div class=\"elementor-toggle-item\">\n\t\t\t\t\t<div id=\"elementor-tab-title-8151\" class=\"elementor-tab-title\" data-tab=\"1\" role=\"button\" aria-controls=\"elementor-tab-content-8151\" aria-expanded=\"false\">\n\t\t\t\t\t\t\t\t\t\t\t\t<a class=\"elementor-toggle-title\" tabindex=\"0\"> Llegir m\u00e9s<\/a>\n\t\t\t\t\t<\/div>\n\n\t\t\t\t\t<div id=\"elementor-tab-content-8151\" class=\"elementor-tab-content elementor-clearfix\" data-tab=\"1\" role=\"region\" aria-labelledby=\"elementor-tab-title-8151\">Neteja i esterilitza el material quir\u00fargic, monitoritza als animals perqu\u00e8 es recuperin despr\u00e9s de cada cirurgia i at\u00e9n als hospitalitzats. S&#8217;encarrega que estigui tot adequat perqu\u00e8 les mascotes estiguin tan ben ateses com sigui possible. Entre les seves aficions es troba la naturalesa, especialment la muntanya i la fotografia.<\/div>\n\t\t\t\t<\/div>\n\t\t\t\t\t\t\t\t<\/div>\n\t\t\t\t\t\t<\/div>\n\t\t\t\t<\/div>\n\t\t\t\t\t<\/div>\n\t\t<\/div>\n\t\t\t\t<div class=\"elementor-column elementor-col-25 elementor-inner-column elementor-element elementor-element-9347311\" data-id=\"9347311\" data-element_type=\"column\" data-e-type=\"column\">\n\t\t\t<div class=\"elementor-widget-wrap elementor-element-populated\">\n\t\t\t\t\t\t<div class=\"elementor-element elementor-element-56772b1 elementor-widget elementor-widget-team_box\" data-id=\"56772b1\" data-element_type=\"widget\" data-e-type=\"widget\" data-widget_type=\"team_box.default\">\n\t\t\t\t<div class=\"elementor-widget-container\">\n\t\t\t\t\t            <div class=\"team-holder section-team fl-wrap\">\n                <div class=\"team-box-image\">\n                    <div class=\"team-photo\">\n                        <img decoding=\"async\" src=\"http:\/\/www.unavets.com\/lleida\/wp-content\/uploads\/sites\/5\/2021\/11\/Team-Chantal-scaled.jpg\" class=\"respimg\">                                    \n                    <\/div>\n                    <div class=\"team-info\">\n                        <h3><a href=\"\">Chantal Alarc\u00f3n<\/a><\/h3><h4>Auxiliar Veterin\u00e0ria<\/h4>La Chantal des de sempre ha tingut animals i per aix\u00f2 va decidir fer de la seva passi\u00f3 la seva professi\u00f3. T\u00e9 un curs d'Auxiliar de veterin\u00e0ria i un altre de ATV que va obtenir en el 2014.                    <\/div>\n                <\/div>\n            <\/div>\n        \t\t\t\t<\/div>\n\t\t\t\t<\/div>\n\t\t\t\t<div class=\"elementor-element elementor-element-4813db1 readmoretoggle elementor-widget elementor-widget-toggle\" data-id=\"4813db1\" data-element_type=\"widget\" data-e-type=\"widget\" data-widget_type=\"toggle.default\">\n\t\t\t\t<div class=\"elementor-widget-container\">\n\t\t\t\t\t\t\t<div class=\"elementor-toggle\">\n\t\t\t\t\t\t\t<div class=\"elementor-toggle-item\">\n\t\t\t\t\t<div id=\"elementor-tab-title-7551\" class=\"elementor-tab-title\" data-tab=\"1\" role=\"button\" aria-controls=\"elementor-tab-content-7551\" aria-expanded=\"false\">\n\t\t\t\t\t\t\t\t\t\t\t\t<a class=\"elementor-toggle-title\" tabindex=\"0\"> Llegir m\u00e9s<\/a>\n\t\t\t\t\t<\/div>\n\n\t\t\t\t\t<div id=\"elementor-tab-content-7551\" class=\"elementor-tab-content elementor-clearfix\" data-tab=\"1\" role=\"region\" aria-labelledby=\"elementor-tab-title-7551\"><p>Des de llavors sempre ha treballat amb animals. El seu objectiu \u00e9s aprendre i millorar dia a dia per a continuar creixent professionalment i com a persona. La seva labor \u00e9s cuidar i mimar a totes les mascotes que vagin a l&#8217;Hospital i oferir el millor tracte i somriure a tots els clients perqu\u00e8 se sentin com a casa. El seu temps lliure el dedica a la fam\u00edlia, a continuar estudiant, cuidar de totes les seves mascotes i muntar a cavall.<\/p><\/div>\n\t\t\t\t<\/div>\n\t\t\t\t\t\t\t\t<\/div>\n\t\t\t\t\t\t<\/div>\n\t\t\t\t<\/div>\n\t\t\t\t\t<\/div>\n\t\t<\/div>\n\t\t\t\t<div class=\"elementor-column elementor-col-25 elementor-inner-column elementor-element elementor-element-7d17a5c\" data-id=\"7d17a5c\" data-element_type=\"column\" data-e-type=\"column\">\n\t\t\t<div class=\"elementor-widget-wrap elementor-element-populated\">\n\t\t\t\t\t\t<div class=\"elementor-element elementor-element-eee1125 elementor-widget elementor-widget-team_box\" data-id=\"eee1125\" data-element_type=\"widget\" data-e-type=\"widget\" data-widget_type=\"team_box.default\">\n\t\t\t\t<div class=\"elementor-widget-container\">\n\t\t\t\t\t            <div class=\"team-holder section-team fl-wrap\">\n                <div class=\"team-box-image\">\n                    <div class=\"team-photo\">\n                        <img decoding=\"async\" src=\"https:\/\/www.unavets.com\/lleida\/wp-content\/uploads\/sites\/5\/2025\/03\/Patricia-3-scaled.jpg\" class=\"respimg\">                                    \n                    <\/div>\n                    <div class=\"team-info\">\n                        <h3><a href=\"\">Neus Rates<\/a><\/h3><h4>Auxiliar Veterin\u00e0ria<\/h4>Compta amb formaci\u00f3 professional com a t\u00e8cnic auxiliar de veterin\u00e0ria, amb tres anys d'experi\u00e8ncia en cl\u00edniques de petits animals. Els cavalls s\u00f3n la seva altra passi\u00f3. Les seves funcions abasten des del tracte amb el client i el pacient, el control i la monitoritzaci\u00f3 de les constants vitals, la col\u00b7locaci\u00f3 i preparaci\u00f3 dels pacients durant les proves diagn\u00f2stiques pertinents i al quir\u00f2fan, l'administraci\u00f3 de medicaci\u00f3 i control de l'hospitalitzaci\u00f3, fins al suport al veterinari.                    <\/div>\n                <\/div>\n            <\/div>\n        \t\t\t\t<\/div>\n\t\t\t\t<\/div>\n\t\t\t\t\t<\/div>\n\t\t<\/div>\n\t\t\t\t\t<\/div>\n\t\t<\/section>\n\t\t\t\t<section class=\"elementor-section elementor-inner-section elementor-element elementor-element-0c83eac elementor-section-boxed elementor-section-height-default elementor-section-height-default\" data-id=\"0c83eac\" data-element_type=\"section\" data-e-type=\"section\">\n\t\t\t\t\t\t<div class=\"elementor-container elementor-column-gap-default\">\n\t\t\t\t\t<div class=\"elementor-column elementor-col-25 elementor-inner-column elementor-element elementor-element-02d5662\" data-id=\"02d5662\" data-element_type=\"column\" data-e-type=\"column\">\n\t\t\t<div class=\"elementor-widget-wrap elementor-element-populated\">\n\t\t\t\t\t\t<div class=\"elementor-element elementor-element-e3aff72 elementor-widget elementor-widget-team_box\" data-id=\"e3aff72\" data-element_type=\"widget\" data-e-type=\"widget\" data-widget_type=\"team_box.default\">\n\t\t\t\t<div class=\"elementor-widget-container\">\n\t\t\t\t\t            <div class=\"team-holder section-team fl-wrap\">\n                <div class=\"team-box-image\">\n                    <div class=\"team-photo\">\n                        <img decoding=\"async\" src=\"http:\/\/www.unavets.com\/lleida\/wp-content\/uploads\/sites\/5\/2021\/07\/Team-Patricia.png\" class=\"respimg\">                                    \n                    <\/div>\n                    <div class=\"team-info\">\n                        <h3><a href=\"\">Patricia Ampuero<\/a><\/h3><h4>Netejadora<\/h4>En la fren\u00e8tica activitat di\u00e0ria de l\u2019Hospital Veterinari de Lleida, la Patricia contribueix amb la seva tasca impecable, a que totes les nostres instal\u00b7lacions                    <\/div>\n                <\/div>\n            <\/div>\n        \t\t\t\t<\/div>\n\t\t\t\t<\/div>\n\t\t\t\t<div class=\"elementor-element elementor-element-522a336 readmoretoggle elementor-widget elementor-widget-toggle\" data-id=\"522a336\" data-element_type=\"widget\" data-e-type=\"widget\" data-widget_type=\"toggle.default\">\n\t\t\t\t<div class=\"elementor-widget-container\">\n\t\t\t\t\t\t\t<div class=\"elementor-toggle\">\n\t\t\t\t\t\t\t<div class=\"elementor-toggle-item\">\n\t\t\t\t\t<div id=\"elementor-tab-title-8611\" class=\"elementor-tab-title\" data-tab=\"1\" role=\"button\" aria-controls=\"elementor-tab-content-8611\" aria-expanded=\"false\">\n\t\t\t\t\t\t\t\t\t\t\t\t<a class=\"elementor-toggle-title\" tabindex=\"0\"> Llegir m\u00e9s<\/a>\n\t\t\t\t\t<\/div>\n\n\t\t\t\t\t<div id=\"elementor-tab-content-8611\" class=\"elementor-tab-content elementor-clearfix\" data-tab=\"1\" role=\"region\" aria-labelledby=\"elementor-tab-title-8611\"><p>i depend\u00e8ncies estiguin en perfectes condicions per a oferir als nostres clients un servei de qualitat. Amb el seu somriure permanent, transmet el seu gran amor cap els animals, especialment cap els gossos.<\/p><\/div>\n\t\t\t\t<\/div>\n\t\t\t\t\t\t\t\t<\/div>\n\t\t\t\t\t\t<\/div>\n\t\t\t\t<\/div>\n\t\t\t\t\t<\/div>\n\t\t<\/div>\n\t\t\t\t<div class=\"elementor-column elementor-col-25 elementor-inner-column elementor-element elementor-element-0ae67c3 nodata_bor\" data-id=\"0ae67c3\" data-element_type=\"column\" data-e-type=\"column\">\n\t\t\t<div class=\"elementor-widget-wrap\">\n\t\t\t\t\t\t\t<\/div>\n\t\t<\/div>\n\t\t\t\t<div class=\"elementor-column elementor-col-25 elementor-inner-column elementor-element elementor-element-cccdc18 nodata_bor\" data-id=\"cccdc18\" data-element_type=\"column\" data-e-type=\"column\">\n\t\t\t<div class=\"elementor-widget-wrap\">\n\t\t\t\t\t\t\t<\/div>\n\t\t<\/div>\n\t\t\t\t<div class=\"elementor-column elementor-col-25 elementor-inner-column elementor-element elementor-element-93e0497 nodata_bor\" data-id=\"93e0497\" data-element_type=\"column\" data-e-type=\"column\">\n\t\t\t<div class=\"elementor-widget-wrap\">\n\t\t\t\t\t\t\t<\/div>\n\t\t<\/div>\n\t\t\t\t\t<\/div>\n\t\t<\/section>\n\t\t\t\t\t<\/div>\n\t\t<\/div>\n\t\t\t\t\t<\/div>\n\t\t<\/section>\n\t\t\t\t<section class=\"elementor-section elementor-top-section elementor-element elementor-element-1ef7bce team-member elementor-section-boxed elementor-section-height-default elementor-section-height-default\" data-id=\"1ef7bce\" data-element_type=\"section\" data-e-type=\"section\">\n\t\t\t\t\t\t<div class=\"elementor-container elementor-column-gap-default\">\n\t\t\t\t\t<div class=\"elementor-column elementor-col-100 elementor-top-column elementor-element elementor-element-6100d45\" data-id=\"6100d45\" data-element_type=\"column\" data-e-type=\"column\">\n\t\t\t<div class=\"elementor-widget-wrap elementor-element-populated\">\n\t\t\t\t\t\t<div class=\"elementor-element elementor-element-ac14e3a elementor-hidden-tablet elementor-hidden-phone elementor-widget elementor-widget-section_titleleft\" data-id=\"ac14e3a\" data-element_type=\"widget\" data-e-type=\"widget\" data-widget_type=\"section_titleleft.default\">\n\t\t\t\t<div class=\"elementor-widget-container\">\n\t\t\t\t\t        <div class=\"ab_text-title fl-wrap\">\n            <h3>In memoriam<\/h3><span class=\"section-separator fl-sec-sep\"><\/span>        <\/div>\n        \t\t\t\t<\/div>\n\t\t\t\t<\/div>\n\t\t\t\t<section class=\"elementor-section elementor-inner-section elementor-element elementor-element-0a54e98 elementor-section-boxed elementor-section-height-default elementor-section-height-default\" data-id=\"0a54e98\" data-element_type=\"section\" data-e-type=\"section\">\n\t\t\t\t\t\t<div class=\"elementor-container elementor-column-gap-default\">\n\t\t\t\t\t<div class=\"elementor-column elementor-col-25 elementor-inner-column elementor-element elementor-element-d6a84ae\" data-id=\"d6a84ae\" data-element_type=\"column\" data-e-type=\"column\">\n\t\t\t<div class=\"elementor-widget-wrap elementor-element-populated\">\n\t\t\t\t\t\t<div class=\"elementor-element elementor-element-e9c5666 elementor-widget elementor-widget-team_box\" data-id=\"e9c5666\" data-element_type=\"widget\" data-e-type=\"widget\" data-widget_type=\"team_box.default\">\n\t\t\t\t<div class=\"elementor-widget-container\">\n\t\t\t\t\t            <div class=\"team-holder section-team fl-wrap\">\n                <div class=\"team-box-image\">\n                    <div class=\"team-photo\">\n                        <img decoding=\"async\" src=\"http:\/\/www.unavets.com\/lleida\/wp-content\/uploads\/sites\/5\/2021\/07\/TEAM-Javier-Gascon-1.jpg\" class=\"respimg\">                                    \n                    <\/div>\n                    <div class=\"team-info\">\n                        <h3><a href=\"\">Javier Gasc\u00f3n Pomar<\/a><\/h3><h4>(1967-2014) Fundador<\/h4>Les persones que integren l\u2019equip de l\u2019Hospital Veterinari de Lleida s\u00f3n professionals de les diferents disciplines veterin\u00e0ries, preparats per a donar resposta a les necessitats dels nostres pacients,                    <\/div>\n                <\/div>\n            <\/div>\n        \t\t\t\t<\/div>\n\t\t\t\t<\/div>\n\t\t\t\t<div class=\"elementor-element elementor-element-617a26b readmoretoggle elementor-widget elementor-widget-toggle\" data-id=\"617a26b\" data-element_type=\"widget\" data-e-type=\"widget\" data-widget_type=\"toggle.default\">\n\t\t\t\t<div class=\"elementor-widget-container\">\n\t\t\t\t\t\t\t<div class=\"elementor-toggle\">\n\t\t\t\t\t\t\t<div class=\"elementor-toggle-item\">\n\t\t\t\t\t<div id=\"elementor-tab-title-1021\" class=\"elementor-tab-title\" data-tab=\"1\" role=\"button\" aria-controls=\"elementor-tab-content-1021\" aria-expanded=\"false\">\n\t\t\t\t\t\t\t\t\t\t\t\t<a class=\"elementor-toggle-title\" tabindex=\"0\"> Llegir m\u00e9s<\/a>\n\t\t\t\t\t<\/div>\n\n\t\t\t\t\t<div id=\"elementor-tab-content-1021\" class=\"elementor-tab-content elementor-clearfix\" data-tab=\"1\" role=\"region\" aria-labelledby=\"elementor-tab-title-1021\"><p>L\u2019any 1996, va fundar l\u2019Hospital Veterinari de Lleida, amb l\u2019objectiu i el comprom\u00eds de ser un centre de refer\u00e8ncia a la ciutat, amb un equip de professionals multidisciplinar, per oferir un servei integral i de qualitat als seus clients. El seu projecte, el va materialitzar dia rere dia, portant a terme la seva tasca amb extraordin\u00e0ria professionalitat, dedicaci\u00f3, esfor\u00e7 i potser amb el m\u00e9s important, la il\u00b7lusi\u00f3.<\/p><p>Javier Gasc\u00f3n Pomar va fer seu all\u00f2 de \u201c&#8230;siempre se puede hacer m\u00e1s y mejor&#8230;\u201d. De la seva for\u00e7a interior, els seus valors i les seves conviccions, sorgia el seu gran carisma, que el feien una persona excepcional. I de les seves grans passions, la seva dona i fills, fam\u00edlia, amics, treball i aficions, va fer la seva vida.<\/p><p>Amb la seva inquietud innata per ajudar i de compartir amb els altres, va col\u00b7laborar en diverses ocasions amb el projecte \u201cUna gota, un somriure\u201d, organitzaci\u00f3 solid\u00e0ria d\u2019ajuda al poble Sareh Kokeh a G\u00e0mbia.<\/p><p>La seva dona i fills: Marisol, Nidia i Daniel, donen continu\u00eftat al seu projecte, l\u2019Hospital Veterinari de Lleida.<\/p><p>Per portar-ho a terme compten amb la imprescindible i valuosa tasca de l\u2019equip de professionals que l\u2019integren, alguns d\u2019ells amb els que el Javier va treballar i compartir experi\u00e8ncies des de l\u2019inici, aix\u00ed com amb les necess\u00e0ries i noves incorporacions, que ens permeten continuar mantenint amb els nostres clients una relaci\u00f3 de confian\u00e7a i professionalitat, per a oferir-los el millor servei.<\/p><\/div>\n\t\t\t\t<\/div>\n\t\t\t\t\t\t\t\t<\/div>\n\t\t\t\t\t\t<\/div>\n\t\t\t\t<\/div>\n\t\t\t\t\t<\/div>\n\t\t<\/div>\n\t\t\t\t<div class=\"elementor-column elementor-col-25 elementor-inner-column elementor-element elementor-element-e14f1ad nodata_bor\" data-id=\"e14f1ad\" data-element_type=\"column\" data-e-type=\"column\">\n\t\t\t<div class=\"elementor-widget-wrap\">\n\t\t\t\t\t\t\t<\/div>\n\t\t<\/div>\n\t\t\t\t<div class=\"elementor-column elementor-col-25 elementor-inner-column elementor-element elementor-element-536647a nodata_bor\" data-id=\"536647a\" data-element_type=\"column\" data-e-type=\"column\">\n\t\t\t<div class=\"elementor-widget-wrap\">\n\t\t\t\t\t\t\t<\/div>\n\t\t<\/div>\n\t\t\t\t<div class=\"elementor-column elementor-col-25 elementor-inner-column elementor-element elementor-element-8583b46 nodata_bor\" data-id=\"8583b46\" data-element_type=\"column\" data-e-type=\"column\">\n\t\t\t<div class=\"elementor-widget-wrap\">\n\t\t\t\t\t\t\t<\/div>\n\t\t<\/div>\n\t\t\t\t\t<\/div>\n\t\t<\/section>\n\t\t\t\t\t<\/div>\n\t\t<\/div>\n\t\t\t\t\t<\/div>\n\t\t<\/section>\n\t\t\t\t<\/div>\n\t\t","protected":false},"excerpt":{"rendered":"<p>Les persones que integren l\u2019equip de l\u2019Hospital Veterinari de Lleida s\u00f3n professionals de les diferents disciplines veterin\u00e0ries, preparats per a donar resposta a les necessitats dels nostres pacients, les 24 hores del dia, durant els 365 dies de l\u2019any. Un equip multidisciplinar, din\u00e0mic, en constant creixement i progr\u00e9s, amb el comprom\u00eds d\u2019oferir als nostres pacients, &hellip; <\/p>\n","protected":false},"author":6,"featured_media":0,"parent":0,"menu_order":0,"comment_status":"closed","ping_status":"closed","template":"page-fullwidth.php","meta":{"_acf_changed":false,"content-type":"","footnotes":""},"class_list":["post-14412","page","type-page","status-publish","hentry"],"acf":[],"_links":{"self":[{"href":"https:\/\/www.unavets.com\/lleida\/ca\/wp-json\/wp\/v2\/pages\/14412","targetHints":{"allow":["GET"]}}],"collection":[{"href":"https:\/\/www.unavets.com\/lleida\/ca\/wp-json\/wp\/v2\/pages"}],"about":[{"href":"https:\/\/www.unavets.com\/lleida\/ca\/wp-json\/wp\/v2\/types\/page"}],"author":[{"embeddable":true,"href":"https:\/\/www.unavets.com\/lleida\/ca\/wp-json\/wp\/v2\/users\/6"}],"replies":[{"embeddable":true,"href":"https:\/\/www.unavets.com\/lleida\/ca\/wp-json\/wp\/v2\/comments?post=14412"}],"version-history":[{"count":55,"href":"https:\/\/www.unavets.com\/lleida\/ca\/wp-json\/wp\/v2\/pages\/14412\/revisions"}],"predecessor-version":[{"id":18647,"href":"https:\/\/www.unavets.com\/lleida\/ca\/wp-json\/wp\/v2\/pages\/14412\/revisions\/18647"}],"wp:attachment":[{"href":"https:\/\/www.unavets.com\/lleida\/ca\/wp-json\/wp\/v2\/media?parent=14412"}],"curies":[{"name":"wp","href":"https:\/\/api.w.org\/{rel}","templated":true}]}}