{"id":14602,"date":"2021-02-08T09:43:32","date_gmt":"2021-02-08T09:43:32","guid":{"rendered":"http:\/\/www.unavets.com\/?page_id=14602"},"modified":"2026-01-14T08:46:19","modified_gmt":"2026-01-14T08:46:19","slug":"nuestro-equipo","status":"publish","type":"page","link":"https:\/\/www.unavets.com\/es\/nuestro-equipo\/","title":{"rendered":"Nuestro Equipo"},"content":{"rendered":"\t\t<div data-elementor-type=\"wp-page\" data-elementor-id=\"14602\" class=\"elementor elementor-14602 elementor-12557\" data-elementor-post-type=\"page\">\n\t\t\t\t\t\t<section class=\"elementor-section elementor-top-section elementor-element elementor-element-4a281c92 our_team_section elementor-section-boxed elementor-section-height-default elementor-section-height-default\" data-id=\"4a281c92\" data-element_type=\"section\" data-e-type=\"section\" id=\"main-sec\">\n\t\t\t\t\t\t<div class=\"elementor-container elementor-column-gap-default\">\n\t\t\t\t\t<div class=\"elementor-column elementor-col-100 elementor-top-column elementor-element elementor-element-5b693741\" data-id=\"5b693741\" data-element_type=\"column\" data-e-type=\"column\">\n\t\t\t<div class=\"elementor-widget-wrap elementor-element-populated\">\n\t\t\t\t\t\t<div class=\"elementor-element elementor-element-202e5c42 elementor-widget elementor-widget-text-editor\" data-id=\"202e5c42\" data-element_type=\"widget\" data-e-type=\"widget\" data-widget_type=\"text-editor.default\">\n\t\t\t\t<div class=\"elementor-widget-container\">\n\t\t\t\t\t\t\t\t\t<p><span data-sheets-value=\"{\" data-sheets-userformat=\"{\">Adem\u00e1s de los 1.500 miembros del equipo cl\u00ednico distribuidos en nuestras 161 centros veterinarios, el equipo de UNAVETS que da soporte a las cl\u00ednicas asociadas tiene una extensa experiencia en los sectores veterinario y de negocios. Gestionamos la contabilidad y finanzas, marketing, tecnolog\u00eda, recursos humanos y log\u00edstica para que los veterinarios puedan concentrarse en lo m\u00e1s importante: la salud y el bienestar de nuestras queridas mascotas.<\/span><\/p><p><div id=\"our_team_wrapper\"><div id=\"our_team_inner\" class=\"our_team_inner\"><div class=\"our_team_category team_cat_direccion-ejecutiva\"><div class=\"team_cat_title\">Direcci\u00f3n Ejecutiva<\/div><div class=\"team_block_wrapper\"><div class=\"team_block team_block1 team_member25649\"><div class=\"team_block_inner\"><div class=\"member_img\"><img decoding=\"async\" src=\"https:\/\/www.unavets.com\/wp-content\/uploads\/2025\/02\/105.png\" alt=\"\" \/><\/div><div class=\"team_block_details\"><h3 class=\"member_name\">Enrique Cardona<\/h3><h4 class=\"member_role\">CEO<\/h4><p class=\"member_content\">Enrique durante los \u00faltimos 25 a\u00f1os, ha desarrollado una larga carrera en la sanidad humana y veterinaria, previamente a su entrada en el sector veterinario, Enrique ocup\u00f3 puestos de alta direcci\u00f3n en el sector hospitalario de la salud humana, como en desarrollo del negocio de las residencias de ancianos o como responsable de los mercados internacionales de una multinacional estadounidense dedicada a la atenci\u00f3n sanitaria de segunda opini\u00f3n y a la telemedicina. Su amplia experiencia en el sector de la salud humana le ha permitido tambi\u00e9n aportar estas experiencias al sector veterinario.<\/p><div class=\"toggle_wrapper\"><a class=\"member_toggle toggle_more\">Leer m\u00e1s<\/a><a class=\"member_toggle toggle_less\">Leer menos<\/a><\/div><\/div><\/div><\/div><div class=\"team_block team_block2 team_member15959\"><div class=\"team_block_inner\"><div class=\"member_img\"><img decoding=\"async\" src=\"https:\/\/www.unavets.com\/wp-content\/uploads\/2021\/03\/Fotos-Unavets-Pagina-web-5-scaled.jpg\" alt=\"\" \/><\/div><div class=\"team_block_details\"><h3 class=\"member_name\">Guilherme Assis<\/h3><h4 class=\"member_role\">CEO Adjunto y CFO<\/h4><p class=\"member_content\">Guilherme tiene m\u00e1s de 25 a\u00f1os de experiencia en finanzas y puestos ejecutivos, en empresas de diversos sectores. Ha trabajado en pa\u00edses de todo el mundo como India, Singapur y Brasil para empresas multinacionales como Consoveyo y el Grupo Efacec. Tiene una amplia experiencia, especialmente en la optimizaci\u00f3n de equipos globales de finanzas y tesorer\u00eda, sistemas de gesti\u00f3n y tecnolog\u00eda, mejora de la eficiencia y tambi\u00e9n de las operaciones o la reestructuraci\u00f3n empresarial, entre otros. Actualmente es el Director General y miembro del consejo de administraci\u00f3n de Onevet.\r\n\r\n<span style=\"color: #0000ff;\"><a href=\"https:\/\/www.linkedin.com\/in\/guilherme-assis-739954a\/\" target=\"_blank\" rel=\"noopener noreferrer\"><img decoding=\"async\" class=\"alignnone wp-image-16128 aligncenter\" style=\"color: #333333;\" src=\"http:\/\/www.unavets.com\/wp-content\/uploads\/2021\/03\/LinkedIn-Logo.png\" alt=\"\" width=\"102\" height=\"57\" \/><\/a><\/span><\/p><div class=\"toggle_wrapper\"><a class=\"member_toggle toggle_more\">Leer m\u00e1s<\/a><a class=\"member_toggle toggle_less\">Leer menos<\/a><\/div><\/div><\/div><\/div><div class=\"team_block team_block3 team_member14644\"><div class=\"team_block_inner\"><div class=\"member_img\"><img decoding=\"async\" src=\"https:\/\/www.unavets.com\/wp-content\/uploads\/2020\/12\/Ignacio-Gonzalez-scaled.jpg\" alt=\"\" \/><\/div><div class=\"team_block_details\"><h3 class=\"member_name\">Ignacio Gonz\u00e1lez<\/h3><h4 class=\"member_role\">Director de Fusiones y Adquisiciones <\/h4><p class=\"member_content\">Ignacio Gonz\u00e1lez es el Responsable de Fusiones y Adquisiciones de UNAVETS, liderando y apoyando con su equipo la importante actividad de Fusiones y Adquisiciones de la Compa\u00f1\u00eda. Ignacio es tambi\u00e9n Socio Fundador de Trusteam Capital, empresa de Servicios Financieros para Inversores, as\u00ed como Socio Director de UNOMASDOS, empresa que presta servicios de asesoramiento empresarial a emprendedores. Con anterioridad a estas funciones, Ignacio contaba con m\u00e1s de 20 a\u00f1os de experiencia en el sector financiero (en La Caixa) y con experiencia profesional en multinacionales americanas del sector de la alimentaci\u00f3n (Effem Espa\u00f1a) y de la comunicaci\u00f3n (Burson Marsteller).<\/p><div class=\"toggle_wrapper\"><a class=\"member_toggle toggle_more\">Leer m\u00e1s<\/a><a class=\"member_toggle toggle_less\">Leer menos<\/a><\/div><\/div><\/div><\/div><div class=\"team_block team_block4 team_member14677\"><div class=\"team_block_inner\"><div class=\"member_img\"><img decoding=\"async\" src=\"https:\/\/www.unavets.com\/wp-content\/uploads\/2020\/12\/84.png\" alt=\"\" \/><\/div><div class=\"team_block_details\"><h3 class=\"member_name\">Aar\u00f3n Filiberto Sisternes<\/h3><h4 class=\"member_role\">Asesor Financiero<\/h4><p class=\"member_content\">Aar\u00f3n es economista y cuenta con m\u00e1s de 20 a\u00f1os de experiencia desarrollada en la multinacional Eastman Kodak, con responsabilidades en las \u00e1reas de finanzas y direcci\u00f3n administrativa. Experto en gesti\u00f3n econ\u00f3mico financiera, direcci\u00f3n de procesos de externalizaci\u00f3n, reestructuraci\u00f3n de entidades legales, fusiones y adquisiciones, implementaci\u00f3n de nuevos modelos de negocio y gesti\u00f3n de empresas en proceso de cambio. Es miembro de consejos de administraci\u00f3n de varias compa\u00f1\u00edas en Espa\u00f1a, Portugal, EE. UU., B\u00e9lgica, Italia e Israel.\r\n\r\n&nbsp;\r\n\r\n&nbsp;\r\n\r\n<a href=\"https:\/\/www.linkedin.com\/in\/aaronfilibertosisternes\/\" target=\"_blank\" rel=\"noopener noreferrer\"><img decoding=\"async\" class=\"wp-image-16128 aligncenter\" src=\"https:\/\/www.unavets.com\/wp-content\/uploads\/2021\/03\/LinkedIn-Logo.png\" alt=\"\" width=\"102\" height=\"57\" \/><\/a><\/p><div class=\"toggle_wrapper\"><a class=\"member_toggle toggle_more\">Leer m\u00e1s<\/a><a class=\"member_toggle toggle_less\">Leer menos<\/a><\/div><\/div><\/div><\/div><\/div><\/div><div class=\"our_team_category team_cat_network-development-2\"><div class=\"team_cat_title\">Network Development<\/div><div class=\"team_block_wrapper\"><div class=\"team_block team_block1 team_member14671\"><div class=\"team_block_inner\"><div class=\"member_img\"><img decoding=\"async\" src=\"https:\/\/www.unavets.com\/wp-content\/uploads\/2020\/12\/93.png\" alt=\"\" \/><\/div><div class=\"team_block_details\"><h3 class=\"member_name\">Miguel Casado<\/h3><h4 class=\"member_role\">Director de Desarrollo de Plataforma<\/h4><p class=\"member_content\">Miguel cuenta con m\u00e1s de 20 a\u00f1os de experiencia en ventas en el sector de la salud animal. Responsable de Ventas y gerente de Distribuci\u00f3n en 3M, Royal Canin y Vetzona. Tambi\u00e9n ha sido responsable de Marketing en Scil Iberia.\r\n\r\n&nbsp;\r\n\r\n<a href=\"https:\/\/www.linkedin.com\/in\/macnistal\/\" target=\"_blank\" rel=\"noopener noreferrer\"><img decoding=\"async\" class=\"wp-image-16128 aligncenter\" src=\"https:\/\/www.unavets.com\/wp-content\/uploads\/2021\/03\/LinkedIn-Logo.png\" alt=\"\" width=\"102\" height=\"57\" \/><\/a>\r\n\r\n&nbsp;<\/p><div class=\"toggle_wrapper\"><a class=\"member_toggle toggle_more\">Leer m\u00e1s<\/a><a class=\"member_toggle toggle_less\">Leer menos<\/a><\/div><\/div><\/div><\/div><div class=\"team_block team_block2 team_member26833\"><div class=\"team_block_inner\"><div class=\"member_img\"><img decoding=\"async\" src=\"https:\/\/www.unavets.com\/wp-content\/uploads\/2025\/02\/104.png\" alt=\"\" \/><\/div><div class=\"team_block_details\"><h3 class=\"member_name\">Gaia Lafortezza<\/h3><h4 class=\"member_role\">\u00c1rea M\u00e1nager<\/h4><p class=\"member_content\">Gaia es Graduada en Veterinaria por la Unversidad de Bari (Italia) en 2011 y m\u00e1ster en Reproducci\u00f3n Animal por la Universidad de Murcia en 2015. He estado ejerciendo en el sector de los peque\u00f1os animales y caballos en diferentes centros en Italia, Francia y Espa\u00f1a. A partir del 2020 tuve la posibilidad de dedicarme a la gesti\u00f3n de centros veterinarios de Clinicanimal y Kivet de la zona de Catalu\u00f1a y Arag\u00f3n hasta pasar a formar parte del Grupo UNAVETS a finales de abril 2023.\r\n\r\n<a href=\"http:\/\/linkedin.com\/in\/gaia-lafortezza-7a808483\" target=\"_blank\" rel=\"noopener\"><img decoding=\"async\" class=\"aligncenter wp-image-16128\" src=\"https:\/\/www.unavets.com\/wp-content\/uploads\/2021\/03\/LinkedIn-Logo.png\" alt=\"\" width=\"102\" height=\"57\" \/><\/a><\/p><div class=\"toggle_wrapper\"><a class=\"member_toggle toggle_more\">Leer m\u00e1s<\/a><a class=\"member_toggle toggle_less\">Leer menos<\/a><\/div><\/div><\/div><\/div><div class=\"team_block team_block3 team_member26330\"><div class=\"team_block_inner\"><div class=\"member_img\"><img decoding=\"async\" src=\"https:\/\/www.unavets.com\/wp-content\/uploads\/2025\/02\/107.png\" alt=\"\" \/><\/div><div class=\"team_block_details\"><h3 class=\"member_name\">El\u00edxabet Aguirre<\/h3><h4 class=\"member_role\">\u00c1rea M\u00e1nager<\/h4><p class=\"member_content\">El\u00edxabet es graduada en Veterinaria por la Universidad de Santiago de Compostela en 2004. Tras sus estudios estuvo trabajando un a\u00f1o en una cl\u00ednica veterinaria de Londres, para a continuaci\u00f3n volver a Galicia a seguir desarrollando su carrera profesional. En 2015 tuvo la oportunidad de empezar con la gesti\u00f3n de algunas cl\u00ednicas de Galicia para pasar m\u00e1s adelante a ocuparse de la zona Norte y Canarias de las cl\u00ednicas Kivet y Clinicanimal hasta que en febrero del 2023 pasa a formar parte del Grupo UNAVETS.\r\n\r\n<a href=\"www.linkedin.com\/in\/elixabetaguirre\"><img decoding=\"async\" class=\"aligncenter wp-image-16128\" src=\"https:\/\/www.unavets.com\/wp-content\/uploads\/2021\/03\/LinkedIn-Logo.png\" alt=\"\" width=\"102\" height=\"57\" \/><\/a><\/p><div class=\"toggle_wrapper\"><a class=\"member_toggle toggle_more\">Leer m\u00e1s<\/a><a class=\"member_toggle toggle_less\">Leer menos<\/a><\/div><\/div><\/div><\/div><div class=\"team_block team_block4 team_member26338\"><div class=\"team_block_inner\"><div class=\"member_img\"><img decoding=\"async\" src=\"https:\/\/www.unavets.com\/wp-content\/uploads\/2023\/03\/Fotos-Unavets-Pagina-web-1-scaled.jpg\" alt=\"\" \/><\/div><div class=\"team_block_details\"><h3 class=\"member_name\">Jos\u00e9 Fern\u00e1ndez<\/h3><h4 class=\"member_role\">\u00c1rea M\u00e1nager<\/h4><p class=\"member_content\">Jose cuenta con m\u00e1s de 25 a\u00f1os de experiencia en el sector veterinario. Es responsable de la coordinaci\u00f3n y gesti\u00f3n de los centros veterinarios UNAVETS en Andaluc\u00eda y Madrid. Ha trabajado en empresas del sector veterinario como Hills y Purina y ha sido Gerente de 5 centros propios y un hospital veterinario hasta su venta.\r\n\r\n<a href=\"https:\/\/www.linkedin.com\/in\/jose-fern%C3%A1ndez-ord%C3%B3%C3%B1ez-95083b18b\/\" target=\"_blank\" rel=\"noopener\"><img decoding=\"async\" class=\"aligncenter wp-image-16128\" src=\"https:\/\/www.unavets.com\/wp-content\/uploads\/2021\/03\/LinkedIn-Logo.png\" alt=\"\" width=\"102\" height=\"57\" \/><\/a>\r\n\r\n&nbsp;<\/p><div class=\"toggle_wrapper\"><a class=\"member_toggle toggle_more\">Leer m\u00e1s<\/a><a class=\"member_toggle toggle_less\">Leer menos<\/a><\/div><\/div><\/div><\/div><div class=\"team_block team_block5 team_member33293\"><div class=\"team_block_inner\"><div class=\"member_img\"><img decoding=\"async\" src=\"https:\/\/www.unavets.com\/wp-content\/uploads\/2025\/08\/Sandra-Suarez-1-scaled.jpg\" alt=\"\" \/><\/div><div class=\"team_block_details\"><h3 class=\"member_name\">Sandra Su\u00e1rez<\/h3><h4 class=\"member_role\">\u00c1rea M\u00e1nager<\/h4><p class=\"member_content\">Sandra es graduada en Veterinaria por la Universidad de Le\u00f3n y ha trabajado en diversas cl\u00ednicas y hospitales de Espa\u00f1a, enfoc\u00e1ndose especialmente en etolog\u00eda y nutrici\u00f3n. En 2018 inici\u00f3 su trayectoria en la gesti\u00f3n de centros veterinarios, asumiendo la coordinaci\u00f3n de Clinicanimal a nivel nacional. En 2020 se uni\u00f3 a Kivet, gestionando la zona de Levante y Baleares, y en 2025 ha empezado a formar parte del grupo UNAVETS.<\/p><div class=\"toggle_wrapper\"><a class=\"member_toggle toggle_more\">Leer m\u00e1s<\/a><a class=\"member_toggle toggle_less\">Leer menos<\/a><\/div><\/div><\/div><\/div><div class=\"team_block team_block6 team_member14653\"><div class=\"team_block_inner\"><div class=\"member_img\"><img decoding=\"async\" src=\"https:\/\/www.unavets.com\/wp-content\/uploads\/2025\/02\/100.png\" alt=\"\" \/><\/div><div class=\"team_block_details\"><h3 class=\"member_name\">Joaqu\u00edn Guzm\u00e1n<\/h3><h4 class=\"member_role\">Analista Financiero<\/h4><p class=\"member_content\">Joaqu\u00edn es licenciado en Administraci\u00f3n y Direcci\u00f3n de Empresas por ICADE. Especializado en finanzas, realiz\u00f3 una estancia en una escuela de negocios en Burdeos, Francia. Cuenta con 6 a\u00f1os de experiencia profesional en consultor\u00eda y servicios financieros para empresas multinacionales (EADS, EY, BNP Paribas) con clientes en m\u00faltiples sectores, en el \u00e1mbito nacional e internacional.\r\n\r\n<a href=\"https:\/\/www.linkedin.com\/in\/joaquinguzman7\/\" target=\"_blank\" rel=\"noopener noreferrer\"><img decoding=\"async\" class=\"wp-image-16128 aligncenter\" src=\"https:\/\/www.unavets.com\/wp-content\/uploads\/2021\/03\/LinkedIn-Logo.png\" alt=\"\" width=\"102\" height=\"57\" \/><\/a>\r\n\r\n&nbsp;<\/p><div class=\"toggle_wrapper\"><a class=\"member_toggle toggle_more\">Leer m\u00e1s<\/a><a class=\"member_toggle toggle_less\">Leer menos<\/a><\/div><\/div><\/div><\/div><div class=\"team_block team_block7 team_member33250\"><div class=\"team_block_inner\"><div class=\"member_img\"><img decoding=\"async\" src=\"https:\/\/www.unavets.com\/wp-content\/uploads\/2025\/08\/Miguel-Maldonado-1-scaled.jpg\" alt=\"\" \/><\/div><div class=\"team_block_details\"><h3 class=\"member_name\">Miguel Maldonado<\/h3><h4 class=\"member_role\">Analista Financiero<\/h4><p class=\"member_content\">Miguel es graduado en Derecho y Administraci\u00f3n de Empresas por la UAM. Especializado primeramente en contabilidad y finanzas y en segunda instancia en Fusiones &amp; Adquisiciones. Tras su paso por las multinacionales Grant Thornton y Deloitte respectivamente, Miguel ha adquirido una experiencia financiera con la auditor\u00eda de clientes de diversos sectores y la asesor\u00eda financiera en procesos de M&amp;A de clientes de envergadura tanto nacional como internacional.<\/p><div class=\"toggle_wrapper\"><a class=\"member_toggle toggle_more\">Leer m\u00e1s<\/a><a class=\"member_toggle toggle_less\">Leer menos<\/a><\/div><\/div><\/div><\/div><\/div><\/div><div class=\"our_team_category team_cat_operaciones-y-post-merger-integration-it\"><div class=\"team_cat_title\">Operaciones, Post Merger Integration e IT<\/div><div class=\"team_block_wrapper\"><div class=\"team_block team_block1 team_member15958\"><div class=\"team_block_inner\"><div class=\"member_img\"><img decoding=\"async\" src=\"https:\/\/www.unavets.com\/wp-content\/uploads\/2021\/03\/Fotos-Unavets-Pagina-web-8-scaled.jpg\" alt=\"\" \/><\/div><div class=\"team_block_details\"><h3 class=\"member_name\">Paulo Pimenta<\/h3><h4 class=\"member_role\">Director de Operaciones, Portugal<\/h4><p class=\"member_content\">Paulo se licenci\u00f3 como veterinario en 1998 y estudi\u00f3 un m\u00e1ster en Medicina Veterinaria en 2011 en la UTAD, Portugal. En 2002, complet\u00f3 su postgrado en Oftalmolog\u00eda Veterinaria en la UAB, Espa\u00f1a. Tambi\u00e9n realiz\u00f3 en 2012 un Programa Avanzado de Gesti\u00f3n para Empresas de Salud Animal llevado a cabo por la Cat\u00f3lica Lisbon School of Business &amp; Economics de Portugal. Actualmente es el Director de Operaciones de Onevet y fue el director cl\u00ednico de HVTM desde 2002.\r\n\r\n<a href=\"https:\/\/www.linkedin.com\/in\/paulo-pimenta-07b048189\/\" target=\"_blank\" rel=\"noopener noreferrer\"><img loading=\"lazy\" decoding=\"async\" class=\"wp-image-16128 aligncenter\" src=\"http:\/\/www.unavets.com\/wp-content\/uploads\/2021\/03\/LinkedIn-Logo.png\" alt=\"\" width=\"102\" height=\"57\" \/><\/a>\r\n\r\n&nbsp;\r\n\r\n&nbsp;\r\n\r\n&nbsp;<\/p><div class=\"toggle_wrapper\"><a class=\"member_toggle toggle_more\">Leer m\u00e1s<\/a><a class=\"member_toggle toggle_less\">Leer menos<\/a><\/div><\/div><\/div><\/div><div class=\"team_block team_block2 team_member14659\"><div class=\"team_block_inner\"><div class=\"member_img\"><img decoding=\"async\" src=\"https:\/\/www.unavets.com\/wp-content\/uploads\/2020\/12\/Irene-Marco-scaled.jpg\" alt=\"\" \/><\/div><div class=\"team_block_details\"><h3 class=\"member_name\">Irene Marco<\/h3><h4 class=\"member_role\">Responsable de Operaciones de Cl\u00ednica<\/h4><p class=\"member_content\">Irene es licenciada en Veterinaria por la UAB. Cuenta con m\u00e1s de 10 a\u00f1os de experiencia en el sector de salud animal y con una amplia experiencia cl\u00ednica en varios hospitales de referencia de la provincia de Barcelona. Ha sido responsable de Ventas y Marketing en VetNova y responsable de gesti\u00f3n de centros veterinarios en Kivet.\r\n\r\n<a href=\"https:\/\/www.linkedin.com\/in\/irene-marco-alsina-35b19260\/\" target=\"_blank\" rel=\"noopener noreferrer\"><img decoding=\"async\" class=\"wp-image-16128 aligncenter\" src=\"https:\/\/www.unavets.com\/wp-content\/uploads\/2021\/03\/LinkedIn-Logo.png\" alt=\"\" width=\"102\" height=\"57\" \/><\/a>\r\n\r\n&nbsp;<\/p><div class=\"toggle_wrapper\"><a class=\"member_toggle toggle_more\">Leer m\u00e1s<\/a><a class=\"member_toggle toggle_less\">Leer menos<\/a><\/div><\/div><\/div><\/div><div class=\"team_block team_block3 team_member17092\"><div class=\"team_block_inner\"><div class=\"member_img\"><img decoding=\"async\" src=\"https:\/\/www.unavets.com\/wp-content\/uploads\/2021\/06\/80.png\" alt=\"\" \/><\/div><div class=\"team_block_details\"><h3 class=\"member_name\">Ana Sumastre<\/h3><h4 class=\"member_role\">Remodelaci\u00f3n y Dise\u00f1o de Cl\u00ednicas<\/h4><p class=\"member_content\">Ana es licenciada en arquitectura por la Universidad Politecnica de Madrid. Tiene 25 a\u00f1os de experiencia como directora en diferentes multinacionales en las \u00e1reas de expansi\u00f3n, obras y mantenimiento. Ha trabajado tambi\u00e9n como Project manager realizando proyectos de arquitectura, coordinando y ejecutando obras de nueva apertura y reformas de locales para diferentes empresas de retail en sectores como restauraci\u00f3n, banca y comercial.\r\n\r\n<a href=\"https:\/\/www.linkedin.com\/in\/ana-sumastre-trevi%C3%B1o-b2912643\/\" target=\"_blank\" rel=\"noopener noreferrer\"><img decoding=\"async\" class=\"aligncenter wp-image-16128\" src=\"https:\/\/www.unavets.com\/wp-content\/uploads\/2021\/03\/LinkedIn-Logo.png\" alt=\"\" width=\"102\" height=\"57\" \/><\/a><\/p><div class=\"toggle_wrapper\"><a class=\"member_toggle toggle_more\">Leer m\u00e1s<\/a><a class=\"member_toggle toggle_less\">Leer menos<\/a><\/div><\/div><\/div><\/div><div class=\"team_block team_block4 team_member31708\"><div class=\"team_block_inner\"><div class=\"member_img\"><img decoding=\"async\" src=\"https:\/\/www.unavets.com\/wp-content\/uploads\/2025\/02\/109.png\" alt=\"\" \/><\/div><div class=\"team_block_details\"><h3 class=\"member_name\">Carolina Torrado<\/h3><h4 class=\"member_role\">Analista de Integraci\u00f3n Postfusi\u00f3n<\/h4><p class=\"member_content\">Carolina tiene m\u00e1s de 15 a\u00f1os de experiencia en gesti\u00f3n empresarial y optimizaci\u00f3n de procesos financieros. Actualmente, trabaja en\u00a0<strong>UNAVETS<\/strong>, donde ha desempe\u00f1ado funciones en integraci\u00f3n post-fusi\u00f3n y an\u00e1lisis financiero.\n\nA lo largo de su carrera, ha ocupado roles clave en empresas de distintos sectores, como Venair y KONET GROUP, centr\u00e1ndose en la gesti\u00f3n de cuentas, optimizaci\u00f3n de procesos y coordinaci\u00f3n administrativa.\n\nCarolina cuenta con formaci\u00f3n en Administraci\u00f3n de Empresas y Educaci\u00f3n Infantil por la Universidad Aut\u00f3noma de Madrid.<\/p><div class=\"toggle_wrapper\"><a class=\"member_toggle toggle_more\">Leer m\u00e1s<\/a><a class=\"member_toggle toggle_less\">Leer menos<\/a><\/div><\/div><\/div><\/div><div class=\"team_block team_block5 team_member34062\"><div class=\"team_block_inner\"><div class=\"member_img\"><img decoding=\"async\" src=\"https:\/\/www.unavets.com\/wp-content\/uploads\/2026\/03\/Cruz-Bosch-scaled.jpg\" alt=\"\" \/><\/div><div class=\"team_block_details\"><h3 class=\"member_name\">Cruz Bosch<\/h3><h4 class=\"member_role\">Analista de Integraci\u00f3n Postfusi\u00f3n <\/h4><p class=\"member_content\">Cruz es graduada en Derecho y Filosof\u00eda por la Universidad de Buenos Aires y cuenta con un M\u00e1ster en Derecho de Empresa por la Universidad de Navarra. Inici\u00f3 su trayectoria profesional en el \u00e1rea mercantil en Argentina antes de trasladarse a Madrid en 2020. Posee experiencia especializada en arbitraje comercial y, m\u00e1s recientemente, en el sector de servicios corporativos dentro de una firma global. En el \u00e1mbito personal, es una apasionada de la lectura, el deporte al aire libre y las escapadas a la naturaleza.<\/p><div class=\"toggle_wrapper\"><a class=\"member_toggle toggle_more\">Leer m\u00e1s<\/a><a class=\"member_toggle toggle_less\">Leer menos<\/a><\/div><\/div><\/div><\/div><div class=\"team_block team_block6 team_member32507\"><div class=\"team_block_inner\"><div class=\"member_img\"><img decoding=\"async\" src=\"https:\/\/www.unavets.com\/wp-content\/uploads\/2025\/05\/Fotos-Unavets-Pagina-web-scaled.jpg\" alt=\"\" \/><\/div><div class=\"team_block_details\"><h3 class=\"member_name\">Nerea Gata<\/h3><h4 class=\"member_role\">Soporte de Operaciones<\/h4><p class=\"member_content\">Tras finalizar sus estudios de ATV en 2017, comenz\u00f3 su camino durante m\u00e1s de 6 a\u00f1os de experiencia en atenci\u00f3n al cliente y tareas administrativas en hospitales veterinarios 24 horas de referencia. Se define como una persona organizada, resolutiva y cercana. Actualmente, estudia Administraci\u00f3n y Finanzas a distancia, con el objetivo de seguir creciendo en el \u00e1mbito administrativo. Entre sus <em>hobbies<\/em> destaca hacer <em>snorkel<\/em>.<\/p><div class=\"toggle_wrapper\"><a class=\"member_toggle toggle_more\">Leer m\u00e1s<\/a><a class=\"member_toggle toggle_less\">Leer menos<\/a><\/div><\/div><\/div><\/div><div class=\"team_block team_block7 team_member32055\"><div class=\"team_block_inner\"><div class=\"member_img\"><img decoding=\"async\" src=\"https:\/\/www.unavets.com\/wp-content\/uploads\/2025\/02\/99.png\" alt=\"\" \/><\/div><div class=\"team_block_details\"><h3 class=\"member_name\">Javier Mayoral<\/h3><h4 class=\"member_role\">Soporte de Software<\/h4><p class=\"member_content\">Javier cuenta con formaci\u00f3n en inform\u00e1tica y como auxiliar veterinario con especializaci\u00f3n en rehabilitaci\u00f3n. Ha desarrollado una valiosa experiencia de m\u00e1s de tres a\u00f1os en un hospital veterinario de referencia, incluyendo el manejo de plataformas de gesti\u00f3n. Su compromiso con la formaci\u00f3n continua y su pasi\u00f3n por los animales son pilares en su carrera.<\/p><div class=\"toggle_wrapper\"><a class=\"member_toggle toggle_more\">Leer m\u00e1s<\/a><a class=\"member_toggle toggle_less\">Leer menos<\/a><\/div><\/div><\/div><\/div><div class=\"team_block team_block8 team_member25002\"><div class=\"team_block_inner\"><div class=\"member_img\"><img decoding=\"async\" src=\"https:\/\/www.unavets.com\/wp-content\/uploads\/2022\/07\/Belen-1-1-scaled.jpg\" alt=\"\" \/><\/div><div class=\"team_block_details\"><h3 class=\"member_name\">Bel\u00e9n D\u00edaz<\/h3><h4 class=\"member_role\">Soporte de Software<\/h4><p class=\"member_content\">Bel\u00e9n es una profesional con una dilatada experiencia en el sector de la veterinaria. Estudi\u00f3 el curso de auxiliar veterinaria y ha trabajado varios a\u00f1os como auxiliar de cl\u00ednica en un hospital de referencia como ATV donde ha tenido la oportunidad de trabajar con varios programas de gesti\u00f3n. Es una persona organizada, trabajadora y entusiasta. Entre sus aficiones destacan la fotograf\u00eda y la naturaleza.\n\n<a href=\"https:\/\/www.linkedin.com\/in\/bel%C3%A9n-d%C3%ADaz-gonz%C3%A1lez-a369b0134\/\" target=\"_blank\" rel=\"noopener\"><img decoding=\"async\" class=\"aligncenter wp-image-16128\" src=\"https:\/\/www.unavets.com\/wp-content\/uploads\/2021\/03\/LinkedIn-Logo.png\" alt=\"\" width=\"102\" height=\"57\" \/><\/a><\/p><div class=\"toggle_wrapper\"><a class=\"member_toggle toggle_more\">Leer m\u00e1s<\/a><a class=\"member_toggle toggle_less\">Leer menos<\/a><\/div><\/div><\/div><\/div><div class=\"team_block team_block9 team_member33224\"><div class=\"team_block_inner\"><div class=\"member_img\"><img decoding=\"async\" src=\"https:\/\/www.unavets.com\/wp-content\/uploads\/2025\/07\/Jose-Labrador-scaled.jpg\" alt=\"\" \/><\/div><div class=\"team_block_details\"><h3 class=\"member_name\">Jose Labrador<\/h3><h4 class=\"member_role\">Soporte de IT<\/h4><p class=\"member_content\">Jose es Ingeniero en Sistemas Inform\u00e1ticos. Apasionado en ofrecer soluciones tecnol\u00f3gicas efectivas, manteniendo el orden, control de equipos e infraestructura. Cuenta con experiencia en gesti\u00f3n de incidencias, soporte a usuarios y administraci\u00f3n de infraestructura. Destaca por implementar soluciones de alta efectividad, orientadas a optimizar procesos y reducir fallos. En UNAVETS, su objetivo es contribuir a que la tecnolog\u00eda sea una aliada confiable, alineada con las nuevas tendencias y con un funcionamiento estable para todos.<\/p><div class=\"toggle_wrapper\"><a class=\"member_toggle toggle_more\">Leer m\u00e1s<\/a><a class=\"member_toggle toggle_less\">Leer menos<\/a><\/div><\/div><\/div><\/div><div class=\"team_block team_block10 team_member33268\"><div class=\"team_block_inner\"><div class=\"member_img\"><img decoding=\"async\" src=\"https:\/\/www.unavets.com\/wp-content\/uploads\/2025\/08\/Elena-Escapa-scaled.jpg\" alt=\"\" \/><\/div><div class=\"team_block_details\"><h3 class=\"member_name\">Elena Escapa<\/h3><h4 class=\"member_role\">Analista de compras y sinergia<\/h4><p class=\"member_content\">Elena es licenciada en ADE por la Universidad de Santiago de Compostela y cuenta con un posgrado en Direcci\u00f3n de Comercio Internacional por la C\u00e1mara de Comercio de Madrid.\n\nCuenta con 13 a\u00f1os de experiencia en el sector del retail, desempe\u00f1ando funciones de compras, product manager e importaci\u00f3n en importantes empresas de gran distribuci\u00f3n y moda.<\/p><div class=\"toggle_wrapper\"><a class=\"member_toggle toggle_more\">Leer m\u00e1s<\/a><a class=\"member_toggle toggle_less\">Leer menos<\/a><\/div><\/div><\/div><\/div><div class=\"team_block team_block11 team_member33273\"><div class=\"team_block_inner\"><div class=\"member_img\"><img decoding=\"async\" src=\"https:\/\/www.unavets.com\/wp-content\/uploads\/2025\/08\/Manuel-Gordillo-scaled.jpg\" alt=\"\" \/><\/div><div class=\"team_block_details\"><h3 class=\"member_name\">Manuel Gordillo<\/h3><h4 class=\"member_role\">Soporte de IT<\/h4><p class=\"member_content\">Manuel es t\u00e9cnico de IT con pasi\u00f3n por la inform\u00e1tica y la tecnolog\u00eda. Ha cursado Sistemas Microinform\u00e1ticos y Redes y se mantiene en continuo aprendizaje para dar lo mejor de s\u00ed.\n\nEn su tiempo libre, aprovecha para leer e indagar en el ordenador. Ayuda a los usuarios a resolver problemas t\u00e9cnicos y asegurar que sus sistemas funcionen correctamente. Se considera una persona comprometida, curiosa y con ganas de seguir aprendiendo cada d\u00eda en el mundo de la tecnolog\u00eda.<\/p><div class=\"toggle_wrapper\"><a class=\"member_toggle toggle_more\">Leer m\u00e1s<\/a><a class=\"member_toggle toggle_less\">Leer menos<\/a><\/div><\/div><\/div><\/div><div class=\"team_block team_block12 team_member34123\"><div class=\"team_block_inner\"><div class=\"member_img\"><img decoding=\"async\" src=\"https:\/\/www.unavets.com\/wp-content\/uploads\/2026\/04\/Alejandro-scaled.jpg\" alt=\"\" \/><\/div><div class=\"team_block_details\"><h3 class=\"member_name\">Alejandro Fern\u00e1ndez<\/h3><h4 class=\"member_role\">Soporte de IT<\/h4><p class=\"member_content\">Alejandro es graduado en Ingenier\u00eda Inform\u00e1tica por la Universidad Cat\u00f3lica Andr\u00e9s Bello (UCAB) y cuenta con una trayectoria profesional de 15 a\u00f1os en Madrid. Posee una amplia experiencia en el sector tecnol\u00f3gico tras haber trabajado para grandes entidades como Bankia Group y Tech Iberia. Su perfil destaca por una formaci\u00f3n continua a trav\u00e9s de m\u00faltiples cursos de especializaci\u00f3n en inform\u00e1tica y tecnolog\u00eda. En el plano personal, Alejandro es un gran aficionado al baloncesto y un apasionado del mundo de las motos.<\/p><div class=\"toggle_wrapper\"><a class=\"member_toggle toggle_more\">Leer m\u00e1s<\/a><a class=\"member_toggle toggle_less\">Leer menos<\/a><\/div><\/div><\/div><\/div><\/div><\/div><div class=\"our_team_category team_cat_marketing-y-digital\"><div class=\"team_cat_title\">Marketing y Digital<\/div><div class=\"team_block_wrapper\"><div class=\"team_block team_block1 team_member14669\"><div class=\"team_block_inner\"><div class=\"member_img\"><img decoding=\"async\" src=\"https:\/\/www.unavets.com\/wp-content\/uploads\/2020\/12\/85.png\" alt=\"\" \/><\/div><div class=\"team_block_details\"><h3 class=\"member_name\">Jaime D\u00edaz<\/h3><h4 class=\"member_role\">Director Comercial<\/h4><p class=\"member_content\">Jaime posee m\u00e1s de 30 a\u00f1os de experiencia en el sector veterinario de la salud animal. Ha trabajado en compa\u00f1\u00edas como Zoetis, en las \u00e1reas de marketing, formaci\u00f3n y consultor\u00eda de negocio. Ha sido responsable de Marketing en Pfizer y consultor de negocio para cl\u00ednicas veterinarias como Ilusiona Consultor\u00eda Veterinaria. Tambi\u00e9n ha sido gerente de AMVAC, Asociaci\u00f3n Madrile\u00f1a de Veterinarios de Animales de Compa\u00f1\u00eda.\n\n<a href=\"https:\/\/www.linkedin.com\/in\/jaime-d%C3%ADaz-sacrist%C3%A1n-29821a3\/\" target=\"_blank\" rel=\"noopener noreferrer\"><img decoding=\"async\" class=\"wp-image-16128 aligncenter\" src=\"https:\/\/www.unavets.com\/wp-content\/uploads\/2021\/03\/LinkedIn-Logo.png\" alt=\"\" width=\"102\" height=\"57\" \/><\/a><\/p><div class=\"toggle_wrapper\"><a class=\"member_toggle toggle_more\">Leer m\u00e1s<\/a><a class=\"member_toggle toggle_less\">Leer menos<\/a><\/div><\/div><\/div><\/div><div class=\"team_block team_block2 team_member14698\"><div class=\"team_block_inner\"><div class=\"member_img\"><img decoding=\"async\" src=\"https:\/\/www.unavets.com\/wp-content\/uploads\/2021\/02\/79.png\" alt=\"\" \/><\/div><div class=\"team_block_details\"><h3 class=\"member_name\">Ariadna Figueroa<\/h3><h4 class=\"member_role\">DIrectora de Marketing<\/h4><p class=\"member_content\">Ariadna es graduada en ADE y Marketing y Gesti\u00f3n Comercial por la Universidad San Pablo CEU de Madrid y m\u00e1ster en Marketing Digital por la Escuela de Negocios ESIC. Tiene 5 a\u00f1os de experiencia profesional dentro del sector del marketing, en los que ha trabajado para grandes empresas como LaLiga, Sanitas o Luckia y 2 a\u00f1os de experiencia en el sector publicitario, con clientes como BERING, Ahorram\u00e1s o SOLDOUT.\n\n<a href=\"https:\/\/www.linkedin.com\/in\/ariadnafigueroahernandez\/\" target=\"_blank\" rel=\"noopener noreferrer\"><img decoding=\"async\" class=\"wp-image-16128 aligncenter\" src=\"https:\/\/www.unavets.com\/wp-content\/uploads\/2021\/03\/LinkedIn-Logo.png\" alt=\"\" width=\"102\" height=\"57\" \/><\/a>\n\n&nbsp;<\/p><div class=\"toggle_wrapper\"><a class=\"member_toggle toggle_more\">Leer m\u00e1s<\/a><a class=\"member_toggle toggle_less\">Leer menos<\/a><\/div><\/div><\/div><\/div><div class=\"team_block team_block3 team_member29310\"><div class=\"team_block_inner\"><div class=\"member_img\"><img decoding=\"async\" src=\"https:\/\/www.unavets.com\/wp-content\/uploads\/2024\/07\/92.png\" alt=\"\" \/><\/div><div class=\"team_block_details\"><h3 class=\"member_name\">Nicole Hidalgo<\/h3><h4 class=\"member_role\">T\u00e9cnico en Marketing Digital<\/h4><p class=\"member_content\">Nicole es graduada en Publicidad y Relaciones P\u00fablicas por la Universidad Complutense de Madrid y m\u00e1ster en Marketing Digital por la Escuela de Dise\u00f1o y Marketing CEI.\n\nHa trabajado como t\u00e9cnica de marketing y community manager para clientes como Yoigo, Hawaianas, IFEMA y Kids&amp;Us.<\/p><div class=\"toggle_wrapper\"><a class=\"member_toggle toggle_more\">Leer m\u00e1s<\/a><a class=\"member_toggle toggle_less\">Leer menos<\/a><\/div><\/div><\/div><\/div><\/div><\/div><div class=\"our_team_category team_cat_financiero\"><div class=\"team_cat_title\">Financiero<\/div><div class=\"team_block_wrapper\"><div class=\"team_block team_block1 team_member32058\"><div class=\"team_block_inner\"><div class=\"member_img\"><img decoding=\"async\" src=\"https:\/\/www.unavets.com\/wp-content\/uploads\/2025\/02\/98.png\" alt=\"\" \/><\/div><div class=\"team_block_details\"><h3 class=\"member_name\">Jos\u00e9 Mar\u00eda Portillo<\/h3><h4 class=\"member_role\">Director de Finanzas<\/h4><p class=\"member_content\">Jos\u00e9 Mar\u00eda es graduado en Administraci\u00f3n y Direcci\u00f3n de Empresas y diplomado en Ciencias Empresariales por la Universidad de Extremadura. Tambi\u00e9n cuenta con un m\u00e1ster en Auditor\u00eda de Cuentas y varios cursos de especializaci\u00f3n contable. Tiene m\u00e1s de 6 a\u00f1os de experiencia como auditor externo en KPMG. Adem\u00e1s, ha desarrollado funciones de responsable de consolidaci\u00f3n y reporting financiero en varias empresas de diferentes sectores.<\/p><div class=\"toggle_wrapper\"><a class=\"member_toggle toggle_more\">Leer m\u00e1s<\/a><a class=\"member_toggle toggle_less\">Leer menos<\/a><\/div><\/div><\/div><\/div><div class=\"team_block team_block2 team_member33451\"><div class=\"team_block_inner\"><div class=\"member_img\"><img decoding=\"async\" src=\"https:\/\/www.unavets.com\/wp-content\/uploads\/2025\/10\/Arturo-Garcia-scaled.jpg\" alt=\"\" \/><\/div><div class=\"team_block_details\"><h3 class=\"member_name\">Arturo Garc\u00eda<\/h3><h4 class=\"member_role\">Responsable de Contabilidad<\/h4><p class=\"member_content\"><span data-teams=\"true\">Arturo cuenta con una s\u00f3lida trayectoria en contabilidad, finanzas y an\u00e1lisis empresarial. Graduado en Administraci\u00f3n de Empresas por la Universidad de Granada, ha desarrollado su carrera en sectores como el inmobiliario, el tabaco y la automoci\u00f3n, donde ha trabajado m\u00e1s de tres a\u00f1os en Volvo. Su experiencia combina la precisi\u00f3n contable con una fuerte orientaci\u00f3n hacia la automatizaci\u00f3n y la optimizaci\u00f3n mediante herramientas tecnol\u00f3gicas.<\/span><\/p><div class=\"toggle_wrapper\"><a class=\"member_toggle toggle_more\">Leer m\u00e1s<\/a><a class=\"member_toggle toggle_less\">Leer menos<\/a><\/div><\/div><\/div><\/div><div class=\"team_block team_block3 team_member14694\"><div class=\"team_block_inner\"><div class=\"member_img\"><img decoding=\"async\" src=\"https:\/\/www.unavets.com\/wp-content\/uploads\/2021\/02\/86.png\" alt=\"\" \/><\/div><div class=\"team_block_details\"><h3 class=\"member_name\">Ver\u00f3nica Carball\u00e9s<\/h3><h4 class=\"member_role\">Responsable de Contabilidad<\/h4><p class=\"member_content\">Ver\u00f3nica es licenciada en Administraci\u00f3n y Direcci\u00f3n de Empresas por la UVA y m\u00e1ster en Comercio Internacional por la Escuela de Negocios ESIC. Cuenta con m\u00e1s de 5 a\u00f1os de experiencia en asesor\u00eda fiscal y contable.\n\n<a href=\"https:\/\/www.linkedin.com\/in\/ver%C3%B3nica-carball%C3%A9s-1a1a7278\/j\" target=\"_blank\" rel=\"noopener noreferrer\"><img decoding=\"async\" class=\"wp-image-16128 aligncenter\" src=\"https:\/\/www.unavets.com\/wp-content\/uploads\/2021\/03\/LinkedIn-Logo.png\" alt=\"\" width=\"102\" height=\"57\" \/><\/a><\/p><div class=\"toggle_wrapper\"><a class=\"member_toggle toggle_more\">Leer m\u00e1s<\/a><a class=\"member_toggle toggle_less\">Leer menos<\/a><\/div><\/div><\/div><\/div><div class=\"team_block team_block4 team_member31679\"><div class=\"team_block_inner\"><div class=\"member_img\"><img decoding=\"async\" src=\"https:\/\/www.unavets.com\/wp-content\/uploads\/2025\/02\/78.png\" alt=\"\" \/><\/div><div class=\"team_block_details\"><h3 class=\"member_name\">Andoni Garc\u00eda<\/h3><h4 class=\"member_role\">Responsable de Tesorer\u00eda<\/h4><p class=\"member_content\">Andoni es licenciado en Administraci\u00f3n y Direcci\u00f3n de Empresas por la Universidad de Deusto y posee un m\u00e1ster en Direcci\u00f3n Estrat\u00e9gica. Tiene 8 a\u00f1os de experiencia en Tesorer\u00eda, de los cuales 5 los ha desarrollado en Chile y Per\u00fa.<\/p><div class=\"toggle_wrapper\"><a class=\"member_toggle toggle_more\">Leer m\u00e1s<\/a><a class=\"member_toggle toggle_less\">Leer menos<\/a><\/div><\/div><\/div><\/div><div class=\"team_block team_block5 team_member22944\"><div class=\"team_block_inner\"><div class=\"member_img\"><img decoding=\"async\" src=\"https:\/\/www.unavets.com\/wp-content\/uploads\/2025\/02\/106.png\" alt=\"\" \/><\/div><div class=\"team_block_details\"><h3 class=\"member_name\">Esther Carretero<\/h3><h4 class=\"member_role\">Administrativa Contable<\/h4><p class=\"member_content\">Esther es licenciada en Periodismo por la Universidad Complutense de Madrid y graduada en ADE por la UNED. Cuenta con 5 a\u00f1os de experiencia profesional en departamentos financieros en distintas empresas y asesor\u00eda fiscal.\r\n<a href=\"https:\/\/www.linkedin.com\/in\/esthercarreteromart%C3%ADnezdecarnero-marketingdigital\/\" target=\"_blank\" rel=\"noopener\"><img loading=\"lazy\" decoding=\"async\" class=\"aligncenter wp-image-16128\" src=\"http:\/\/www.unavets.com\/wp-content\/uploads\/2021\/03\/LinkedIn-Logo.png\" alt=\"\" width=\"102\" height=\"57\" \/><\/a><\/p><div class=\"toggle_wrapper\"><a class=\"member_toggle toggle_more\">Leer m\u00e1s<\/a><a class=\"member_toggle toggle_less\">Leer menos<\/a><\/div><\/div><\/div><\/div><div class=\"team_block team_block6 team_member26189\"><div class=\"team_block_inner\"><div class=\"member_img\"><img decoding=\"async\" src=\"https:\/\/www.unavets.com\/wp-content\/uploads\/2023\/03\/Sara-1-scaled.jpg\" alt=\"\" \/><\/div><div class=\"team_block_details\"><h3 class=\"member_name\">Sara Fonseca<\/h3><h4 class=\"member_role\">Administrativa contable<\/h4><p class=\"member_content\">Sara, tiene dos grados superiores uno en Administraci\u00f3n y Finanzas y en Asistencia a la Direcci\u00f3n ambos cursados en el IES Moratalaz, ha trabajado como administrativa contable durante cerca de cuatro a\u00f1os en varias empresas en diferentes \u00e1mbitos.\r\n\r\n<a href=\"https:\/\/www.linkedin.com\/in\/sara-fonseca-cirilo-851639164\" target=\"_blank\" rel=\"noopener\"><img decoding=\"async\" class=\"aligncenter wp-image-16128\" src=\"https:\/\/www.unavets.com\/wp-content\/uploads\/2021\/03\/LinkedIn-Logo.png\" alt=\"\" width=\"102\" height=\"57\" \/><\/a><\/p><div class=\"toggle_wrapper\"><a class=\"member_toggle toggle_more\">Leer m\u00e1s<\/a><a class=\"member_toggle toggle_less\">Leer menos<\/a><\/div><\/div><\/div><\/div><div class=\"team_block team_block7 team_member32056\"><div class=\"team_block_inner\"><div class=\"member_img\"><img decoding=\"async\" src=\"https:\/\/www.unavets.com\/wp-content\/uploads\/2025\/02\/103.png\" alt=\"\" \/><\/div><div class=\"team_block_details\"><h3 class=\"member_name\">Heda Ojeda<\/h3><h4 class=\"member_role\">Administrativa Contable<\/h4><p class=\"member_content\">Heda es graduada en Contadur\u00eda P\u00fablica por la Universidad Alejandro de Humboldt, con casi 8 a\u00f1os de experiencia en diversas empresas en Madrid tras emigrar desde Venezuela. Su adaptabilidad y deseo de aprender la impulsan a explorar el sector veterinario. Aunque sus hobbies se centran en actividades familiares y lectura, su entusiasmo y esp\u00edritu de equipo son evidentes.<\/p><div class=\"toggle_wrapper\"><a class=\"member_toggle toggle_more\">Leer m\u00e1s<\/a><a class=\"member_toggle toggle_less\">Leer menos<\/a><\/div><\/div><\/div><\/div><div class=\"team_block team_block8 team_member34077\"><div class=\"team_block_inner\"><div class=\"member_img\"><img decoding=\"async\" src=\"https:\/\/www.unavets.com\/wp-content\/uploads\/2026\/03\/Fotos-Unavets-Pagina-web-9-1-scaled.jpg\" alt=\"\" \/><\/div><div class=\"team_block_details\"><h3 class=\"member_name\">Leticia Ruiz<\/h3><h4 class=\"member_role\">Administrativa de Tesorer\u00eda<\/h4><p class=\"member_content\">Leticia es graduada en Relaciones Laborales y Recursos Humanos por la Universidad de C\u00f3rdoba, formaci\u00f3n que complement\u00f3 con un Grado Superior en Administraci\u00f3n y Finanzas. Cuenta con una trayectoria de 10 a\u00f1os de experiencia profesional vinculada a Media Markt; inici\u00f3 su carrera en C\u00f3rdoba y, tras cinco a\u00f1os de desarrollo, se traslad\u00f3 a Madrid para integrarse en su centro operacional durante otros cinco a\u00f1os. En el \u00e1mbito personal, es una apasionada de la m\u00fasica y disfruta de las caminatas por la ciudad en busca de los mejores rincones para el aperitivo.<\/p><div class=\"toggle_wrapper\"><a class=\"member_toggle toggle_more\">Leer m\u00e1s<\/a><a class=\"member_toggle toggle_less\">Leer menos<\/a><\/div><\/div><\/div><\/div><div class=\"team_block team_block9 team_member34093\"><div class=\"team_block_inner\"><div class=\"member_img\"><img decoding=\"async\" src=\"https:\/\/www.unavets.com\/wp-content\/uploads\/2026\/04\/Sandra-Serrano-1-scaled.jpg\" alt=\"\" \/><\/div><div class=\"team_block_details\"><h3 class=\"member_name\">Luc\u00eda Eguiluz<\/h3><h4 class=\"member_role\">Administrativa contable<\/h4><p class=\"member_content\">Luc\u00eda es graduada en Contabilidad y Finanzas por la Universidad de Lima y posee un m\u00e1ster en Finanzas realizado en Espa\u00f1a. Cuenta con una s\u00f3lida trayectoria de 14 a\u00f1os de experiencia en el \u00e1rea contable y financiera, habiendo desarrollado su carrera en empresas internacionales como SQM Vitas, donde trabaj\u00f3 durante una d\u00e9cada, y en C&amp;A Modas SLU dentro del departamento de Accounting durante los \u00faltimos 4 a\u00f1os.<\/p><div class=\"toggle_wrapper\"><a class=\"member_toggle toggle_more\">Leer m\u00e1s<\/a><a class=\"member_toggle toggle_less\">Leer menos<\/a><\/div><\/div><\/div><\/div><div class=\"team_block team_block10 team_member33458\"><div class=\"team_block_inner\"><div class=\"member_img\"><img decoding=\"async\" src=\"https:\/\/www.unavets.com\/wp-content\/uploads\/2026\/03\/Fotos-Unavets-Pagina-web-10-1-scaled.jpg\" alt=\"\" \/><\/div><div class=\"team_block_details\"><h3 class=\"member_name\">Mishelle G\u00f3mez<\/h3><h4 class=\"member_role\">Asistente de Contabilidad<\/h4><p class=\"member_content\">Mishelle, graduada en Contabilidad y Auditor\u00eda por la Universidad T\u00e9cnica del Norte (Ibarra), adquiri\u00f3 experiencia temprana en empresas y en un negocio familiar, desarrollando una visi\u00f3n amplia del manejo empresarial. En 2023 se traslad\u00f3 a Espa\u00f1a para cursar un M\u00e1ster en Finanzas en EAE Business School. Ha sumado dos a\u00f1os de experiencia contable en clientes, trabajando en empresas como Logista Retail.<\/p><div class=\"toggle_wrapper\"><a class=\"member_toggle toggle_more\">Leer m\u00e1s<\/a><a class=\"member_toggle toggle_less\">Leer menos<\/a><\/div><\/div><\/div><\/div><\/div><\/div><div class=\"our_team_category team_cat_recursos-humanos\"><div class=\"team_cat_title\">Recursos Humanos<\/div><div class=\"team_block_wrapper\"><div class=\"team_block team_block1 team_member25312\"><div class=\"team_block_inner\"><div class=\"member_img\"><img decoding=\"async\" src=\"https:\/\/www.unavets.com\/wp-content\/uploads\/2022\/08\/83.png\" alt=\"\" \/><\/div><div class=\"team_block_details\"><h3 class=\"member_name\">Alberto Alonso<\/h3><h4 class=\"member_role\">Director de Recursos Humanos<\/h4><p class=\"member_content\">Alberto es diplomado en Relaciones Laborales con M\u00e1ster en Direcci\u00f3n de Recursos Humanos y triple M\u00e1ster en Prevenci\u00f3n de Riesgos Laborales. Cuenta con m\u00e1s de 15 a\u00f1os de experiencia en RRHH de sector Retail. Ha desempe\u00f1ado funciones durante los \u00faltimos 13 como HRBP o HR Manager en grandes empresas como Primark, Salsa Jeans o Worten. Con un perfil generalista ha asumido responsabilidades en todas las \u00e1reas de RRHH, poniendo especial foco en la Gesti\u00f3n de Personal y Procesos de Payroll.<\/p><div class=\"toggle_wrapper\"><a class=\"member_toggle toggle_more\">Leer m\u00e1s<\/a><a class=\"member_toggle toggle_less\">Leer menos<\/a><\/div><\/div><\/div><\/div><div class=\"team_block team_block2 team_member20089\"><div class=\"team_block_inner\"><div class=\"member_img\"><img decoding=\"async\" src=\"https:\/\/www.unavets.com\/wp-content\/uploads\/2021\/11\/91.png\" alt=\"\" \/><\/div><div class=\"team_block_details\"><h3 class=\"member_name\">Pilar Rodr\u00edguez<\/h3><h4 class=\"member_role\">Responsable de Desarrollo de Talentos<\/h4><p class=\"member_content\">Pilar es Licenciada en Psicolog\u00eda Industrial por la UCM y M\u00e1ster en PRL en la Universidad Francisco de Vitoria, su trayectoria profesional siempre ligada a los recursos humanos, tiene una experiencia de m\u00e1s de 10 a\u00f1os en Recursos humanos en todas las \u00e1reas (selecci\u00f3n, administraci\u00f3n de personal, formaci\u00f3n, desarrollo y prevenci\u00f3n de riesgos), habiendo trabajado en distintos sectores como retail, healthcare y educaci\u00f3n. Ha trabajado en empresas como Tiger Flying Copenhague y como consultora para Italf\u00e1rmaco y Sanofi.\r\n\r\n<a href=\"https:\/\/www.linkedin.com\/in\/pilar-r-22862426\" target=\"_blank\" rel=\"noopener\"><img loading=\"lazy\" decoding=\"async\" class=\"aligncenter wp-image-16128\" src=\"http:\/\/www.unavets.com\/wp-content\/uploads\/2021\/03\/LinkedIn-Logo.png\" alt=\"\" width=\"102\" height=\"57\" \/><\/a><\/p><div class=\"toggle_wrapper\"><a class=\"member_toggle toggle_more\">Leer m\u00e1s<\/a><a class=\"member_toggle toggle_less\">Leer menos<\/a><\/div><\/div><\/div><\/div><div class=\"team_block team_block3 team_member31616\"><div class=\"team_block_inner\"><div class=\"member_img\"><img decoding=\"async\" src=\"https:\/\/www.unavets.com\/wp-content\/uploads\/2025\/02\/112.png\" alt=\"\" \/><\/div><div class=\"team_block_details\"><h3 class=\"member_name\">Beatriz Fern\u00e1ndez<\/h3><h4 class=\"member_role\">T\u00e9cnico de Recursos Humanos<\/h4><p class=\"member_content\">Beatriz es licenciada en Ciencias del Trabajo por la Universidad Complutense y cuenta con una s\u00f3lida trayectoria en el \u00e1rea de Recursos Humanos, especializada en selecci\u00f3n de personal.\n\nCon m\u00e1s de ocho a\u00f1os de experiencia en el sector sanitario, ha trabajado en empresas de referencia como Quir\u00f3nsalud.<\/p><div class=\"toggle_wrapper\"><a class=\"member_toggle toggle_more\">Leer m\u00e1s<\/a><a class=\"member_toggle toggle_less\">Leer menos<\/a><\/div><\/div><\/div><\/div><div class=\"team_block team_block4 team_member33245\"><div class=\"team_block_inner\"><div class=\"member_img\"><img decoding=\"async\" src=\"https:\/\/www.unavets.com\/wp-content\/uploads\/2025\/08\/Esperanza-Garcia-scaled.jpg\" alt=\"\" \/><\/div><div class=\"team_block_details\"><h3 class=\"member_name\">Esperanza Garc\u00eda<\/h3><h4 class=\"member_role\">Prevenci\u00f3n de Riesgos Laborales<\/h4><p class=\"member_content\">Con una s\u00f3lida formaci\u00f3n en el M\u00e1ster en Prevenci\u00f3n de Riesgos Laborales, su trayectoria profesional se enfoca en el apoyo y la mejora continua. Su trabajo diario implica la resoluci\u00f3n de dudas, la propuesta de mejoras y la asistencia constante para crear un ambiente donde cada persona se sienta segura, valorada y cuidada.\n\nSu experiencia se centra en acompa\u00f1ar a los equipos para que el bienestar laboral sea una prioridad, contribuyendo a la optimizaci\u00f3n del rendimiento del grupo y a la calidad del trabajo en general.<\/p><div class=\"toggle_wrapper\"><a class=\"member_toggle toggle_more\">Leer m\u00e1s<\/a><a class=\"member_toggle toggle_less\">Leer menos<\/a><\/div><\/div><\/div><\/div><div class=\"team_block team_block5 team_member25836\"><div class=\"team_block_inner\"><div class=\"member_img\"><img decoding=\"async\" src=\"https:\/\/www.unavets.com\/wp-content\/uploads\/2025\/02\/110.png\" alt=\"\" \/><\/div><div class=\"team_block_details\"><h3 class=\"member_name\">Celia Ricote<\/h3><h4 class=\"member_role\">T\u00e9cnico de n\u00f3minas y administraci\u00f3n de personal<\/h4><p class=\"member_content\">Celia es Diplomada en Relaciones Laborales por la Universidad Rey Juan Carlos y cuenta con m\u00e1s de 25 a\u00f1os de experiencia en Departamentos de Recursos Humanos.\n\nA lo largo de su trayectoria, ha trabajado en empresas de diversos sectores, incluyendo seguridad, servicios y limpieza, adem\u00e1s de haber iniciado su carrera en asesor\u00edas.\n\nEn su \u00faltima etapa profesional, ha sido Responsable de Administraci\u00f3n de Personal en GLA Cleaners, una empresa de nueva creaci\u00f3n en el sector de la limpieza, donde estructur\u00f3 y desarroll\u00f3 el Departamento de Personal desde sus inicios.<\/p><div class=\"toggle_wrapper\"><a class=\"member_toggle toggle_more\">Leer m\u00e1s<\/a><a class=\"member_toggle toggle_less\">Leer menos<\/a><\/div><\/div><\/div><\/div><div class=\"team_block team_block6 team_member32512\"><div class=\"team_block_inner\"><div class=\"member_img\"><img decoding=\"async\" src=\"https:\/\/www.unavets.com\/wp-content\/uploads\/2025\/05\/lucia.png\" alt=\"\" \/><\/div><div class=\"team_block_details\"><h3 class=\"member_name\">Luc\u00eda Segovia<\/h3><h4 class=\"member_role\">T\u00e9cnico de n\u00f3minas y administraci\u00f3n de personal<\/h4><p class=\"member_content\">Graduada en Psicolog\u00eda por la Universidad Complutense de Madrid, cuenta con un MBA en Gesti\u00f3n y Direcci\u00f3n de Recursos Humanos. A lo largo de su trayectoria, ha adquirido experiencia en distintas \u00e1reas del \u00e1mbito de RR. HH., trabajando tanto en el sector universitario como en empresas de trabajo temporal y del sector inmobiliario. Se considera una persona comprometida, apasionada por su profesi\u00f3n y con una fuerte vocaci\u00f3n por el desarrollo humano. En su tiempo libre, disfruta haciendo senderismo en la naturaleza, acompa\u00f1ada por sus dos perritas de terapia, Lima y Kala.<\/p><div class=\"toggle_wrapper\"><a class=\"member_toggle toggle_more\">Leer m\u00e1s<\/a><a class=\"member_toggle toggle_less\">Leer menos<\/a><\/div><\/div><\/div><\/div><div class=\"team_block team_block7 team_member33263\"><div class=\"team_block_inner\"><div class=\"member_img\"><img decoding=\"async\" src=\"https:\/\/www.unavets.com\/wp-content\/uploads\/2025\/08\/Sandra-Serrano-scaled.jpg\" alt=\"\" \/><\/div><div class=\"team_block_details\"><h3 class=\"member_name\">Sandra Serrano<\/h3><h4 class=\"member_role\">T\u00e9cnico de n\u00f3minas y administraci\u00f3n de personal<\/h4><p class=\"member_content\">Sandra es graduada en Relaciones Laborales y Recursos Humanos por la Universidad de C\u00f3rdoba. Cuenta con m\u00e1s de ocho a\u00f1os de experiencia, la mayor parte de ellos en el sector del retail, y est\u00e1 acostumbrada a trabajar con un gran volumen de trabajadores. Ha trabajado en empresas como Sopra Steria, The Phone House o TCR Ib\u00e9rica.<\/p><div class=\"toggle_wrapper\"><a class=\"member_toggle toggle_more\">Leer m\u00e1s<\/a><a class=\"member_toggle toggle_less\">Leer menos<\/a><\/div><\/div><\/div><\/div><div class=\"team_block team_block8 team_member33917\"><div class=\"team_block_inner\"><div class=\"member_img\"><img decoding=\"async\" src=\"https:\/\/www.unavets.com\/wp-content\/uploads\/2026\/02\/Sandra-Diaz.jpg\" alt=\"\" \/><\/div><div class=\"team_block_details\"><h3 class=\"member_name\">Sandra D\u00edaz<\/h3><h4 class=\"member_role\">T\u00e9cnico de Selecci\u00f3n<\/h4><p class=\"member_content\">Sandra es graduada en Psicolog\u00eda y cuenta con un doble m\u00e1ster en Recursos Humanos y en Psicolog\u00eda General Sanitaria. Posee una s\u00f3lida trayectoria profesional como t\u00e9cnica de selecci\u00f3n, habiendo desarrollado su experiencia en empresas de referencia como Securitas, en el \u00e1mbito de los Centros Especiales de Empleo, e Iman Temporing. Su enfoque profesional destaca por la motivaci\u00f3n hacia el trato directo con las personas y el impulso del desarrollo del talento.<\/p><div class=\"toggle_wrapper\"><a class=\"member_toggle toggle_more\">Leer m\u00e1s<\/a><a class=\"member_toggle toggle_less\">Leer menos<\/a><\/div><\/div><\/div><\/div><\/div><\/div><\/div><\/div><\/p>\t\t\t\t\t\t\t\t<\/div>\n\t\t\t\t<\/div>\n\t\t\t\t\t<\/div>\n\t\t<\/div>\n\t\t\t\t\t<\/div>\n\t\t<\/section>\n\t\t\t\t<section data-dce-background-color=\"#F6F6F6\" class=\"elementor-section elementor-top-section elementor-element elementor-element-3bc2d88 elementor-section-boxed elementor-section-height-default elementor-section-height-default\" data-id=\"3bc2d88\" data-element_type=\"section\" data-e-type=\"section\" data-settings=\"{&quot;background_background&quot;:&quot;classic&quot;}\">\n\t\t\t\t\t\t<div class=\"elementor-container elementor-column-gap-default\">\n\t\t\t\t\t<div class=\"elementor-column elementor-col-100 elementor-top-column elementor-element elementor-element-135810d\" data-id=\"135810d\" data-element_type=\"column\" data-e-type=\"column\">\n\t\t\t<div class=\"elementor-widget-wrap elementor-element-populated\">\n\t\t\t\t\t\t<div class=\"elementor-element elementor-element-99c2516 elementor-widget elementor-widget-section_title\" data-id=\"99c2516\" data-element_type=\"widget\" data-e-type=\"widget\" data-widget_type=\"section_title.default\">\n\t\t\t\t<div class=\"elementor-widget-container\">\n\t\t\t\t\t        <div class=\"section-title section-title-dk-blue fl-wrap\">\n                        <h2><span>El equipo de UNAVETS en n\u00fameros<\/span><\/h2>                                        <span class=\"section-separator section-separator-dk-blue\"><\/span> \n                         \n        <\/div>\n        \t\t\t\t<\/div>\n\t\t\t\t<\/div>\n\t\t\t\t\t<\/div>\n\t\t<\/div>\n\t\t\t\t\t<\/div>\n\t\t<\/section>\n\t\t\t\t<section data-dce-background-color=\"#F6F6F6\" class=\"elementor-section elementor-top-section elementor-element elementor-element-e496379 pad-top-0 elementor-section-boxed elementor-section-height-default elementor-section-height-default\" data-id=\"e496379\" data-element_type=\"section\" data-e-type=\"section\" data-settings=\"{&quot;background_background&quot;:&quot;classic&quot;}\">\n\t\t\t\t\t\t\t<div class=\"elementor-background-overlay\"><\/div>\n\t\t\t\t\t\t\t<div class=\"elementor-container elementor-column-gap-default\">\n\t\t\t\t\t<div class=\"elementor-column elementor-col-33 elementor-top-column elementor-element elementor-element-52d30f6\" data-id=\"52d30f6\" data-element_type=\"column\" data-e-type=\"column\">\n\t\t\t<div class=\"elementor-widget-wrap elementor-element-populated\">\n\t\t\t\t\t\t<div class=\"elementor-element elementor-element-57b961c elementor-widget elementor-widget-counter\" data-id=\"57b961c\" data-element_type=\"widget\" data-e-type=\"widget\" data-widget_type=\"counter.default\">\n\t\t\t\t<div class=\"elementor-widget-container\">\n\t\t\t\t\t        <div class=\"bold-facts hide-decor-no\">\n            <div class=\"inline-facts-wrap\">\n                <div class=\"inline-facts\">\n                                        <div class=\"milestone-counter\">\n                        <div class=\"stats animaper\">\n                            <div class=\"num\" data-content=\"0\" data-num=\"161\">161<\/div>\n                        <\/div>\n                    <\/div>\n                    <h6>Total centros UNAVETS<\/h6>                <\/div>\n            <\/div>\n        <\/div>\n        \t\t\t\t<\/div>\n\t\t\t\t<\/div>\n\t\t\t\t\t<\/div>\n\t\t<\/div>\n\t\t\t\t<div class=\"elementor-column elementor-col-33 elementor-top-column elementor-element elementor-element-55e1392\" data-id=\"55e1392\" data-element_type=\"column\" data-e-type=\"column\">\n\t\t\t<div class=\"elementor-widget-wrap elementor-element-populated\">\n\t\t\t\t\t\t<div class=\"elementor-element elementor-element-4e991ef elementor-widget elementor-widget-counter\" data-id=\"4e991ef\" data-element_type=\"widget\" data-e-type=\"widget\" data-widget_type=\"counter.default\">\n\t\t\t\t<div class=\"elementor-widget-container\">\n\t\t\t\t\t        <div class=\"bold-facts hide-decor-yes\">\n            <div class=\"inline-facts-wrap\">\n                <div class=\"inline-facts\">\n                                        <div class=\"milestone-counter\">\n                        <div class=\"stats animaper\">\n                            <div class=\"num\" data-content=\"0\" data-num=\"1500\">1500<\/div>\n                        <\/div>\n                    <\/div>\n                    <h6>Miembros del equipo cl\u00ednico y corporativo en todo el Grupo<\/h6>                <\/div>\n            <\/div>\n        <\/div>\n        \t\t\t\t<\/div>\n\t\t\t\t<\/div>\n\t\t\t\t\t<\/div>\n\t\t<\/div>\n\t\t\t\t<div class=\"elementor-column elementor-col-33 elementor-top-column elementor-element elementor-element-0cf8781\" data-id=\"0cf8781\" data-element_type=\"column\" data-e-type=\"column\">\n\t\t\t<div class=\"elementor-widget-wrap elementor-element-populated\">\n\t\t\t\t\t\t<div class=\"elementor-element elementor-element-8380f1b elementor-widget elementor-widget-counter\" data-id=\"8380f1b\" data-element_type=\"widget\" data-e-type=\"widget\" data-widget_type=\"counter.default\">\n\t\t\t\t<div class=\"elementor-widget-container\">\n\t\t\t\t\t        <div class=\"bold-facts hide-decor-no\">\n            <div class=\"inline-facts-wrap\">\n                <div class=\"inline-facts\">\n                                        <div class=\"milestone-counter\">\n                        <div class=\"stats animaper\">\n                            <div class=\"num\" data-content=\"0\" data-num=\"8\">8<\/div>\n                        <\/div>\n                    <\/div>\n                    <h6>Centros que se unieron a UNAVETS en 2025<\/h6>                <\/div>\n            <\/div>\n        <\/div>\n        \t\t\t\t<\/div>\n\t\t\t\t<\/div>\n\t\t\t\t\t<\/div>\n\t\t<\/div>\n\t\t\t\t\t<\/div>\n\t\t<\/section>\n\t\t\t\t<section class=\"elementor-section elementor-top-section elementor-element elementor-element-f27b342 elementor-section-boxed elementor-section-height-default elementor-section-height-default\" data-id=\"f27b342\" data-element_type=\"section\" data-e-type=\"section\" id=\"partner_desktop\">\n\t\t\t\t\t\t<div class=\"elementor-container elementor-column-gap-default\">\n\t\t\t\t\t<div class=\"elementor-column elementor-col-100 elementor-top-column elementor-element elementor-element-67afd53\" data-id=\"67afd53\" data-element_type=\"column\" data-e-type=\"column\">\n\t\t\t<div class=\"elementor-widget-wrap\">\n\t\t\t\t\t\t\t<\/div>\n\t\t<\/div>\n\t\t\t\t\t<\/div>\n\t\t<\/section>\n\t\t\t\t<section class=\"elementor-section elementor-top-section elementor-element elementor-element-adfc57c elementor-section-boxed elementor-section-height-default elementor-section-height-default\" data-id=\"adfc57c\" data-element_type=\"section\" data-e-type=\"section\">\n\t\t\t\t\t\t<div class=\"elementor-container elementor-column-gap-default\">\n\t\t\t\t\t<div class=\"elementor-column elementor-col-100 elementor-top-column elementor-element elementor-element-c6a9fec\" data-id=\"c6a9fec\" data-element_type=\"column\" data-e-type=\"column\">\n\t\t\t<div class=\"elementor-widget-wrap elementor-element-populated\">\n\t\t\t\t\t\t<div class=\"elementor-element elementor-element-51865c7 elementor-widget elementor-widget-section_title\" data-id=\"51865c7\" data-element_type=\"widget\" data-e-type=\"widget\" data-widget_type=\"section_title.default\">\n\t\t\t\t<div class=\"elementor-widget-container\">\n\t\t\t\t\t        <div class=\"section-title section-title-dk-blue fl-wrap\">\n                        <h2><span>Nuestros colaboradores<\/span><\/h2>                                        <span class=\"section-separator section-separator-dk-blue\"><\/span> \n                          \n        <\/div>\n        \t\t\t\t<\/div>\n\t\t\t\t<\/div>\n\t\t\t\t<div class=\"elementor-element elementor-element-3b16795 elementor-widget elementor-widget-our_partners\" data-id=\"3b16795\" data-element_type=\"widget\" data-e-type=\"widget\" data-widget_type=\"our_partners.default\">\n\t\t\t\t<div class=\"elementor-widget-container\">\n\t\t\t\t\t        <div class=\"clients-carousel-wrap fl-wrap\">\n\n            <div class=\"cc-btn cc-prev\"><i class=\"fal fa-angle-left\"><\/i><\/div>\n            <div class=\"cc-btn cc-next\"><i class=\"fal fa-angle-right\"><\/i><\/div>\n            <div class=\"clients-carousel\">\n                <div class=\"swiper-container\">\n                    <div class=\"swiper-wrapper\">\n                                                    <!--client-item-->\n                            <div class=\"swiper-slide\">\n                                <a class=\"client-item\" href=\"https:\/\/www.cuatrecasas.com\/\" target=\"_blank\" rel=\"noopener\"><img loading=\"lazy\" decoding=\"async\" width=\"250\" height=\"157\" src=\"https:\/\/www.unavets.com\/wp-content\/uploads\/2024\/07\/Cuatrecasas-Vector-Logo.jpg\" class=\"attachment-partner size-partner\" alt=\"\" \/>                                <\/a>\n                            <\/div>\n                            <!--client-item end-->\n                                                    <!--client-item-->\n                            <div class=\"swiper-slide\">\n                                <a class=\"client-item\" href=\"https:\/\/www.valtecsa.com\/\" target=\"_blank\" rel=\"noopener\"><img loading=\"lazy\" decoding=\"async\" width=\"200\" height=\"161\" src=\"https:\/\/www.unavets.com\/wp-content\/uploads\/2024\/07\/112730_valtecas-5.jpg\" class=\"attachment-partner size-partner\" alt=\"\" \/>                                <\/a>\n                            <\/div>\n                            <!--client-item end-->\n                                                    <!--client-item-->\n                            <div class=\"swiper-slide\">\n                                <a class=\"client-item\" href=\"https:\/\/www.afi.es\/webAfi\/comun\/default.asp\" target=\"_blank\" rel=\"noopener\"><img loading=\"lazy\" decoding=\"async\" width=\"393\" height=\"128\" src=\"https:\/\/www.unavets.com\/wp-content\/uploads\/2024\/07\/practica-legal.png\" class=\"attachment-partner size-partner\" alt=\"\" \/>                                <\/a>\n                            <\/div>\n                            <!--client-item end-->\n                                                    <!--client-item-->\n                            <div class=\"swiper-slide\">\n                                <a class=\"client-item\" href=\"https:\/\/www.prodwaregroup.com\/es-es\" target=\"_blank\" rel=\"noopener\"><img loading=\"lazy\" decoding=\"async\" width=\"2560\" height=\"1811\" src=\"https:\/\/www.unavets.com\/wp-content\/uploads\/2026\/01\/Afi_Color-scaled.png\" class=\"attachment-partner size-partner\" alt=\"\" \/>                                <\/a>\n                            <\/div>\n                            <!--client-item end-->\n                                                                                                                                                                                                                                                                \n                    <\/div>\n                <\/div>\n            <\/div>\n        <\/div>\n        \t\t\t\t<\/div>\n\t\t\t\t<\/div>\n\t\t\t\t\t<\/div>\n\t\t<\/div>\n\t\t\t\t\t<\/div>\n\t\t<\/section>\n\t\t\t\t<section class=\"elementor-section elementor-top-section elementor-element elementor-element-10abb05 elementor-section-boxed elementor-section-height-default elementor-section-height-default\" data-id=\"10abb05\" data-element_type=\"section\" data-e-type=\"section\" id=\"partner_mobile\">\n\t\t\t\t\t\t<div class=\"elementor-container elementor-column-gap-default\">\n\t\t\t\t\t<div class=\"elementor-column elementor-col-100 elementor-top-column elementor-element elementor-element-a305941\" data-id=\"a305941\" data-element_type=\"column\" data-e-type=\"column\">\n\t\t\t<div class=\"elementor-widget-wrap elementor-element-populated\">\n\t\t\t\t\t\t<div class=\"elementor-element elementor-element-e46b7ea elementor-widget elementor-widget-section_title\" data-id=\"e46b7ea\" data-element_type=\"widget\" data-e-type=\"widget\" data-widget_type=\"section_title.default\">\n\t\t\t\t<div class=\"elementor-widget-container\">\n\t\t\t\t\t        <div class=\"section-title section-title-dk-blue fl-wrap\">\n                        <h2><span>Socios Colaboradores<\/span><\/h2>                                        <span class=\"section-separator section-separator-dk-blue\"><\/span> \n                          \n        <\/div>\n        \t\t\t\t<\/div>\n\t\t\t\t<\/div>\n\t\t\t\t<div class=\"elementor-element elementor-element-8ec2559 elementor-widget elementor-widget-image\" data-id=\"8ec2559\" data-element_type=\"widget\" data-e-type=\"widget\" data-widget_type=\"image.default\">\n\t\t\t\t<div class=\"elementor-widget-container\">\n\t\t\t\t\t\t\t\t\t\t\t\t\t\t\t<img loading=\"lazy\" decoding=\"async\" width=\"159\" height=\"95\" src=\"https:\/\/www.unavets.com\/wp-content\/uploads\/2021\/05\/AFI-logo.png\" class=\"attachment-large size-large wp-image-16341\" alt=\"\" \/>\t\t\t\t\t\t\t\t\t\t\t\t\t\t\t<\/div>\n\t\t\t\t<\/div>\n\t\t\t\t<div class=\"elementor-element elementor-element-b77bd9b elementor-widget elementor-widget-image\" data-id=\"b77bd9b\" data-element_type=\"widget\" data-e-type=\"widget\" data-widget_type=\"image.default\">\n\t\t\t\t<div class=\"elementor-widget-container\">\n\t\t\t\t\t\t\t\t\t\t\t\t\t\t\t<img loading=\"lazy\" decoding=\"async\" width=\"200\" height=\"156\" src=\"https:\/\/www.unavets.com\/wp-content\/uploads\/2021\/05\/prodware-new-logo-1.jpg\" class=\"attachment-large size-large wp-image-16452\" alt=\"\" \/>\t\t\t\t\t\t\t\t\t\t\t\t\t\t\t<\/div>\n\t\t\t\t<\/div>\n\t\t\t\t<div class=\"elementor-element elementor-element-5a3e46c elementor-widget elementor-widget-image\" data-id=\"5a3e46c\" data-element_type=\"widget\" data-e-type=\"widget\" data-widget_type=\"image.default\">\n\t\t\t\t<div class=\"elementor-widget-container\">\n\t\t\t\t\t\t\t\t\t\t\t\t\t\t\t<img loading=\"lazy\" decoding=\"async\" width=\"369\" height=\"127\" src=\"https:\/\/www.unavets.com\/wp-content\/uploads\/2021\/09\/qsoft_logo-4-1.png\" class=\"attachment-large size-large wp-image-19495\" alt=\"\" \/>\t\t\t\t\t\t\t\t\t\t\t\t\t\t\t<\/div>\n\t\t\t\t<\/div>\n\t\t\t\t<div class=\"elementor-element elementor-element-882102c elementor-widget elementor-widget-image\" data-id=\"882102c\" data-element_type=\"widget\" data-e-type=\"widget\" data-widget_type=\"image.default\">\n\t\t\t\t<div class=\"elementor-widget-container\">\n\t\t\t\t\t\t\t\t\t\t\t\t\t\t\t<img loading=\"lazy\" decoding=\"async\" width=\"250\" height=\"157\" src=\"https:\/\/www.unavets.com\/wp-content\/uploads\/2021\/05\/Cuatrecasas-Vector-Logo.jpg\" class=\"attachment-large size-large wp-image-16367\" alt=\"\" \/>\t\t\t\t\t\t\t\t\t\t\t\t\t\t\t<\/div>\n\t\t\t\t<\/div>\n\t\t\t\t<div class=\"elementor-element elementor-element-ebf4387 elementor-widget elementor-widget-image\" data-id=\"ebf4387\" data-element_type=\"widget\" data-e-type=\"widget\" data-widget_type=\"image.default\">\n\t\t\t\t<div class=\"elementor-widget-container\">\n\t\t\t\t\t\t\t\t\t\t\t\t\t\t\t<img loading=\"lazy\" decoding=\"async\" width=\"200\" height=\"161\" src=\"https:\/\/www.unavets.com\/wp-content\/uploads\/2021\/05\/112730_valtecas-5.jpg\" class=\"attachment-large size-large wp-image-16413\" alt=\"\" \/>\t\t\t\t\t\t\t\t\t\t\t\t\t\t\t<\/div>\n\t\t\t\t<\/div>\n\t\t\t\t\t<\/div>\n\t\t<\/div>\n\t\t\t\t\t<\/div>\n\t\t<\/section>\n\t\t\t\t<\/div>\n\t\t","protected":false},"excerpt":{"rendered":"<p>Adem\u00e1s de los 1.500 miembros del equipo cl\u00ednico distribuidos en nuestras 161 centros veterinarios, el equipo de UNAVETS que da soporte a las cl\u00ednicas asociadas tiene una extensa experiencia en los sectores veterinario y de negocios. Gestionamos la contabilidad y finanzas, marketing, tecnolog\u00eda, recursos humanos y log\u00edstica para que los veterinarios puedan concentrarse en lo &hellip; <\/p>\n","protected":false},"author":1,"featured_media":0,"parent":0,"menu_order":0,"comment_status":"closed","ping_status":"closed","template":"page-fullwidth.php","meta":{"_acf_changed":false,"content-type":"","footnotes":""},"class_list":["post-14602","page","type-page","status-publish","hentry"],"acf":[],"_links":{"self":[{"href":"https:\/\/www.unavets.com\/es\/wp-json\/wp\/v2\/pages\/14602","targetHints":{"allow":["GET"]}}],"collection":[{"href":"https:\/\/www.unavets.com\/es\/wp-json\/wp\/v2\/pages"}],"about":[{"href":"https:\/\/www.unavets.com\/es\/wp-json\/wp\/v2\/types\/page"}],"author":[{"embeddable":true,"href":"https:\/\/www.unavets.com\/es\/wp-json\/wp\/v2\/users\/1"}],"replies":[{"embeddable":true,"href":"https:\/\/www.unavets.com\/es\/wp-json\/wp\/v2\/comments?post=14602"}],"version-history":[{"count":37,"href":"https:\/\/www.unavets.com\/es\/wp-json\/wp\/v2\/pages\/14602\/revisions"}],"predecessor-version":[{"id":33803,"href":"https:\/\/www.unavets.com\/es\/wp-json\/wp\/v2\/pages\/14602\/revisions\/33803"}],"wp:attachment":[{"href":"https:\/\/www.unavets.com\/es\/wp-json\/wp\/v2\/media?parent=14602"}],"curies":[{"name":"wp","href":"https:\/\/api.w.org\/{rel}","templated":true}]}}