{"id":14412,"date":"2021-06-03T07:06:26","date_gmt":"2021-06-03T07:06:26","guid":{"rendered":"http:\/\/www.unavets.com\/delpla\/?page_id=14412"},"modified":"2025-11-21T10:20:13","modified_gmt":"2025-11-21T10:20:13","slug":"nostre-equip","status":"publish","type":"page","link":"https:\/\/www.unavets.com\/delpla\/ca\/nostre-equip\/","title":{"rendered":"Equip"},"content":{"rendered":"\t\t<div data-elementor-type=\"wp-page\" data-elementor-id=\"14412\" class=\"elementor elementor-14412 elementor-282\" data-elementor-post-type=\"page\">\n\t\t\t\t\t\t<section class=\"elementor-section elementor-top-section elementor-element elementor-element-2315038 pad-bot-0 elementor-section-boxed elementor-section-height-default elementor-section-height-default\" data-id=\"2315038\" data-element_type=\"section\" data-e-type=\"section\" id=\"main-sec\" data-settings=\"{&quot;background_background&quot;:&quot;classic&quot;}\">\n\t\t\t\t\t\t<div class=\"elementor-container elementor-column-gap-default\">\n\t\t\t\t\t<div class=\"elementor-column elementor-col-100 elementor-top-column elementor-element elementor-element-35c75b2\" data-id=\"35c75b2\" data-element_type=\"column\" data-e-type=\"column\">\n\t\t\t<div class=\"elementor-widget-wrap elementor-element-populated\">\n\t\t\t\t\t\t<div class=\"elementor-element elementor-element-28b1762 elementor-widget elementor-widget-text-editor\" data-id=\"28b1762\" data-element_type=\"widget\" data-e-type=\"widget\" data-widget_type=\"text-editor.default\">\n\t\t\t\t<div class=\"elementor-widget-container\">\n\t\t\t\t\t\t\t\t\t<p>Comptem amb un equip de professionals qualificats, que ofereixen en tot moment el millor tracte i un servei veterinari de qualitat per a les mascotes. L&#8217;equip est\u00e0 format per quatre veterinaris, dos auxiliars i un perruquer especialista i educador can\u00ed, dirigits pel director\u00a0Cl\u00ednico\u00a0Ricard C\u00f3rdoba, expert i referent nacional en reproducci\u00f3.<\/p>\t\t\t\t\t\t\t\t<\/div>\n\t\t\t\t<\/div>\n\t\t\t\t\t<\/div>\n\t\t<\/div>\n\t\t\t\t\t<\/div>\n\t\t<\/section>\n\t\t\t\t<section class=\"elementor-section elementor-top-section elementor-element elementor-element-59f5bd8 team-member elementor-section-boxed elementor-section-height-default elementor-section-height-default\" data-id=\"59f5bd8\" data-element_type=\"section\" data-e-type=\"section\">\n\t\t\t\t\t\t<div class=\"elementor-container elementor-column-gap-default\">\n\t\t\t\t\t<div class=\"elementor-column elementor-col-100 elementor-top-column elementor-element elementor-element-393a2aa\" data-id=\"393a2aa\" data-element_type=\"column\" data-e-type=\"column\">\n\t\t\t<div class=\"elementor-widget-wrap elementor-element-populated\">\n\t\t\t\t\t\t<div class=\"elementor-element elementor-element-425f464 elementor-widget elementor-widget-section_titleleft\" data-id=\"425f464\" data-element_type=\"widget\" data-e-type=\"widget\" data-widget_type=\"section_titleleft.default\">\n\t\t\t\t<div class=\"elementor-widget-container\">\n\t\t\t\t\t        <div class=\"ab_text-title fl-wrap\">\n            <h3>Veterinaris<\/h3><span class=\"section-separator fl-sec-sep\"><\/span>        <\/div>\n        \t\t\t\t<\/div>\n\t\t\t\t<\/div>\n\t\t\t\t<section class=\"elementor-section elementor-inner-section elementor-element elementor-element-defe3b4 elementor-section-boxed elementor-section-height-default elementor-section-height-default\" data-id=\"defe3b4\" data-element_type=\"section\" data-e-type=\"section\">\n\t\t\t\t\t\t<div class=\"elementor-container elementor-column-gap-default\">\n\t\t\t\t\t<div class=\"elementor-column elementor-col-25 elementor-inner-column elementor-element elementor-element-3b36654\" data-id=\"3b36654\" data-element_type=\"column\" data-e-type=\"column\">\n\t\t\t<div class=\"elementor-widget-wrap elementor-element-populated\">\n\t\t\t\t\t\t<div class=\"elementor-element elementor-element-0893a7d elementor-widget elementor-widget-team_box\" data-id=\"0893a7d\" data-element_type=\"widget\" data-e-type=\"widget\" data-widget_type=\"team_box.default\">\n\t\t\t\t<div class=\"elementor-widget-container\">\n\t\t\t\t\t            <div class=\"team-holder section-team fl-wrap\">\n                <div class=\"team-box-image\">\n                    <div class=\"team-photo\">\n                        <img decoding=\"async\" src=\"https:\/\/www.unavets.com\/delpla\/wp-content\/uploads\/sites\/51\/2024\/05\/dolors.png\" class=\"respimg\">                                    \n                    <\/div>\n                    <div class=\"team-info\">\n                        <h3><a href=\"\">Dolors Corredera<\/a><\/h3><h4>Directora Veterin\u00e0ria<\/h4>Veterin\u00e0ria llicenciada per la Universitat Aut\u00f2noma de Barcelona i membre de la primera promoci\u00f3 de la Facultat de Veterin\u00e0ria, va iniciar la seva carrera laboral el 1989,                      <\/div>\n                <\/div>\n            <\/div>\n        \t\t\t\t<\/div>\n\t\t\t\t<\/div>\n\t\t\t\t<div class=\"elementor-element elementor-element-cf8d63f readmoretoggle elementor-widget elementor-widget-toggle\" data-id=\"cf8d63f\" data-element_type=\"widget\" data-e-type=\"widget\" data-widget_type=\"toggle.default\">\n\t\t\t\t<div class=\"elementor-widget-container\">\n\t\t\t\t\t\t\t<div class=\"elementor-toggle\">\n\t\t\t\t\t\t\t<div class=\"elementor-toggle-item\">\n\t\t\t\t\t<div id=\"elementor-tab-title-2171\" class=\"elementor-tab-title\" data-tab=\"1\" role=\"button\" aria-controls=\"elementor-tab-content-2171\" aria-expanded=\"false\">\n\t\t\t\t\t\t\t\t\t\t\t\t<a class=\"elementor-toggle-title\" tabindex=\"0\">Leer m\u00e1s<\/a>\n\t\t\t\t\t<\/div>\n\n\t\t\t\t\t<div id=\"elementor-tab-content-2171\" class=\"elementor-tab-content elementor-clearfix\" data-tab=\"1\" role=\"region\" aria-labelledby=\"elementor-tab-title-2171\"><p>centrant els seus primers anys en el sector ov\u00ed i simult\u00e0niament col\u00b7laborant en un consultori d&#8217;animals de companyia. El 1992, la seva dedicaci\u00f3 a la cl\u00ednica de petits animals es va consolidar al 100%, rol que exerceix fins al dia d&#8217;avui. Actualment, ocupa el c\u00e0rrec de directora al Centre Veterinari del Pla, una cl\u00ednica formada per 6 veterinaris\/es, 4 auxiliars i una recepcionista. En el seu esc\u00e0s temps lliure, el dedica a la fam\u00edlia i al m\u00f3n del c\u00e0mping.<\/p><\/div>\n\t\t\t\t<\/div>\n\t\t\t\t\t\t\t\t<\/div>\n\t\t\t\t\t\t<\/div>\n\t\t\t\t<\/div>\n\t\t\t\t\t<\/div>\n\t\t<\/div>\n\t\t\t\t<div class=\"elementor-column elementor-col-25 elementor-inner-column elementor-element elementor-element-39d45ff\" data-id=\"39d45ff\" data-element_type=\"column\" data-e-type=\"column\">\n\t\t\t<div class=\"elementor-widget-wrap elementor-element-populated\">\n\t\t\t\t\t\t<div class=\"elementor-element elementor-element-1728c5c elementor-widget elementor-widget-team_box\" data-id=\"1728c5c\" data-element_type=\"widget\" data-e-type=\"widget\" data-widget_type=\"team_box.default\">\n\t\t\t\t<div class=\"elementor-widget-container\">\n\t\t\t\t\t            <div class=\"team-holder section-team fl-wrap\">\n                <div class=\"team-box-image\">\n                    <div class=\"team-photo\">\n                        <img decoding=\"async\" src=\"https:\/\/www.unavets.com\/delpla\/wp-content\/uploads\/sites\/51\/2024\/05\/Natalia-mesalles.png\" class=\"respimg\">                                    \n                    <\/div>\n                    <div class=\"team-info\">\n                        <h3><a href=\"\">Marta Vilanova<\/a><\/h3><h4>Veterin\u00e0ria<\/h4>Marta es va graduar en Veterin\u00e0ria per la Universitat de Saragossa el 2017. Ha treballat en diferents cl\u00edniques i, des del 2021, forma part de l\u2019equip del Centre Veterinari del Pla com a veterin\u00e0ria generalista.                    <\/div>\n                <\/div>\n            <\/div>\n        \t\t\t\t<\/div>\n\t\t\t\t<\/div>\n\t\t\t\t<div class=\"elementor-element elementor-element-0cfa7e4 readmoretoggle elementor-widget elementor-widget-toggle\" data-id=\"0cfa7e4\" data-element_type=\"widget\" data-e-type=\"widget\" data-widget_type=\"toggle.default\">\n\t\t\t\t<div class=\"elementor-widget-container\">\n\t\t\t\t\t\t\t<div class=\"elementor-toggle\">\n\t\t\t\t\t\t\t<div class=\"elementor-toggle-item\">\n\t\t\t\t\t<div id=\"elementor-tab-title-1361\" class=\"elementor-tab-title\" data-tab=\"1\" role=\"button\" aria-controls=\"elementor-tab-content-1361\" aria-expanded=\"false\">\n\t\t\t\t\t\t\t\t\t\t\t\t<a class=\"elementor-toggle-title\" tabindex=\"0\">Leer m\u00e1s<\/a>\n\t\t\t\t\t<\/div>\n\n\t\t\t\t\t<div id=\"elementor-tab-content-1361\" class=\"elementor-tab-content elementor-clearfix\" data-tab=\"1\" role=\"region\" aria-labelledby=\"elementor-tab-title-1361\"><p>T\u00e9 especial inter\u00e8s en la medicina interna i est\u00e0 en cont\u00ednua formaci\u00f3 en aquest camp. Des de petita sempre havia volgut ser veterin\u00e0ria i li encanten els gossos. Les seves aficions s\u00f3n la muntanya, gaudir dels seus companys de quatre potes i la m\u00fasica.<\/p><\/div>\n\t\t\t\t<\/div>\n\t\t\t\t\t\t\t\t<\/div>\n\t\t\t\t\t\t<\/div>\n\t\t\t\t<\/div>\n\t\t\t\t\t<\/div>\n\t\t<\/div>\n\t\t\t\t<div class=\"elementor-column elementor-col-25 elementor-inner-column elementor-element elementor-element-aa3dd36\" data-id=\"aa3dd36\" data-element_type=\"column\" data-e-type=\"column\">\n\t\t\t<div class=\"elementor-widget-wrap elementor-element-populated\">\n\t\t\t\t\t\t<div class=\"elementor-element elementor-element-741749a elementor-widget elementor-widget-team_box\" data-id=\"741749a\" data-element_type=\"widget\" data-e-type=\"widget\" data-widget_type=\"team_box.default\">\n\t\t\t\t<div class=\"elementor-widget-container\">\n\t\t\t\t\t            <div class=\"team-holder section-team fl-wrap\">\n                <div class=\"team-box-image\">\n                    <div class=\"team-photo\">\n                        <img decoding=\"async\" src=\"https:\/\/www.unavets.com\/delpla\/wp-content\/uploads\/sites\/51\/2024\/05\/Ariadna-garcia.png\" class=\"respimg\">                                    \n                    <\/div>\n                    <div class=\"team-info\">\n                        <h3><a href=\"\">Ariadna Garc\u00eda<\/a><\/h3><h4>Veterin\u00e0ria<\/h4>Llicenciada en Veterin\u00e0ria per la Universitat Aut\u00f2noma de Barcelona l'any 2009. \u00c9s membre de l'Associaci\u00f3 de Veterinaris Espanyols Especialistes en Petits Animals (AVEPA).                    <\/div>\n                <\/div>\n            <\/div>\n        \t\t\t\t<\/div>\n\t\t\t\t<\/div>\n\t\t\t\t<div class=\"elementor-element elementor-element-01497db readmoretoggle elementor-widget elementor-widget-toggle\" data-id=\"01497db\" data-element_type=\"widget\" data-e-type=\"widget\" data-widget_type=\"toggle.default\">\n\t\t\t\t<div class=\"elementor-widget-container\">\n\t\t\t\t\t\t\t<div class=\"elementor-toggle\">\n\t\t\t\t\t\t\t<div class=\"elementor-toggle-item\">\n\t\t\t\t\t<div id=\"elementor-tab-title-1341\" class=\"elementor-tab-title\" data-tab=\"1\" role=\"button\" aria-controls=\"elementor-tab-content-1341\" aria-expanded=\"false\">\n\t\t\t\t\t\t\t\t\t\t\t\t<a class=\"elementor-toggle-title\" tabindex=\"0\">Leer m\u00e1s<\/a>\n\t\t\t\t\t<\/div>\n\n\t\t\t\t\t<div id=\"elementor-tab-content-1341\" class=\"elementor-tab-content elementor-clearfix\" data-tab=\"1\" role=\"region\" aria-labelledby=\"elementor-tab-title-1341\"><p>M\u00e0ster en \u201cEtologia Cl\u00ednica i Benestar Animal\u201d per la Universitat de Saragossa el 2013. Els seus camps d&#8217;inter\u00e8s se centren en la cardiologia, l&#8217;oncologia i la medicina felina. L&#8217;any 2019, es va incorporar al Centre Veterinari del Pla.<\/p><\/div>\n\t\t\t\t<\/div>\n\t\t\t\t\t\t\t\t<\/div>\n\t\t\t\t\t\t<\/div>\n\t\t\t\t<\/div>\n\t\t\t\t\t<\/div>\n\t\t<\/div>\n\t\t\t\t<div class=\"elementor-column elementor-col-25 elementor-inner-column elementor-element elementor-element-af2673b\" data-id=\"af2673b\" data-element_type=\"column\" data-e-type=\"column\">\n\t\t\t<div class=\"elementor-widget-wrap elementor-element-populated\">\n\t\t\t\t\t\t<div class=\"elementor-element elementor-element-603fd06 elementor-widget elementor-widget-team_box\" data-id=\"603fd06\" data-element_type=\"widget\" data-e-type=\"widget\" data-widget_type=\"team_box.default\">\n\t\t\t\t<div class=\"elementor-widget-container\">\n\t\t\t\t\t            <div class=\"team-holder section-team fl-wrap\">\n                <div class=\"team-box-image\">\n                    <div class=\"team-photo\">\n                        <img decoding=\"async\" src=\"https:\/\/www.unavets.com\/delpla\/wp-content\/uploads\/sites\/51\/2024\/05\/Alvar-mongrell.png\" class=\"respimg\">                                    \n                    <\/div>\n                    <div class=\"team-info\">\n                        <h3><a href=\"\">Alvar Mongrell<\/a><\/h3><h4>Veterinari<\/h4>\u00c0lvar \u00e9s llicenciat en Veterin\u00e0ria per la Universitat Aut\u00f2noma de Barcelona des de l'any 1998. Ha treballat en cl\u00ednica d'animals de companyia des de llavors.                     <\/div>\n                <\/div>\n            <\/div>\n        \t\t\t\t<\/div>\n\t\t\t\t<\/div>\n\t\t\t\t<div class=\"elementor-element elementor-element-f759e32 readmoretoggle elementor-widget elementor-widget-toggle\" data-id=\"f759e32\" data-element_type=\"widget\" data-e-type=\"widget\" data-widget_type=\"toggle.default\">\n\t\t\t\t<div class=\"elementor-widget-container\">\n\t\t\t\t\t\t\t<div class=\"elementor-toggle\">\n\t\t\t\t\t\t\t<div class=\"elementor-toggle-item\">\n\t\t\t\t\t<div id=\"elementor-tab-title-2591\" class=\"elementor-tab-title\" data-tab=\"1\" role=\"button\" aria-controls=\"elementor-tab-content-2591\" aria-expanded=\"false\">\n\t\t\t\t\t\t\t\t\t\t\t\t<a class=\"elementor-toggle-title\" tabindex=\"0\">Leer m\u00e1s<\/a>\n\t\t\t\t\t<\/div>\n\n\t\t\t\t\t<div id=\"elementor-tab-content-2591\" class=\"elementor-tab-content elementor-clearfix\" data-tab=\"1\" role=\"region\" aria-labelledby=\"elementor-tab-title-2591\"><p>Els seus camps d&#8217;inter\u00e8s s\u00f3n la cirurgia i la traumatologia, especialitats en les quals s&#8217;ha format i ha adquirit experi\u00e8ncia. Tamb\u00e9 s&#8217;ha format en cl\u00ednica de petits animals. L&#8217;any 2020 es va incorporar a l&#8217;equip del Centre Veterinari del Pla.<\/p><\/div>\n\t\t\t\t<\/div>\n\t\t\t\t\t\t\t\t<\/div>\n\t\t\t\t\t\t<\/div>\n\t\t\t\t<\/div>\n\t\t\t\t\t<\/div>\n\t\t<\/div>\n\t\t\t\t\t<\/div>\n\t\t<\/section>\n\t\t\t\t\t<\/div>\n\t\t<\/div>\n\t\t\t\t\t<\/div>\n\t\t<\/section>\n\t\t\t\t<section class=\"elementor-section elementor-top-section elementor-element elementor-element-243b5ed team-member elementor-section-boxed elementor-section-height-default elementor-section-height-default\" data-id=\"243b5ed\" data-element_type=\"section\" data-e-type=\"section\">\n\t\t\t\t\t\t<div class=\"elementor-container elementor-column-gap-default\">\n\t\t\t\t\t<div class=\"elementor-column elementor-col-100 elementor-top-column elementor-element elementor-element-5215bda\" data-id=\"5215bda\" data-element_type=\"column\" data-e-type=\"column\">\n\t\t\t<div class=\"elementor-widget-wrap elementor-element-populated\">\n\t\t\t\t\t\t<div class=\"elementor-element elementor-element-c639016 elementor-hidden-tablet elementor-hidden-phone elementor-widget elementor-widget-section_titleleft\" data-id=\"c639016\" data-element_type=\"widget\" data-e-type=\"widget\" data-widget_type=\"section_titleleft.default\">\n\t\t\t\t<div class=\"elementor-widget-container\">\n\t\t\t\t\t        <div class=\"ab_text-title fl-wrap\">\n            <h3>T\u00e8cnics i Auxiliars<\/h3><span class=\"section-separator fl-sec-sep\"><\/span>        <\/div>\n        \t\t\t\t<\/div>\n\t\t\t\t<\/div>\n\t\t\t\t<section class=\"elementor-section elementor-inner-section elementor-element elementor-element-c54d88a elementor-section-boxed elementor-section-height-default elementor-section-height-default\" data-id=\"c54d88a\" data-element_type=\"section\" data-e-type=\"section\">\n\t\t\t\t\t\t<div class=\"elementor-container elementor-column-gap-default\">\n\t\t\t\t\t<div class=\"elementor-column elementor-col-25 elementor-inner-column elementor-element elementor-element-3b8b81c\" data-id=\"3b8b81c\" data-element_type=\"column\" data-e-type=\"column\">\n\t\t\t<div class=\"elementor-widget-wrap elementor-element-populated\">\n\t\t\t\t\t\t<div class=\"elementor-element elementor-element-59a3879 elementor-widget elementor-widget-team_box\" data-id=\"59a3879\" data-element_type=\"widget\" data-e-type=\"widget\" data-widget_type=\"team_box.default\">\n\t\t\t\t<div class=\"elementor-widget-container\">\n\t\t\t\t\t            <div class=\"team-holder section-team fl-wrap\">\n                <div class=\"team-box-image\">\n                    <div class=\"team-photo\">\n                        <img decoding=\"async\" src=\"https:\/\/www.unavets.com\/delpla\/wp-content\/uploads\/sites\/51\/2025\/04\/Ignacio-Cervera-scaled.jpg\" class=\"respimg\">                                    \n                    <\/div>\n                    <div class=\"team-info\">\n                        <h3><a href=\"\">M\u00f2nica Alba<\/a><\/h3><h4>Auxiliar Veterin\u00e0ria<\/h4>M\u00f2nica est\u00e0 dedicada a brindar atenci\u00f3 de alta qualitat als animals i a donar suport a l\u2019equip veterinari. Amb una s\u00f2lida experi\u00e8ncia de 5 anys en una botiga especialitzada en mascotes, ha ofert un servei al client excepcional,                    <\/div>\n                <\/div>\n            <\/div>\n        \t\t\t\t<\/div>\n\t\t\t\t<\/div>\n\t\t\t\t<div class=\"elementor-element elementor-element-d659696 readmoretoggle elementor-widget elementor-widget-toggle\" data-id=\"d659696\" data-element_type=\"widget\" data-e-type=\"widget\" data-widget_type=\"toggle.default\">\n\t\t\t\t<div class=\"elementor-widget-container\">\n\t\t\t\t\t\t\t<div class=\"elementor-toggle\">\n\t\t\t\t\t\t\t<div class=\"elementor-toggle-item\">\n\t\t\t\t\t<div id=\"elementor-tab-title-2241\" class=\"elementor-tab-title\" data-tab=\"1\" role=\"button\" aria-controls=\"elementor-tab-content-2241\" aria-expanded=\"false\">\n\t\t\t\t\t\t\t\t\t\t\t\t<a class=\"elementor-toggle-title\" tabindex=\"0\">Leer m\u00e1s<\/a>\n\t\t\t\t\t<\/div>\n\n\t\t\t\t\t<div id=\"elementor-tab-content-2241\" class=\"elementor-tab-content elementor-clearfix\" data-tab=\"1\" role=\"region\" aria-labelledby=\"elementor-tab-title-2241\"><p>responent preguntes sobre alimentaci\u00f3, cura i antiparasitaris, atenen trucades telef\u00f2niques, processant pagaments, gestionant l&#8217;inventari i realitzant tasques administratives. Va finalitzar l&#8217;els seus estudis en Auxiliar Veterin\u00e0ria i Quir\u00f2fan al gener de 2025. Compta amb una formaci\u00f3 addicional en nutrici\u00f3 i cura animal, la qual refor\u00e7a el seu comprom\u00eds amb el benestar animal i la satisfacci\u00f3 del client.<\/p><\/div>\n\t\t\t\t<\/div>\n\t\t\t\t\t\t\t\t<\/div>\n\t\t\t\t\t\t<\/div>\n\t\t\t\t<\/div>\n\t\t\t\t\t<\/div>\n\t\t<\/div>\n\t\t\t\t<div class=\"elementor-column elementor-col-25 elementor-inner-column elementor-element elementor-element-b9dce02\" data-id=\"b9dce02\" data-element_type=\"column\" data-e-type=\"column\">\n\t\t\t<div class=\"elementor-widget-wrap elementor-element-populated\">\n\t\t\t\t\t\t<div class=\"elementor-element elementor-element-e79900d elementor-widget elementor-widget-team_box\" data-id=\"e79900d\" data-element_type=\"widget\" data-e-type=\"widget\" data-widget_type=\"team_box.default\">\n\t\t\t\t<div class=\"elementor-widget-container\">\n\t\t\t\t\t            <div class=\"team-holder section-team fl-wrap\">\n                <div class=\"team-box-image\">\n                    <div class=\"team-photo\">\n                        <img decoding=\"async\" src=\"https:\/\/www.unavets.com\/delpla\/wp-content\/uploads\/sites\/51\/2024\/05\/348.png\" class=\"respimg\">                                    \n                    <\/div>\n                    <div class=\"team-info\">\n                        <h3><a href=\"\">Niculina Pumnut<\/a><\/h3><h4>Auxiliar Veterin\u00e0ria<\/h4>Niculina va comen\u00e7ar a treballar al Centre Veterinari del Pla el 2020, encarregada del manteniment i suport a recepci\u00f3.                     <\/div>\n                <\/div>\n            <\/div>\n        \t\t\t\t<\/div>\n\t\t\t\t<\/div>\n\t\t\t\t<div class=\"elementor-element elementor-element-4894b62 readmoretoggle elementor-widget elementor-widget-toggle\" data-id=\"4894b62\" data-element_type=\"widget\" data-e-type=\"widget\" data-widget_type=\"toggle.default\">\n\t\t\t\t<div class=\"elementor-widget-container\">\n\t\t\t\t\t\t\t<div class=\"elementor-toggle\">\n\t\t\t\t\t\t\t<div class=\"elementor-toggle-item\">\n\t\t\t\t\t<div id=\"elementor-tab-title-7611\" class=\"elementor-tab-title\" data-tab=\"1\" role=\"button\" aria-controls=\"elementor-tab-content-7611\" aria-expanded=\"false\">\n\t\t\t\t\t\t\t\t\t\t\t\t<a class=\"elementor-toggle-title\" tabindex=\"0\">Leer m\u00e1s<\/a>\n\t\t\t\t\t<\/div>\n\n\t\t\t\t\t<div id=\"elementor-tab-content-7611\" class=\"elementor-tab-content elementor-clearfix\" data-tab=\"1\" role=\"region\" aria-labelledby=\"elementor-tab-title-7611\"><p>Actualment assumeix amb molta professionalitat la funci\u00f3 d&#8217;auxiliar, recepci\u00f3 de clients, venda d&#8217;alimentaci\u00f3 i complements, manteniment d&#8217;estocs i atenci\u00f3 amb gran dilig\u00e8ncia a les trucades telef\u00f2niques. Li encanta el tracte amb els animals. Est\u00e0 en cont\u00ednua formaci\u00f3 en nutrici\u00f3, atenci\u00f3 al client i marxandatge.<\/p><\/div>\n\t\t\t\t<\/div>\n\t\t\t\t\t\t\t\t<\/div>\n\t\t\t\t\t\t<\/div>\n\t\t\t\t<\/div>\n\t\t\t\t\t<\/div>\n\t\t<\/div>\n\t\t\t\t<div class=\"elementor-column elementor-col-25 elementor-inner-column elementor-element elementor-element-21bccb3\" data-id=\"21bccb3\" data-element_type=\"column\" data-e-type=\"column\">\n\t\t\t<div class=\"elementor-widget-wrap elementor-element-populated\">\n\t\t\t\t\t\t<div class=\"elementor-element elementor-element-f9b6e65 elementor-widget elementor-widget-team_box\" data-id=\"f9b6e65\" data-element_type=\"widget\" data-e-type=\"widget\" data-widget_type=\"team_box.default\">\n\t\t\t\t<div class=\"elementor-widget-container\">\n\t\t\t\t\t            <div class=\"team-holder section-team fl-wrap\">\n                <div class=\"team-box-image\">\n                    <div class=\"team-photo\">\n                        <img decoding=\"async\" src=\"https:\/\/www.unavets.com\/delpla\/wp-content\/uploads\/sites\/51\/2024\/05\/347.png\" class=\"respimg\">                                    \n                    <\/div>\n                    <div class=\"team-info\">\n                        <h3><a href=\"\">Natalia Mesalles<\/a><\/h3><h4>Auxiliar Veterin\u00e0ria<\/h4>Nat\u00e0lia va comen\u00e7ar com a perruquera canina al Centre Veterinari del Pla el 2003. El 2017, va obtenir el t\u00edtol d'Auxiliar T\u00e8cnica Veterin\u00e0ria i, des de llavors, realitza tasques de laboratori, quir\u00f2fan i hospitalitzaci\u00f3 de dia.                     <\/div>\n                <\/div>\n            <\/div>\n        \t\t\t\t<\/div>\n\t\t\t\t<\/div>\n\t\t\t\t<div class=\"elementor-element elementor-element-cd5a842 readmoretoggle elementor-widget elementor-widget-toggle\" data-id=\"cd5a842\" data-element_type=\"widget\" data-e-type=\"widget\" data-widget_type=\"toggle.default\">\n\t\t\t\t<div class=\"elementor-widget-container\">\n\t\t\t\t\t\t\t<div class=\"elementor-toggle\">\n\t\t\t\t\t\t\t<div class=\"elementor-toggle-item\">\n\t\t\t\t\t<div id=\"elementor-tab-title-2151\" class=\"elementor-tab-title\" data-tab=\"1\" role=\"button\" aria-controls=\"elementor-tab-content-2151\" aria-expanded=\"false\">\n\t\t\t\t\t\t\t\t\t\t\t\t<a class=\"elementor-toggle-title\" tabindex=\"0\">Leer m\u00e1s<\/a>\n\t\t\t\t\t<\/div>\n\n\t\t\t\t\t<div id=\"elementor-tab-content-2151\" class=\"elementor-tab-content elementor-clearfix\" data-tab=\"1\" role=\"region\" aria-labelledby=\"elementor-tab-title-2151\"><p>Ha realitzat estades en centres especialitzats en medicina felina, com la Cl\u00ednica Felina de Barcelona, i continua formant-se de manera cont\u00ednua amb cursos i congressos de AVEPA (l&#8217;Associaci\u00f3 de Veterinaris Espanyols Especialistes en Petits Animals). Tamb\u00e9 \u00e9s la responsable de mantenir les nostres instal\u00b7lacions en perfectes condicions per oferir als nostres clients un servei de qualitat.<\/p><\/div>\n\t\t\t\t<\/div>\n\t\t\t\t\t\t\t\t<\/div>\n\t\t\t\t\t\t<\/div>\n\t\t\t\t<\/div>\n\t\t\t\t\t<\/div>\n\t\t<\/div>\n\t\t\t\t<div class=\"elementor-column elementor-col-25 elementor-inner-column elementor-element elementor-element-f142125\" data-id=\"f142125\" data-element_type=\"column\" data-e-type=\"column\">\n\t\t\t<div class=\"elementor-widget-wrap elementor-element-populated\">\n\t\t\t\t\t\t<div class=\"elementor-element elementor-element-89261f2 elementor-widget elementor-widget-team_box\" data-id=\"89261f2\" data-element_type=\"widget\" data-e-type=\"widget\" data-widget_type=\"team_box.default\">\n\t\t\t\t<div class=\"elementor-widget-container\">\n\t\t\t\t\t            <div class=\"team-holder section-team fl-wrap\">\n                <div class=\"team-box-image\">\n                    <div class=\"team-photo\">\n                        <img decoding=\"async\" src=\"https:\/\/www.unavets.com\/delpla\/wp-content\/uploads\/sites\/51\/2024\/05\/nuria-martinez-del-pla.png\" class=\"respimg\">                                    \n                    <\/div>\n                    <div class=\"team-info\">\n                        <h3><a href=\"\">Nuria Mart\u00ednez<\/a><\/h3><h4>Auxiliar Veterin\u00e0ria<\/h4>N\u00faria es va formar com a T\u00e8cnica d'Explotacions Ramaderes el 1998. Va comen\u00e7ar a treballar al Centre Veterinari del Pla l'any 2000 i, gr\u00e0cies a la seva passi\u00f3 pels animals, va realitzar el curs d'Auxiliar de Veterin\u00e0ria el 2000 i un altre de ATV el 2001 per oferir un millor servei als nostres clients.                    <\/div>\n                <\/div>\n            <\/div>\n        \t\t\t\t<\/div>\n\t\t\t\t<\/div>\n\t\t\t\t<div class=\"elementor-element elementor-element-22c370b readmoretoggle elementor-widget elementor-widget-toggle\" data-id=\"22c370b\" data-element_type=\"widget\" data-e-type=\"widget\" data-widget_type=\"toggle.default\">\n\t\t\t\t<div class=\"elementor-widget-container\">\n\t\t\t\t\t\t\t<div class=\"elementor-toggle\">\n\t\t\t\t\t\t\t<div class=\"elementor-toggle-item\">\n\t\t\t\t\t<div id=\"elementor-tab-title-3641\" class=\"elementor-tab-title\" data-tab=\"1\" role=\"button\" aria-controls=\"elementor-tab-content-3641\" aria-expanded=\"false\">\n\t\t\t\t\t\t\t\t\t\t\t\t<a class=\"elementor-toggle-title\" tabindex=\"0\">Leer m\u00e1s<\/a>\n\t\t\t\t\t<\/div>\n\n\t\t\t\t\t<div id=\"elementor-tab-content-3641\" class=\"elementor-tab-content elementor-clearfix\" data-tab=\"1\" role=\"region\" aria-labelledby=\"elementor-tab-title-3641\"><p>S&#8217;encarrega de tasques de laboratori, quir\u00f2fan i hospitalitzaci\u00f3 de dia, i ha continuat formant-se en cursos especialitzats en oncologia, medicina felina i cures intensives. Tamb\u00e9 ha realitzat estades en centres especialitzats en medicina felina, com la Cl\u00ednica Felina de Barcelona, i continua formant-se de manera cont\u00ednua amb cursos i congressos de AVEPA (l&#8217;Associaci\u00f3 de Veterinaris Espanyols Especialistes en Petits Animals).<\/p><\/div>\n\t\t\t\t<\/div>\n\t\t\t\t\t\t\t\t<\/div>\n\t\t\t\t\t\t<\/div>\n\t\t\t\t<\/div>\n\t\t\t\t\t<\/div>\n\t\t<\/div>\n\t\t\t\t\t<\/div>\n\t\t<\/section>\n\t\t\t\t\t<\/div>\n\t\t<\/div>\n\t\t\t\t\t<\/div>\n\t\t<\/section>\n\t\t\t\t<section class=\"elementor-section elementor-top-section elementor-element elementor-element-69af5ac elementor-section-boxed elementor-section-height-default elementor-section-height-default\" data-id=\"69af5ac\" data-element_type=\"section\" data-e-type=\"section\">\n\t\t\t\t\t\t<div class=\"elementor-container elementor-column-gap-default\">\n\t\t\t\t\t<div class=\"elementor-column elementor-col-50 elementor-top-column elementor-element elementor-element-18ef3f5\" data-id=\"18ef3f5\" data-element_type=\"column\" data-e-type=\"column\">\n\t\t\t<div class=\"elementor-widget-wrap\">\n\t\t\t\t\t\t\t<\/div>\n\t\t<\/div>\n\t\t\t\t<div class=\"elementor-column elementor-col-50 elementor-top-column elementor-element elementor-element-a0ecdbf\" data-id=\"a0ecdbf\" data-element_type=\"column\" data-e-type=\"column\">\n\t\t\t<div class=\"elementor-widget-wrap\">\n\t\t\t\t\t\t\t<\/div>\n\t\t<\/div>\n\t\t\t\t\t<\/div>\n\t\t<\/section>\n\t\t\t\t<\/div>\n\t\t","protected":false},"excerpt":{"rendered":"<p>Comptem amb un equip de professionals qualificats, que ofereixen en tot moment el millor tracte i un servei veterinari de qualitat per a les mascotes. L&#8217;equip est\u00e0 format per quatre veterinaris, dos auxiliars i un perruquer especialista i educador can\u00ed, dirigits pel director\u00a0Cl\u00ednico\u00a0Ricard C\u00f3rdoba, expert i referent nacional en reproducci\u00f3. Veterinaris Dolors Corredera Directora Veterin\u00e0ria &hellip; <\/p>\n","protected":false},"author":8,"featured_media":0,"parent":0,"menu_order":0,"comment_status":"closed","ping_status":"closed","template":"page-fullwidth.php","meta":{"_acf_changed":false,"content-type":"","footnotes":""},"class_list":["post-14412","page","type-page","status-publish","hentry"],"acf":[],"_links":{"self":[{"href":"https:\/\/www.unavets.com\/delpla\/ca\/wp-json\/wp\/v2\/pages\/14412","targetHints":{"allow":["GET"]}}],"collection":[{"href":"https:\/\/www.unavets.com\/delpla\/ca\/wp-json\/wp\/v2\/pages"}],"about":[{"href":"https:\/\/www.unavets.com\/delpla\/ca\/wp-json\/wp\/v2\/types\/page"}],"author":[{"embeddable":true,"href":"https:\/\/www.unavets.com\/delpla\/ca\/wp-json\/wp\/v2\/users\/8"}],"replies":[{"embeddable":true,"href":"https:\/\/www.unavets.com\/delpla\/ca\/wp-json\/wp\/v2\/comments?post=14412"}],"version-history":[{"count":67,"href":"https:\/\/www.unavets.com\/delpla\/ca\/wp-json\/wp\/v2\/pages\/14412\/revisions"}],"predecessor-version":[{"id":21108,"href":"https:\/\/www.unavets.com\/delpla\/ca\/wp-json\/wp\/v2\/pages\/14412\/revisions\/21108"}],"wp:attachment":[{"href":"https:\/\/www.unavets.com\/delpla\/ca\/wp-json\/wp\/v2\/media?parent=14412"}],"curies":[{"name":"wp","href":"https:\/\/api.w.org\/{rel}","templated":true}]}}