{"id":17535,"date":"2021-06-07T13:38:35","date_gmt":"2021-06-07T13:38:35","guid":{"rendered":"http:\/\/www.unavets.com\/?page_id=17535"},"modified":"2021-07-15T11:55:58","modified_gmt":"2021-07-15T11:55:58","slug":"cures-intensives","status":"publish","type":"page","link":"https:\/\/www.unavets.com\/ca\/cures-intensives\/","title":{"rendered":"Cures Intensives"},"content":{"rendered":"\t\t<div data-elementor-type=\"wp-page\" data-elementor-id=\"17535\" class=\"elementor elementor-17535 elementor-15794\" data-elementor-post-type=\"page\">\n\t\t\t\t\t\t<section class=\"elementor-section elementor-top-section elementor-element elementor-element-2a99c9f elementor-section-boxed elementor-section-height-default elementor-section-height-default\" data-id=\"2a99c9f\" data-element_type=\"section\" data-e-type=\"section\" id=\"main-sec\">\n\t\t\t\t\t\t<div class=\"elementor-container elementor-column-gap-default\">\n\t\t\t\t\t<div class=\"elementor-column elementor-col-50 elementor-top-column elementor-element elementor-element-5f96574\" data-id=\"5f96574\" data-element_type=\"column\" data-e-type=\"column\">\n\t\t\t<div class=\"elementor-widget-wrap elementor-element-populated\">\n\t\t\t\t\t\t<div class=\"elementor-element elementor-element-55119c4 elementor-widget elementor-widget-text-editor\" data-id=\"55119c4\" data-element_type=\"widget\" data-e-type=\"widget\" data-widget_type=\"text-editor.default\">\n\t\t\t\t<div class=\"elementor-widget-container\">\n\t\t\t\t\t\t\t\t\t<div class=\"ewa-rteLine\">L&#8217;objectiu de la unitat de cures intensives \u00e9s gestionar la recuperaci\u00f3 estable de pacients en estat cr\u00edtic, que depenent de la complexitat i severitat del cas, requereixen tractament continu, monitoratge, assist\u00e8ncia i bones dosis de ter\u00e0pia.<\/div><div>\u00a0<\/div><div class=\"ewa-rteLine\">La unitat est\u00e0 prove\u00efda amb equipament d&#8217;avantguarda, com monitors multiparam\u00e8trics, oxigen i aparells de ventilaci\u00f3 assistida, en instal\u00b7lacions c\u00f2modes que permeten una estada confortable a l&#8217;Hospital.<\/div><div class=\"ewa-rteLine\">\u00a0<\/div><div class=\"ewa-rteLine\">En general, la unitat de cures intensives tracta una \u00e0mplia gamma de problemes, incloent-hi , entre d\u2019altres, la ventilaci\u00f3 assistida, l\u2019insufici\u00e8ncia respirat\u00f2ria aguda, el coma t\u00f2xic, coma indu\u00eft, trauma cranioencef\u00e0lic, pacients amb dificultat de despertar en el postoperatori, problemes de cor i greus problemes neurol\u00f2gics (t\u00e8tanus, neuritis amb insufici\u00e8ncia respirat\u00f2ria, estat epil\u00e8ptic, etc.).<\/div>\t\t\t\t\t\t\t\t<\/div>\n\t\t\t\t<\/div>\n\t\t\t\t\t<\/div>\n\t\t<\/div>\n\t\t\t\t<div class=\"elementor-column elementor-col-50 elementor-top-column elementor-element elementor-element-3afdde6\" data-id=\"3afdde6\" data-element_type=\"column\" data-e-type=\"column\">\n\t\t\t<div class=\"elementor-widget-wrap elementor-element-populated\">\n\t\t\t\t\t\t<div class=\"elementor-element elementor-element-4511905 elementor-widget elementor-widget-image\" data-id=\"4511905\" data-element_type=\"widget\" data-e-type=\"widget\" data-widget_type=\"image.default\">\n\t\t\t\t<div class=\"elementor-widget-container\">\n\t\t\t\t\t\t\t\t\t\t\t\t\t\t\t<img fetchpriority=\"high\" decoding=\"async\" width=\"786\" height=\"524\" src=\"https:\/\/www.unavets.com\/wp-content\/uploads\/2021\/02\/location2-786x524.jpg\" class=\"attachment-townhub-featured-image size-townhub-featured-image wp-image-15229\" alt=\"\" \/>\t\t\t\t\t\t\t\t\t\t\t\t\t\t\t<\/div>\n\t\t\t\t<\/div>\n\t\t\t\t\t<\/div>\n\t\t<\/div>\n\t\t\t\t\t<\/div>\n\t\t<\/section>\n\t\t\t\t<section class=\"elementor-section elementor-top-section elementor-element elementor-element-c738470 elementor-section-boxed elementor-section-height-default elementor-section-height-default\" data-id=\"c738470\" data-element_type=\"section\" data-e-type=\"section\">\n\t\t\t\t\t\t<div class=\"elementor-container elementor-column-gap-default\">\n\t\t\t\t\t<div class=\"elementor-column elementor-col-100 elementor-top-column elementor-element elementor-element-ff0dce7\" data-id=\"ff0dce7\" data-element_type=\"column\" data-e-type=\"column\">\n\t\t\t<div class=\"elementor-widget-wrap elementor-element-populated\">\n\t\t\t\t\t\t<div class=\"elementor-element elementor-element-d25727d elementor-align-center elementor-widget elementor-widget-button\" data-id=\"d25727d\" data-element_type=\"widget\" data-e-type=\"widget\" data-widget_type=\"button.default\">\n\t\t\t\t<div class=\"elementor-widget-container\">\n\t\t\t\t\t\t\t\t\t<div class=\"elementor-button-wrapper\">\n\t\t\t\t\t<a class=\"elementor-button elementor-button-link elementor-size-md\" href=\"\/cabrils\/schedule-an-appointment\/\">\n\t\t\t\t\t\t<span class=\"elementor-button-content-wrapper\">\n\t\t\t\t\t\t\t\t\t<span class=\"elementor-button-text\">Troba Una Cl\u00ednica UNAVETS amb Servei de Cures Intensives a Prop Teu<\/span>\n\t\t\t\t\t<\/span>\n\t\t\t\t\t<\/a>\n\t\t\t\t<\/div>\n\t\t\t\t\t\t\t\t<\/div>\n\t\t\t\t<\/div>\n\t\t\t\t\t<\/div>\n\t\t<\/div>\n\t\t\t\t\t<\/div>\n\t\t<\/section>\n\t\t\t\t<\/div>\n\t\t","protected":false},"excerpt":{"rendered":"<p>L&#8217;objectiu de la unitat de cures intensives \u00e9s gestionar la recuperaci\u00f3 estable de pacients en estat cr\u00edtic, que depenent de la complexitat i severitat del cas, requereixen tractament continu, monitoratge, assist\u00e8ncia i bones dosis de ter\u00e0pia. La unitat est\u00e0 prove\u00efda amb equipament d&#8217;avantguarda, com monitors multiparam\u00e8trics, oxigen i aparells de ventilaci\u00f3 assistida, en instal\u00b7lacions c\u00f2modes &hellip; <\/p>\n","protected":false},"author":4,"featured_media":0,"parent":0,"menu_order":0,"comment_status":"closed","ping_status":"closed","template":"page-fullwidth.php","meta":{"_acf_changed":false,"content-type":"","footnotes":""},"class_list":["post-17535","page","type-page","status-publish","hentry"],"acf":[],"_links":{"self":[{"href":"https:\/\/www.unavets.com\/ca\/wp-json\/wp\/v2\/pages\/17535","targetHints":{"allow":["GET"]}}],"collection":[{"href":"https:\/\/www.unavets.com\/ca\/wp-json\/wp\/v2\/pages"}],"about":[{"href":"https:\/\/www.unavets.com\/ca\/wp-json\/wp\/v2\/types\/page"}],"author":[{"embeddable":true,"href":"https:\/\/www.unavets.com\/ca\/wp-json\/wp\/v2\/users\/4"}],"replies":[{"embeddable":true,"href":"https:\/\/www.unavets.com\/ca\/wp-json\/wp\/v2\/comments?post=17535"}],"version-history":[{"count":0,"href":"https:\/\/www.unavets.com\/ca\/wp-json\/wp\/v2\/pages\/17535\/revisions"}],"wp:attachment":[{"href":"https:\/\/www.unavets.com\/ca\/wp-json\/wp\/v2\/media?parent=17535"}],"curies":[{"name":"wp","href":"https:\/\/api.w.org\/{rel}","templated":true}]}}