{"id":14197,"date":"2020-10-27T20:00:01","date_gmt":"2020-10-27T20:00:01","guid":{"rendered":"http:\/\/www.unavets.com\/why-unavets\/"},"modified":"2021-09-16T10:17:45","modified_gmt":"2021-09-16T10:17:45","slug":"beneficis-unavets","status":"publish","type":"page","link":"https:\/\/www.unavets.com\/ca\/beneficis-unavets\/","title":{"rendered":"Beneficis UNAVETS"},"content":{"rendered":"\t\t<div data-elementor-type=\"wp-post\" data-elementor-id=\"14197\" class=\"elementor elementor-14197 elementor-12945\" data-elementor-post-type=\"page\">\n\t\t\t\t\t\t<section class=\"elementor-section elementor-top-section elementor-element elementor-element-7baeb5a elementor-section-boxed elementor-section-height-default elementor-section-height-default\" data-id=\"7baeb5a\" data-element_type=\"section\" data-e-type=\"section\" id=\"main-sec\">\n\t\t\t\t\t\t<div class=\"elementor-container elementor-column-gap-default\">\n\t\t\t\t\t<div class=\"elementor-column elementor-col-100 elementor-top-column elementor-element elementor-element-a1b5152\" data-id=\"a1b5152\" data-element_type=\"column\" data-e-type=\"column\">\n\t\t\t<div class=\"elementor-widget-wrap elementor-element-populated\">\n\t\t\t\t\t\t<div class=\"elementor-element elementor-element-5b0bc90 elementor-widget elementor-widget-section_title\" data-id=\"5b0bc90\" data-element_type=\"widget\" data-e-type=\"widget\" data-widget_type=\"section_title.default\">\n\t\t\t\t<div class=\"elementor-widget-container\">\n\t\t\t\t\t        <div class=\"section-title section-title-dk-blue fl-wrap\">\n                        <h2><span>Ajudem a les nostres cl\u00edniques i hospitals<\/span><\/h2>                                        <span class=\"section-separator section-separator-dk-blue\"><\/span> \n                         \n        <\/div>\n        \t\t\t\t<\/div>\n\t\t\t\t<\/div>\n\t\t\t\t\t<\/div>\n\t\t<\/div>\n\t\t\t\t\t<\/div>\n\t\t<\/section>\n\t\t\t\t<section class=\"elementor-section elementor-top-section elementor-element elementor-element-2a88f59 elementor-section-boxed elementor-section-height-default elementor-section-height-default\" data-id=\"2a88f59\" data-element_type=\"section\" data-e-type=\"section\">\n\t\t\t\t\t\t<div class=\"elementor-container elementor-column-gap-default\">\n\t\t\t\t\t<div class=\"elementor-column elementor-col-50 elementor-top-column elementor-element elementor-element-1e959b8\" data-id=\"1e959b8\" data-element_type=\"column\" data-e-type=\"column\" id=\"support_left\">\n\t\t\t<div class=\"elementor-widget-wrap elementor-element-populated\">\n\t\t\t\t\t\t<div data-dce-advanced-background-color=\"#FFFFFF\" class=\"elementor-element elementor-element-b706a21 elementor-widget elementor-widget-feature_box\" data-id=\"b706a21\" data-element_type=\"widget\" data-e-type=\"widget\" data-widget_type=\"feature_box.default\">\n\t\t\t\t<div class=\"elementor-widget-container\">\n\t\t\t\t\t  \n        <!--features-box --> \n        <div class=\"features-box gray-bg\">\n                        <div class=\"time-line-icon\">\n                <i class=\"fad fa-calculator\"><\/i>\n            <\/div>\n                        <h3>Suport empresarial<\/h3>            <p>Proporcionem suport empresarial complet en les \u00e0rees d'Administraci\u00f3 i Compres, Comptabilitat, Afers legals, Recursos Humans, Instal\u00b7lacions i Equipament, \u00c0rea Digital, M\u00e0rqueting i Gesti\u00f3 Tecnol\u00f2gica..<\/p>        <\/div>\n        <!-- features-box end  -->      \n        \t\t\t\t<\/div>\n\t\t\t\t<\/div>\n\t\t\t\t<div data-dce-advanced-background-color=\"#FFFFFF\" class=\"elementor-element elementor-element-99f5446 elementor-widget elementor-widget-feature_box\" data-id=\"99f5446\" data-element_type=\"widget\" data-e-type=\"widget\" data-widget_type=\"feature_box.default\">\n\t\t\t\t<div class=\"elementor-widget-container\">\n\t\t\t\t\t  \n        <!--features-box --> \n        <div class=\"features-box\">\n                        <div class=\"time-line-icon\">\n                <i class=\"fal fa-chart-network\"><\/i>\n            <\/div>\n                        <h3>Lideratge d'opini\u00f3<\/h3>            <p>Fomentem la connexi\u00f3 entre professionals de la cl\u00ednica i la ind\u00fastria i promovem el desenvolupament de totes dues, fet que afavoreix la col\u00b7laboraci\u00f3 en casos especials i complicats. Una Junta d'Assessorament Cl\u00ednic oferir\u00e0 orientaci\u00f3 constant sobre els \u00faltims aven\u00e7os en la cura de la salut.\n<\/p>        <\/div>\n        <!-- features-box end  -->      \n        \t\t\t\t<\/div>\n\t\t\t\t<\/div>\n\t\t\t\t<div data-dce-advanced-background-color=\"#F6F6F6\" class=\"elementor-element elementor-element-c05666e elementor-widget elementor-widget-feature_box\" data-id=\"c05666e\" data-element_type=\"widget\" data-e-type=\"widget\" data-widget_type=\"feature_box.default\">\n\t\t\t\t<div class=\"elementor-widget-container\">\n\t\t\t\t\t  \n        <!--features-box --> \n        <div class=\"features-box gray-bg\">\n                        <div class=\"time-line-icon\">\n                <i class=\"fal fa-megaphone\"><\/i>\n            <\/div>\n                        <h3>M\u00e0rqueting viral<\/h3>            <p>Proporcionem una plataforma de m\u00e0rqueting amb campanyes en mitjans digitals d'avantguarda, per garantir que la cl\u00ednica sigui vista pels clients adequats en el moment adequat.\n\n<\/p>        <\/div>\n        <!-- features-box end  -->      \n        \t\t\t\t<\/div>\n\t\t\t\t<\/div>\n\t\t\t\t<div data-dce-advanced-background-color=\"#FFFFFF\" class=\"elementor-element elementor-element-7952d48 elementor-widget elementor-widget-feature_box\" data-id=\"7952d48\" data-element_type=\"widget\" data-e-type=\"widget\" data-widget_type=\"feature_box.default\">\n\t\t\t\t<div class=\"elementor-widget-container\">\n\t\t\t\t\t  \n        <!--features-box --> \n        <div class=\"features-box\">\n                        <div class=\"time-line-icon\">\n                <i class=\"fad fa-users-medical\"><\/i>\n            <\/div>\n                        <h3>Millores en l'atenci\u00f3 al client<\/h3>            <p>Enriquim l'experi\u00e8ncia dels nostres clients, amb millores freq\u00fcents en atenci\u00f3 presencial, promocions personalitzades, invitacions a esdeveniments socials i derivaci\u00f3 cap a prove\u00efdors de serveis addicionals, si el client ho necessita.\n<\/p>        <\/div>\n        <!-- features-box end  -->      \n        \t\t\t\t<\/div>\n\t\t\t\t<\/div>\n\t\t\t\t<div class=\"elementor-element elementor-element-7ba0fd5 elementor-widget elementor-widget-feature_box\" data-id=\"7ba0fd5\" data-element_type=\"widget\" data-e-type=\"widget\" data-widget_type=\"feature_box.default\">\n\t\t\t\t<div class=\"elementor-widget-container\">\n\t\t\t\t\t  \n        <!--features-box --> \n        <div class=\"features-box gray-bg\">\n                        <div class=\"time-line-icon\">\n                <i class=\"fal fa-ambulance\"><\/i>\n            <\/div>\n                        <h3>Plans de salut<\/h3>            <p>El pla de salut d'UNAVETS ofereix als clients de les nostres cl\u00edniques un valor afegit \u00fanic en serveis de salut preventiva.\n<\/p>        <\/div>\n        <!-- features-box end  -->      \n        \t\t\t\t<\/div>\n\t\t\t\t<\/div>\n\t\t\t\t\t<\/div>\n\t\t<\/div>\n\t\t\t\t<div class=\"elementor-column elementor-col-50 elementor-top-column elementor-element elementor-element-77beb88\" data-id=\"77beb88\" data-element_type=\"column\" data-e-type=\"column\" id=\"support_right\">\n\t\t\t<div class=\"elementor-widget-wrap elementor-element-populated\">\n\t\t\t\t\t\t<div data-dce-advanced-background-color=\"#FFFFFF\" class=\"elementor-element elementor-element-217e4b5 elementor-widget elementor-widget-feature_box\" data-id=\"217e4b5\" data-element_type=\"widget\" data-e-type=\"widget\" data-widget_type=\"feature_box.default\">\n\t\t\t\t<div class=\"elementor-widget-container\">\n\t\t\t\t\t  \n        <!--features-box --> \n        <div class=\"features-box gray-bg\">\n                        <div class=\"time-line-icon\">\n                <i class=\"fad fa-user-md\"><\/i>\n            <\/div>\n                        <h3>Contractaci\u00f3 i desenvolupament<\/h3>            <p>Oferim suport en la formaci\u00f3 de personal, l'orientaci\u00f3 i el desenvolupament professional a trav\u00e9s de la formaci\u00f3 te\u00f2rica i pr\u00e0ctica.\n<\/p>        <\/div>\n        <!-- features-box end  -->      \n        \t\t\t\t<\/div>\n\t\t\t\t<\/div>\n\t\t\t\t<div data-dce-advanced-background-color=\"#FFFFFF\" class=\"elementor-element elementor-element-6239b3f elementor-widget elementor-widget-feature_box\" data-id=\"6239b3f\" data-element_type=\"widget\" data-e-type=\"widget\" data-widget_type=\"feature_box.default\">\n\t\t\t\t<div class=\"elementor-widget-container\">\n\t\t\t\t\t  \n        <!--features-box --> \n        <div class=\"features-box\">\n                        <div class=\"time-line-icon\">\n                <i class=\"fal fa-file-certificate\"><\/i>\n            <\/div>\n                        <h3>Formaci\u00f3 continua<\/h3>            <p>A UNAVETS invertim en programes de formaci\u00f3, seminaris, confer\u00e8ncies i altres eines de desenvolupament professional continuat. A m\u00e9s, encoratgem i promovem la transfer\u00e8ncia de coneixement d'una cl\u00ednica a una altra.\n<\/p>        <\/div>\n        <!-- features-box end  -->      \n        \t\t\t\t<\/div>\n\t\t\t\t<\/div>\n\t\t\t\t<div data-dce-advanced-background-color=\"#FFFFFF\" class=\"elementor-element elementor-element-b0e0b54 elementor-widget elementor-widget-feature_box\" data-id=\"b0e0b54\" data-element_type=\"widget\" data-e-type=\"widget\" data-widget_type=\"feature_box.default\">\n\t\t\t\t<div class=\"elementor-widget-container\">\n\t\t\t\t\t  \n        <!--features-box --> \n        <div class=\"features-box gray-bg\">\n                        <div class=\"time-line-icon\">\n                <i class=\"fal fa-laptop-medical\"><\/i>\n            <\/div>\n                        <h3>Oferta digital innovadora<\/h3>            <p>A UNAVETS creem experi\u00e8ncies digitals i aplicacions m\u00f2bils avan\u00e7ades per a donar suport a les nostres cl\u00edniques i augmentar la seva pres\u00e8ncia en les xarxes socials, les cerques a Google i els directoris locals.\n<p>        <\/div>\n        <!-- features-box end  -->      \n        \t\t\t\t<\/div>\n\t\t\t\t<\/div>\n\t\t\t\t<div data-dce-advanced-background-color=\"#F6F6F6\" class=\"elementor-element elementor-element-f664074 elementor-widget elementor-widget-feature_box\" data-id=\"f664074\" data-element_type=\"widget\" data-e-type=\"widget\" data-widget_type=\"feature_box.default\">\n\t\t\t\t<div class=\"elementor-widget-container\">\n\t\t\t\t\t  \n        <!--features-box --> \n        <div class=\"features-box\">\n                        <div class=\"time-line-icon\">\n                <i class=\"fad fa-hospital-alt\"><\/i>\n            <\/div>\n                        <h3>Transformaci\u00f3 de la cl\u00ednica<\/h3>            <p>Oferim suport continuat per assegurar que la vostra cl\u00ednica compta amb sales d'espera actualitzades, recepci\u00f3, material de m\u00e0rqueting, senyalitzaci\u00f3 i equipament actualitzat.\n\n<\/p>        <\/div>\n        <!-- features-box end  -->      \n        \t\t\t\t<\/div>\n\t\t\t\t<\/div>\n\t\t\t\t<div data-dce-advanced-background-color=\"#FFFFFF\" class=\"elementor-element elementor-element-e26b947 elementor-widget elementor-widget-feature_box\" data-id=\"e26b947\" data-element_type=\"widget\" data-e-type=\"widget\" data-widget_type=\"feature_box.default\">\n\t\t\t\t<div class=\"elementor-widget-container\">\n\t\t\t\t\t  \n        <!--features-box --> \n        <div class=\"features-box gray-bg\">\n                        <div class=\"time-line-icon\">\n                <i class=\"fal fa-credit-card\"><\/i>\n            <\/div>\n                        <h3>Poder adquisitiu<\/h3>            <p>Las relaciones amb els principals prove\u00efdors i socis ens permeten negociar tarifes favorables.\n\n<\/p>        <\/div>\n        <!-- features-box end  -->      \n        \t\t\t\t<\/div>\n\t\t\t\t<\/div>\n\t\t\t\t\t<\/div>\n\t\t<\/div>\n\t\t\t\t\t<\/div>\n\t\t<\/section>\n\t\t\t\t<section class=\"elementor-section elementor-top-section elementor-element elementor-element-1e4de5f elementor-section-boxed elementor-section-height-default elementor-section-height-default\" data-id=\"1e4de5f\" data-element_type=\"section\" data-e-type=\"section\">\n\t\t\t\t\t\t<div class=\"elementor-container elementor-column-gap-default\">\n\t\t\t\t\t<div class=\"elementor-column elementor-col-33 elementor-top-column elementor-element elementor-element-1dd755d\" data-id=\"1dd755d\" data-element_type=\"column\" data-e-type=\"column\">\n\t\t\t<div class=\"elementor-widget-wrap elementor-element-populated\">\n\t\t\t\t\t\t<div class=\"elementor-element elementor-element-00d42df elementor-align-left round-button elementor-widget elementor-widget-button\" data-id=\"00d42df\" data-element_type=\"widget\" data-e-type=\"widget\" data-widget_type=\"button.default\">\n\t\t\t\t<div class=\"elementor-widget-container\">\n\t\t\t\t\t\t\t\t\t<div class=\"elementor-button-wrapper\">\n\t\t\t\t\t<a class=\"elementor-button elementor-button-link elementor-size-sm\" href=\"http:\/\/www.unavets.com\/ca\/qui-som\/\">\n\t\t\t\t\t\t<span class=\"elementor-button-content-wrapper\">\n\t\t\t\t\t\t<span class=\"elementor-button-icon\">\n\t\t\t\t<i aria-hidden=\"true\" class=\"fas fa-arrow-left\"><\/i>\t\t\t<\/span>\n\t\t\t\t\t\t\t\t\t<span class=\"elementor-button-text\">Anterior: Qui som<\/span>\n\t\t\t\t\t<\/span>\n\t\t\t\t\t<\/a>\n\t\t\t\t<\/div>\n\t\t\t\t\t\t\t\t<\/div>\n\t\t\t\t<\/div>\n\t\t\t\t\t<\/div>\n\t\t<\/div>\n\t\t\t\t<div class=\"elementor-column elementor-col-33 elementor-top-column elementor-element elementor-element-cc64619\" data-id=\"cc64619\" data-element_type=\"column\" data-e-type=\"column\">\n\t\t\t<div class=\"elementor-widget-wrap\">\n\t\t\t\t\t\t\t<\/div>\n\t\t<\/div>\n\t\t\t\t<div class=\"elementor-column elementor-col-33 elementor-top-column elementor-element elementor-element-7e036b5\" data-id=\"7e036b5\" data-element_type=\"column\" data-e-type=\"column\">\n\t\t\t<div class=\"elementor-widget-wrap elementor-element-populated\">\n\t\t\t\t\t\t<div class=\"elementor-element elementor-element-08bf149 elementor-align-right round-button elementor-widget elementor-widget-button\" data-id=\"08bf149\" data-element_type=\"widget\" data-e-type=\"widget\" data-widget_type=\"button.default\">\n\t\t\t\t<div class=\"elementor-widget-container\">\n\t\t\t\t\t\t\t\t\t<div class=\"elementor-button-wrapper\">\n\t\t\t\t\t<a class=\"elementor-button elementor-button-link elementor-size-sm\" href=\"http:\/\/www.unavets.com\/ca\/com-associar-se\/\">\n\t\t\t\t\t\t<span class=\"elementor-button-content-wrapper\">\n\t\t\t\t\t\t<span class=\"elementor-button-icon\">\n\t\t\t\t<i aria-hidden=\"true\" class=\"fas fa-arrow-right\"><\/i>\t\t\t<\/span>\n\t\t\t\t\t\t\t\t\t<span class=\"elementor-button-text\">Seg\u00fcent: Com associar-te<\/span>\n\t\t\t\t\t<\/span>\n\t\t\t\t\t<\/a>\n\t\t\t\t<\/div>\n\t\t\t\t\t\t\t\t<\/div>\n\t\t\t\t<\/div>\n\t\t\t\t\t<\/div>\n\t\t<\/div>\n\t\t\t\t\t<\/div>\n\t\t<\/section>\n\t\t\t\t<\/div>\n\t\t","protected":false},"excerpt":{"rendered":"<p>Ajudem a les nostres cl\u00edniques i hospitals Suport empresarial Proporcionem suport empresarial complet en les \u00e0rees d&#8217;Administraci\u00f3 i Compres, Comptabilitat, Afers legals, Recursos Humans, Instal\u00b7lacions i Equipament, \u00c0rea Digital, M\u00e0rqueting i Gesti\u00f3 Tecnol\u00f2gica.. Lideratge d&#8217;opini\u00f3 Fomentem la connexi\u00f3 entre professionals de la cl\u00ednica i la ind\u00fastria i promovem el desenvolupament de totes dues, fet que &hellip; <\/p>\n","protected":false},"author":1,"featured_media":0,"parent":0,"menu_order":0,"comment_status":"closed","ping_status":"closed","template":"page-fullwidth.php","meta":{"_acf_changed":false,"content-type":"","footnotes":""},"class_list":["post-14197","page","type-page","status-publish","hentry"],"acf":[],"_links":{"self":[{"href":"https:\/\/www.unavets.com\/ca\/wp-json\/wp\/v2\/pages\/14197","targetHints":{"allow":["GET"]}}],"collection":[{"href":"https:\/\/www.unavets.com\/ca\/wp-json\/wp\/v2\/pages"}],"about":[{"href":"https:\/\/www.unavets.com\/ca\/wp-json\/wp\/v2\/types\/page"}],"author":[{"embeddable":true,"href":"https:\/\/www.unavets.com\/ca\/wp-json\/wp\/v2\/users\/1"}],"replies":[{"embeddable":true,"href":"https:\/\/www.unavets.com\/ca\/wp-json\/wp\/v2\/comments?post=14197"}],"version-history":[{"count":0,"href":"https:\/\/www.unavets.com\/ca\/wp-json\/wp\/v2\/pages\/14197\/revisions"}],"wp:attachment":[{"href":"https:\/\/www.unavets.com\/ca\/wp-json\/wp\/v2\/media?parent=14197"}],"curies":[{"name":"wp","href":"https:\/\/api.w.org\/{rel}","templated":true}]}}